{"id":1300,"date":"2020-09-15T22:23:40","date_gmt":"2020-09-15T22:23:40","guid":{"rendered":"https:\/\/fesete.pt\/qualidade-emprego-igualdade\/?page_id=1300"},"modified":"2024-04-02T13:49:17","modified_gmt":"2024-04-02T13:49:17","slug":"apresentacao-dos-estudos","status":"publish","type":"page","link":"https:\/\/fesete.pt\/qualidade-emprego-igualdade\/apresentacao-dos-estudos\/","title":{"rendered":"Apresenta\u00e7\u00e3o dos Estudos"},"content":{"rendered":"<div class=\"fusion-fullwidth fullwidth-box fusion-builder-row-1 fusion-flex-container nonhundred-percent-fullwidth non-hundred-percent-height-scrolling\" style=\"background-color: rgba(255,255,255,0);background-position: center center;background-repeat: no-repeat;border-width: 0px 0px 0px 0px;border-color:#e8ebef;border-style:solid;\" ><div class=\"fusion-builder-row fusion-row fusion-flex-align-items-flex-start\" style=\"max-width:1331.2px;margin-left: calc(-4% \/ 2 );margin-right: calc(-4% \/ 2 );\"><div class=\"fusion-layout-column fusion_builder_column fusion-builder-column-0 fusion_builder_column_1_1 1_1 fusion-flex-column\"><div class=\"fusion-column-wrapper fusion-flex-justify-content-flex-start fusion-content-layout-column\" style=\"background-position:left top;background-repeat:no-repeat;-webkit-background-size:cover;-moz-background-size:cover;-o-background-size:cover;background-size:cover;padding: 0px 0px 0px 0px;\"><div class=\"fusion-text fusion-text-1\" style=\"transform:translate3d(0,0,0);\"><p><strong>Realiza\u00e7\u00e3o do SEMIN\u00c1RIO para A<\/strong><strong>presenta\u00e7\u00e3o do Estudo<\/strong><strong>\u00a0 <\/strong><strong>\u201cConstru\u00e7\u00e3o de um Sistema de Avalia\u00e7\u00e3o de Fun\u00e7\u00f5es e Remunera\u00e7\u00f5es para a \u201cIND\u00daSTRIA DO VESTU\u00c1RIO\u201d<\/strong><strong>\u00a0 &#8211;\u00a0<\/strong><strong>12 de janeiro, em Guimar\u00e3es<\/strong><strong>\u00a0<\/strong><\/p>\n<p>A FESETE promotora do Projeto financiado pelo Programa Concilia\u00e7\u00e3o e Igualdade de G\u00e9nero EEA Grants, gerido pela Comiss\u00e3o para a Cidadania e Igualdade de G\u00e9nero, em parceria com a associa\u00e7\u00e3o patronal, ANIVEC\/APIV realizou no passado dia 12 de Janeiro de 2023, em Guimar\u00e3es, um SEMIN\u00c1RIO para Apresenta\u00e7\u00e3o do Estudo \u201cConstru\u00e7\u00e3o de um Sistema de Avalia\u00e7\u00e3o de Fun\u00e7\u00f5es e Remunera\u00e7\u00f5es para a \u201cIND\u00daSTRIA DO VESTU\u00c1RIO.<\/p>\n<p>Esta importante iniciativa contou com a presen\u00e7a de 56 participantes.<\/p>\n<p>Para al\u00e9m da parceria, do coordenador do projeto, da equipa t\u00e9cnica da FESETE, estiveram presentes v\u00e1rias individualidades, <strong>com especial destaque a honrosa presen\u00e7a da <em>Exma Senhora Dra. Sandra Ribeiro, Presidente da CIG-Comiss\u00e3o para a Cidadania e Igualdade de G\u00e9nero<\/em>; da Exma Senhora Dra. Carla Tavares, Presidente da CITE, Comiss\u00e3o Para a Igualdade no Trabalho e no Emprego; da Exm\u00aa Senhora Dra. Rosa Monteiro, Professora Auxiliar na Faculdade de Economia da Universidade de Coimbra e Investigadora do CES-Centro de Estudos Sociais; da coordenadora da FESETE, Isabel Tavares e do Senhor Vice-Presidente da ANIVEC-APIV, Eng. Pedro Fernandes; a Dra. Manuela Folhadela,\u00a0 porta voz- da Comiss\u00e3o Negociadora do CCT pela ANIVEC-APIV e\u00a0 a Dra. Paula Costa T\u00e9cnica do Gabinete de Estudos da ANVEC\/APIV. \u00c0 dist\u00e2ncia participaram; Elspeth Hathaway, da IndustriAll &#8211; Federa\u00e7\u00e3o Sindical da Ind\u00fastria Europeia; Jorgen Kaurin da Fellesforbundet &#8211; Federa\u00e7\u00e3o Sindical Norueguesa, cujas interven\u00e7\u00f5es e contributos foram de extrema import\u00e2ncia para o debate e an\u00e1lises futuras<\/strong>.<\/p>\n<p>Registamos como muito positiva a\u00a0 participa\u00e7\u00e3o de dirigentes sindicais deste sector, membros da Direc\u00e7\u00e3o Nacional da FESETE; v\u00e1rios empres\u00e1rios\/as da ind\u00fastria de vestu\u00e1rio e representantes do CENIT \u2013 Centro de Intelig\u00eancia T\u00eaxtil, a qual agradecemos.<\/p>\n<p>Agradecemos ainda, a participa\u00e7\u00e3o <em>online<\/em>, dos t\u00e9cnicos\/as superiores da ACT-Autoridade para as Condi\u00e7\u00f5es de Trabalho, do Porto, Braga, Viana do Castelo, Guimar\u00e3es, Lisboa, que, atrav\u00e9s de mensagens valorizaram e parabeneziram a realiza\u00e7\u00e3o desta importante iniciativa.<\/p>\n<p><strong>Por \u00faltimo, saudamos e agradecemos a todas e a todos a sua presen\u00e7a e contributos neste importante Semin\u00e1rio.\u00a0<\/strong><\/p>\n<p><em><strong>Esta avalia\u00e7\u00e3o do Estudo para a \u201cConstru\u00e7\u00e3o de um Sistema de Avalia\u00e7\u00e3o de Fun\u00e7\u00f5es e Remunera\u00e7\u00f5es para a Ind\u00fastria do Vestu\u00e1rio, n\u00e3o termina aqui. Este \u00e9 apenas o come\u00e7o do muito que ainda \u00e0 fazer, pelos parceiros sectoriais do sector no \u00e2mbito da negocia\u00e7\u00e3o sectorial e nas empresas, para expurgar pr\u00e1ticas de discrimina\u00e7\u00e3o de g\u00e9nero.<\/strong><\/em><\/p>\n<p>O Coordenador do Projeto<\/p>\n<p>Dr. Manuel Freitas<\/p>\n<\/div><\/div><\/div><style type=\"text\/css\">.fusion-body .fusion-builder-column-0{width:100% !important;margin-top : 20px;margin-bottom : 20px;}.fusion-builder-column-0 > .fusion-column-wrapper {padding-top : 0px !important;padding-right : 0px !important;margin-right : 1.92%;padding-bottom : 0px !important;padding-left : 0px !important;margin-left : 1.92%;}@media only screen and (max-width:1200px) {.fusion-body .fusion-builder-column-0{width:100% !important;order : 0;}.fusion-builder-column-0 > .fusion-column-wrapper {margin-right : 1.92%;margin-left : 1.92%;}}@media only screen and (max-width:640px) {.fusion-body .fusion-builder-column-0{width:100% !important;order : 0;}.fusion-builder-column-0 > .fusion-column-wrapper {margin-right : 1.92%;margin-left : 1.92%;}}<\/style><div class=\"fusion-layout-column fusion_builder_column fusion-builder-column-1 fusion_builder_column_1_5 1_5 fusion-flex-column\"><div class=\"fusion-column-wrapper fusion-flex-justify-content-flex-start fusion-content-layout-column\" style=\"background-position:left top;background-repeat:no-repeat;-webkit-background-size:cover;-moz-background-size:cover;-o-background-size:cover;background-size:cover;padding: 0px 0px 0px 0px;\"><div ><span class=\" fusion-imageframe imageframe-none imageframe-1 hover-type-none\" style=\"border-radius:12px;\"><a class=\"fusion-no-lightbox\" href=\"https:\/\/fesete.pt\/qualidade-emprego-igualdade\/wp-content\/uploads\/2022\/12\/CONVITE-EM-GUIMARAES.pdf\" target=\"_self\" aria-label=\"CONVITEVESTUARIOSITE\"><img decoding=\"async\" width=\"189\" height=\"300\" src=\"https:\/\/fesete.pt\/qualidade-emprego-igualdade\/wp-content\/uploads\/2022\/12\/CONVITEVESTUARIOSITE.png\" data-orig-src=\"https:\/\/fesete.pt\/qualidade-emprego-igualdade\/wp-content\/uploads\/2022\/12\/CONVITEVESTUARIOSITE-189x300.png\" class=\"lazyload img-responsive wp-image-3575\" srcset=\"data:image\/svg+xml,%3Csvg%20xmlns%3D%27http%3A%2F%2Fwww.w3.org%2F2000%2Fsvg%27%20width%3D%27301%27%20height%3D%27477%27%20viewBox%3D%270%200%20301%20477%27%3E%3Crect%20width%3D%27301%27%20height%3D%273477%27%20fill-opacity%3D%220%22%2F%3E%3C%2Fsvg%3E\" data-srcset=\"https:\/\/fesete.pt\/qualidade-emprego-igualdade\/wp-content\/uploads\/2022\/12\/CONVITEVESTUARIOSITE-200x317.png 200w, https:\/\/fesete.pt\/qualidade-emprego-igualdade\/wp-content\/uploads\/2022\/12\/CONVITEVESTUARIOSITE.png 301w\" data-sizes=\"auto\" data-orig-sizes=\"(max-width: 640px) 100vw, 189px\" \/><\/a><\/span><\/div><div class=\"fusion-text fusion-text-2\" style=\"transform:translate3d(0,0,0);\"><h6 style=\"text-align: left;\"><a href=\"https:\/\/fesete.pt\/qualidade-emprego-igualdade\/newsletter\/programa-seminario-guimaraes.pdf\">CONVITE PROGRAMA<\/a><\/h6>\n<\/div><div class=\"fusion-text fusion-text-3\" style=\"transform:translate3d(0,0,0);\"><p>I<a href=\"https:\/\/fesete.pt\/qualidade-emprego-igualdade\/wp-content\/uploads\/2023\/03\/Eng-Invitation-and-Agenda-Seminar-Clothing-2023.pdf\">nvitation and Agenda Seminar Clothing<\/a><\/p>\n<\/div><\/div><\/div><style type=\"text\/css\">.fusion-body .fusion-builder-column-1{width:20% !important;margin-top : 20px;margin-bottom : 20px;}.fusion-builder-column-1 > .fusion-column-wrapper {padding-top : 0px !important;padding-right : 0px !important;margin-right : 9.6%;padding-bottom : 0px !important;padding-left : 0px !important;margin-left : 9.6%;}@media only screen and (max-width:1200px) {.fusion-body .fusion-builder-column-1{width:20% !important;order : 0;}.fusion-builder-column-1 > .fusion-column-wrapper {margin-right : 9.6%;margin-left : 9.6%;}}@media only screen and (max-width:640px) {.fusion-body .fusion-builder-column-1{width:100% !important;order : 0;}.fusion-builder-column-1 > .fusion-column-wrapper {margin-right : 1.92%;margin-left : 1.92%;}}<\/style><div class=\"fusion-layout-column fusion_builder_column fusion-builder-column-2 fusion_builder_column_1_5 1_5 fusion-flex-column\"><div class=\"fusion-column-wrapper fusion-flex-justify-content-flex-start fusion-content-layout-column\" style=\"background-position:left top;background-repeat:no-repeat;-webkit-background-size:cover;-moz-background-size:cover;-o-background-size:cover;background-size:cover;padding: 0px 0px 0px 0px;\"><div ><span class=\" fusion-imageframe imageframe-none imageframe-2 hover-type-none\" style=\"border-radius:12px;\"><a class=\"fusion-no-lightbox\" href=\"https:\/\/fesete.pt\/qualidade-emprego-igualdade\/wp-content\/uploads\/2023\/03\/ESTUDO-VESTUARIO-2023.pdf\" target=\"_self\" aria-label=\"CAPA E CONTRACAPA ESTUDO DO VESTUARIO 25 DE JANEIROD E 2023\"><img decoding=\"async\" width=\"206\" height=\"300\" src=\"https:\/\/fesete.pt\/qualidade-emprego-igualdade\/wp-content\/uploads\/2023\/01\/CAPA-E-CONTRACAPA-ESTUDO-DO-VESTUARIO-25-DE-JANEIROD-E-2023.png\" data-orig-src=\"https:\/\/fesete.pt\/qualidade-emprego-igualdade\/wp-content\/uploads\/2023\/01\/CAPA-E-CONTRACAPA-ESTUDO-DO-VESTUARIO-25-DE-JANEIROD-E-2023-206x300.png\" class=\"lazyload img-responsive wp-image-3818\" srcset=\"data:image\/svg+xml,%3Csvg%20xmlns%3D%27http%3A%2F%2Fwww.w3.org%2F2000%2Fsvg%27%20width%3D%27756%27%20height%3D%271100%27%20viewBox%3D%270%200%20756%201100%27%3E%3Crect%20width%3D%27756%27%20height%3D%2731100%27%20fill-opacity%3D%220%22%2F%3E%3C%2Fsvg%3E\" data-srcset=\"https:\/\/fesete.pt\/qualidade-emprego-igualdade\/wp-content\/uploads\/2023\/01\/CAPA-E-CONTRACAPA-ESTUDO-DO-VESTUARIO-25-DE-JANEIROD-E-2023-200x291.png 200w, https:\/\/fesete.pt\/qualidade-emprego-igualdade\/wp-content\/uploads\/2023\/01\/CAPA-E-CONTRACAPA-ESTUDO-DO-VESTUARIO-25-DE-JANEIROD-E-2023-400x582.png 400w, https:\/\/fesete.pt\/qualidade-emprego-igualdade\/wp-content\/uploads\/2023\/01\/CAPA-E-CONTRACAPA-ESTUDO-DO-VESTUARIO-25-DE-JANEIROD-E-2023-600x873.png 600w, https:\/\/fesete.pt\/qualidade-emprego-igualdade\/wp-content\/uploads\/2023\/01\/CAPA-E-CONTRACAPA-ESTUDO-DO-VESTUARIO-25-DE-JANEIROD-E-2023.png 756w\" data-sizes=\"auto\" data-orig-sizes=\"(max-width: 640px) 100vw, 400px\" \/><\/a><\/span><\/div><div class=\"fusion-text fusion-text-4\" style=\"transform:translate3d(0,0,0);\"><h6 style=\"text-align: left;\"><a href=\"https:\/\/fesete.pt\/qualidade-emprego-igualdade\/wp-content\/uploads\/2023\/03\/ESTUDO-VESTUARIO-2023.pdf\"><strong>PT &#8211; ESTUDO VESTU\u00c1RIO<\/strong><\/a><\/h6>\n<\/div><\/div><\/div><style type=\"text\/css\">.fusion-body .fusion-builder-column-2{width:20% !important;margin-top : 20px;margin-bottom : 20px;}.fusion-builder-column-2 > .fusion-column-wrapper {padding-top : 0px !important;padding-right : 0px !important;margin-right : 9.6%;padding-bottom : 0px !important;padding-left : 0px !important;margin-left : 9.6%;}@media only screen and (max-width:1200px) {.fusion-body .fusion-builder-column-2{width:20% !important;order : 0;}.fusion-builder-column-2 > .fusion-column-wrapper {margin-right : 9.6%;margin-left : 9.6%;}}@media only screen and (max-width:640px) {.fusion-body .fusion-builder-column-2{width:100% !important;order : 0;}.fusion-builder-column-2 > .fusion-column-wrapper {margin-right : 1.92%;margin-left : 1.92%;}}<\/style><div class=\"fusion-layout-column fusion_builder_column fusion-builder-column-3 fusion_builder_column_1_5 1_5 fusion-flex-column\"><div class=\"fusion-column-wrapper fusion-flex-justify-content-flex-start fusion-content-layout-column\" style=\"background-position:left top;background-repeat:no-repeat;-webkit-background-size:cover;-moz-background-size:cover;-o-background-size:cover;background-size:cover;padding: 0px 0px 0px 0px;\"><div ><span class=\" fusion-imageframe imageframe-none imageframe-3 hover-type-none\" style=\"border-radius:12px;\"><a class=\"fusion-no-lightbox\" href=\"https:\/\/fesete.pt\/qualidade-emprego-igualdade\/wp-content\/uploads\/2023\/03\/EN-STUDY-CLOTHING-INDUSTRY.pdf\" target=\"_self\" aria-label=\"EN-STUDY CLOTHING INDUSTRY\"><img decoding=\"async\" width=\"177\" height=\"300\" src=\"https:\/\/fesete.pt\/qualidade-emprego-igualdade\/wp-content\/uploads\/2023\/03\/EN-STUDY-CLOTHING-e1677769711603.png\" data-orig-src=\"https:\/\/fesete.pt\/qualidade-emprego-igualdade\/wp-content\/uploads\/2023\/03\/EN-STUDY-CLOTHING-e1677769711603-177x300.png\" class=\"lazyload img-responsive wp-image-3844\" srcset=\"data:image\/svg+xml,%3Csvg%20xmlns%3D%27http%3A%2F%2Fwww.w3.org%2F2000%2Fsvg%27%20width%3D%27302%27%20height%3D%27511%27%20viewBox%3D%270%200%20302%20511%27%3E%3Crect%20width%3D%27302%27%20height%3D%273511%27%20fill-opacity%3D%220%22%2F%3E%3C%2Fsvg%3E\" data-srcset=\"https:\/\/fesete.pt\/qualidade-emprego-igualdade\/wp-content\/uploads\/2023\/03\/EN-STUDY-CLOTHING-e1677769711603-200x338.png 200w, https:\/\/fesete.pt\/qualidade-emprego-igualdade\/wp-content\/uploads\/2023\/03\/EN-STUDY-CLOTHING-e1677769711603.png 302w\" data-sizes=\"auto\" data-orig-sizes=\"(max-width: 640px) 100vw, 177px\" \/><\/a><\/span><\/div><div class=\"fusion-text fusion-text-5\" style=\"transform:translate3d(0,0,0);\"><h6 style=\"text-align: left;\"><a href=\"https:\/\/fesete.pt\/qualidade-emprego-igualdade\/wp-content\/uploads\/2023\/03\/EN-STUDY-CLOTHING-INDUSTRY.pdf\"><strong>EN-STUDY CLOTHING\u00a0<\/strong><\/a><\/h6>\n<\/div><\/div><\/div><style type=\"text\/css\">.fusion-body .fusion-builder-column-3{width:20% !important;margin-top : 20px;margin-bottom : 20px;}.fusion-builder-column-3 > .fusion-column-wrapper {padding-top : 0px !important;padding-right : 0px !important;margin-right : 9.6%;padding-bottom : 0px !important;padding-left : 0px !important;margin-left : 9.6%;}@media only screen and (max-width:1200px) {.fusion-body .fusion-builder-column-3{width:20% !important;order : 0;}.fusion-builder-column-3 > .fusion-column-wrapper {margin-right : 9.6%;margin-left : 9.6%;}}@media only screen and (max-width:640px) {.fusion-body .fusion-builder-column-3{width:100% !important;order : 0;}.fusion-builder-column-3 > .fusion-column-wrapper {margin-right : 1.92%;margin-left : 1.92%;}}<\/style><div class=\"fusion-layout-column fusion_builder_column fusion-builder-column-4 fusion_builder_column_1_5 1_5 fusion-flex-column\"><div class=\"fusion-column-wrapper fusion-flex-justify-content-flex-start fusion-content-layout-column\" style=\"background-position:left top;background-repeat:no-repeat;-webkit-background-size:cover;-moz-background-size:cover;-o-background-size:cover;background-size:cover;padding: 0px 0px 0px 0px;\"><div ><span class=\" fusion-imageframe imageframe-none imageframe-4 hover-type-none\" style=\"border-radius:12px;\"><a class=\"fusion-no-lightbox\" href=\"https:\/\/fesete.pt\/qualidade-emprego-igualdade\/wp-content\/uploads\/2023\/03\/PT-SINTESE-VESTUARIO.pdf\" target=\"_self\" aria-label=\"PT-SINTESE-ESTUDO VESTU\u00c1RIO\"><img decoding=\"async\" width=\"203\" height=\"300\" src=\"https:\/\/fesete.pt\/qualidade-emprego-igualdade\/wp-content\/uploads\/2023\/03\/PT-SINTESE-ESTUDO-VESTUARIO.png\" data-orig-src=\"https:\/\/fesete.pt\/qualidade-emprego-igualdade\/wp-content\/uploads\/2023\/03\/PT-SINTESE-ESTUDO-VESTUARIO-203x300.png\" class=\"lazyload img-responsive wp-image-3882\" srcset=\"data:image\/svg+xml,%3Csvg%20xmlns%3D%27http%3A%2F%2Fwww.w3.org%2F2000%2Fsvg%27%20width%3D%27482%27%20height%3D%27713%27%20viewBox%3D%270%200%20482%20713%27%3E%3Crect%20width%3D%27482%27%20height%3D%273713%27%20fill-opacity%3D%220%22%2F%3E%3C%2Fsvg%3E\" data-srcset=\"https:\/\/fesete.pt\/qualidade-emprego-igualdade\/wp-content\/uploads\/2023\/03\/PT-SINTESE-ESTUDO-VESTUARIO-200x296.png 200w, https:\/\/fesete.pt\/qualidade-emprego-igualdade\/wp-content\/uploads\/2023\/03\/PT-SINTESE-ESTUDO-VESTUARIO-400x592.png 400w, https:\/\/fesete.pt\/qualidade-emprego-igualdade\/wp-content\/uploads\/2023\/03\/PT-SINTESE-ESTUDO-VESTUARIO.png 482w\" data-sizes=\"auto\" data-orig-sizes=\"(max-width: 640px) 100vw, 400px\" \/><\/a><\/span><\/div><div class=\"fusion-text fusion-text-6\" style=\"transform:translate3d(0,0,0);\"><h6><a href=\"https:\/\/fesete.pt\/qualidade-emprego-igualdade\/wp-content\/uploads\/2023\/03\/PT-SINTESE-VESTUARIO.pdf\">PT-SINTESE-ESTUDO VESTU\u00c1RIO<\/a><\/h6>\n<\/div><\/div><\/div><style type=\"text\/css\">.fusion-body .fusion-builder-column-4{width:20% !important;margin-top : 20px;margin-bottom : 20px;}.fusion-builder-column-4 > .fusion-column-wrapper {padding-top : 0px !important;padding-right : 0px !important;margin-right : 9.6%;padding-bottom : 0px !important;padding-left : 0px !important;margin-left : 9.6%;}@media only screen and (max-width:1200px) {.fusion-body .fusion-builder-column-4{width:20% !important;order : 0;}.fusion-builder-column-4 > .fusion-column-wrapper {margin-right : 9.6%;margin-left : 9.6%;}}@media only screen and (max-width:640px) {.fusion-body .fusion-builder-column-4{width:100% !important;order : 0;}.fusion-builder-column-4 > .fusion-column-wrapper {margin-right : 1.92%;margin-left : 1.92%;}}<\/style><div class=\"fusion-layout-column fusion_builder_column fusion-builder-column-5 fusion_builder_column_1_5 1_5 fusion-flex-column\"><div class=\"fusion-column-wrapper fusion-flex-justify-content-flex-start fusion-content-layout-column\" style=\"background-position:left top;background-repeat:no-repeat;-webkit-background-size:cover;-moz-background-size:cover;-o-background-size:cover;background-size:cover;padding: 0px 0px 0px 0px;\"><div ><span class=\" fusion-imageframe imageframe-none imageframe-5 hover-type-none\" style=\"border-radius:12px;\"><a class=\"fusion-no-lightbox\" href=\"https:\/\/fesete.pt\/qualidade-emprego-igualdade\/wp-content\/uploads\/2023\/03\/EN-SYNTHESIS-STUDY-CLOTHING-INDUSTRY.pdf\" target=\"_self\" aria-label=\"PT-SYNTHESIS-STUDY CLOTHING\"><img decoding=\"async\" width=\"202\" height=\"300\" src=\"https:\/\/fesete.pt\/qualidade-emprego-igualdade\/wp-content\/uploads\/2023\/03\/PT-SYNTHESIS-STUDY-CLOTHING.png\" data-orig-src=\"https:\/\/fesete.pt\/qualidade-emprego-igualdade\/wp-content\/uploads\/2023\/03\/PT-SYNTHESIS-STUDY-CLOTHING-202x300.png\" class=\"lazyload img-responsive wp-image-3883\" srcset=\"data:image\/svg+xml,%3Csvg%20xmlns%3D%27http%3A%2F%2Fwww.w3.org%2F2000%2Fsvg%27%20width%3D%27216%27%20height%3D%27321%27%20viewBox%3D%270%200%20216%20321%27%3E%3Crect%20width%3D%27216%27%20height%3D%273321%27%20fill-opacity%3D%220%22%2F%3E%3C%2Fsvg%3E\" data-srcset=\"https:\/\/fesete.pt\/qualidade-emprego-igualdade\/wp-content\/uploads\/2023\/03\/PT-SYNTHESIS-STUDY-CLOTHING-200x297.png 200w, https:\/\/fesete.pt\/qualidade-emprego-igualdade\/wp-content\/uploads\/2023\/03\/PT-SYNTHESIS-STUDY-CLOTHING.png 216w\" data-sizes=\"auto\" data-orig-sizes=\"(max-width: 640px) 100vw, 202px\" \/><\/a><\/span><\/div><div class=\"fusion-text fusion-text-7\" style=\"transform:translate3d(0,0,0);\"><h6 style=\"text-align: left;\"><a href=\"https:\/\/fesete.pt\/qualidade-emprego-igualdade\/wp-content\/uploads\/2023\/03\/EN-SYNTHESIS-STUDY-CLOTHING-INDUSTRY.pdf\">EN-SYNTHESIS-STUDY CLOTHING INDUSTRY<\/a><\/h6>\n<\/div><\/div><\/div><style type=\"text\/css\">.fusion-body .fusion-builder-column-5{width:20% !important;margin-top : 20px;margin-bottom : 20px;}.fusion-builder-column-5 > .fusion-column-wrapper {padding-top : 0px !important;padding-right : 0px !important;margin-right : 9.6%;padding-bottom : 0px !important;padding-left : 0px !important;margin-left : 9.6%;}@media only screen and (max-width:1200px) {.fusion-body .fusion-builder-column-5{width:20% !important;order : 0;}.fusion-builder-column-5 > .fusion-column-wrapper {margin-right : 9.6%;margin-left : 9.6%;}}@media only screen and (max-width:640px) {.fusion-body .fusion-builder-column-5{width:100% !important;order : 0;}.fusion-builder-column-5 > .fusion-column-wrapper {margin-right : 1.92%;margin-left : 1.92%;}}<\/style><div class=\"fusion-layout-column fusion_builder_column fusion-builder-column-6 fusion_builder_column_1_2 1_2 fusion-flex-column\"><div class=\"fusion-column-wrapper fusion-flex-justify-content-flex-start fusion-content-layout-column\" style=\"background-position:left top;background-repeat:no-repeat;-webkit-background-size:cover;-moz-background-size:cover;-o-background-size:cover;background-size:cover;padding: 0px 0px 0px 0px;\"><iframe width=\"560\" height=\"315\" src=\"https:\/\/www.youtube.com\/embed\/OcqOz9_uGsM\" title=\"YouTube video player\" frameborder=\"0\" allow=\"accelerometer; autoplay; clipboard-write; encrypted-media; gyroscope; picture-in-picture; web-share\" allowfullscreen><\/iframe><\/div><\/div><style type=\"text\/css\">.fusion-body .fusion-builder-column-6{width:50% !important;margin-top : 20px;margin-bottom : 20px;}.fusion-builder-column-6 > .fusion-column-wrapper {padding-top : 0px !important;padding-right : 0px !important;margin-right : 3.84%;padding-bottom : 0px !important;padding-left : 0px !important;margin-left : 3.84%;}@media only screen and (max-width:1200px) {.fusion-body .fusion-builder-column-6{width:50% !important;order : 0;}.fusion-builder-column-6 > .fusion-column-wrapper {margin-right : 3.84%;margin-left : 3.84%;}}@media only screen and (max-width:640px) {.fusion-body .fusion-builder-column-6{width:100% !important;order : 0;}.fusion-builder-column-6 > .fusion-column-wrapper {margin-right : 1.92%;margin-left : 1.92%;}}<\/style><div class=\"fusion-layout-column fusion_builder_column fusion-builder-column-7 fusion_builder_column_1_2 1_2 fusion-flex-column\"><div class=\"fusion-column-wrapper fusion-flex-justify-content-flex-start fusion-content-layout-column\" style=\"background-position:left top;background-repeat:no-repeat;-webkit-background-size:cover;-moz-background-size:cover;-o-background-size:cover;background-size:cover;padding: 0px 0px 0px 0px;\"><a data-flickr-embed=\"true\" href=\"https:\/\/www.flickr.com\/photos\/197445681@N07\" title=\"\"><img class=\"lazyload\" src=\"data:image\/svg+xml,%3Csvg%20xmlns%3D%27http%3A%2F%2Fwww.w3.org%2F2000%2Fsvg%27%20width%3D%27640%27%20height%3D%27480%27%20viewBox%3D%270%200%20640%20480%27%3E%3Crect%20width%3D%27640%27%20height%3D%273480%27%20fill-opacity%3D%220%22%2F%3E%3C%2Fsvg%3E\" data-orig-src=\"https:\/\/live.staticflickr.com\/65535\/52632859096_39d03cc414_z.jpg\" width=\"640\" height=\"480\" alt=\"\"><\/a><script async src=\"\/\/embedr.flickr.com\/assets\/client-code.js\" charset=\"utf-8\"><\/script><\/div><\/div><style type=\"text\/css\">.fusion-body .fusion-builder-column-7{width:50% !important;margin-top : 20px;margin-bottom : 20px;}.fusion-builder-column-7 > .fusion-column-wrapper {padding-top : 0px !important;padding-right : 0px !important;margin-right : 3.84%;padding-bottom : 0px !important;padding-left : 0px !important;margin-left : 3.84%;}@media only screen and (max-width:1200px) {.fusion-body .fusion-builder-column-7{width:50% !important;order : 0;}.fusion-builder-column-7 > .fusion-column-wrapper {margin-right : 3.84%;margin-left : 3.84%;}}@media only screen and (max-width:640px) {.fusion-body .fusion-builder-column-7{width:100% !important;order : 0;}.fusion-builder-column-7 > .fusion-column-wrapper {margin-right : 1.92%;margin-left : 1.92%;}}<\/style><div class=\"fusion-layout-column fusion_builder_column fusion-builder-column-8 fusion_builder_column_1_1 1_1 fusion-flex-column\"><div class=\"fusion-column-wrapper fusion-flex-justify-content-flex-start fusion-content-layout-column\" style=\"background-position:left top;background-repeat:no-repeat;-webkit-background-size:cover;-moz-background-size:cover;-o-background-size:cover;background-size:cover;padding: 0px 0px 0px 0px;\"><div class=\"fusion-text fusion-text-8\" style=\"transform:translate3d(0,0,0);\"><p><strong>Realiza\u00e7\u00e3o do SEMIN\u00c1RIO para A<\/strong><strong>presenta\u00e7\u00e3o do Estudo<\/strong><strong>\u00a0 <\/strong><strong>\u201cConstru\u00e7\u00e3o de um Sistema de Avalia\u00e7\u00e3o de Fun\u00e7\u00f5es e Remunera\u00e7\u00f5es para a <\/strong><strong>\u00a0\u201cIND\u00daSTRIA DE CURTUMES\u201d<\/strong><strong> &#8211; <\/strong><strong>20 de janeiro, em Alcanena <\/strong><\/p>\n<p><strong>\u00a0<\/strong>A FESETE promotora do Projeto financiado pelo Programa Concilia\u00e7\u00e3o e Igualdade de G\u00e9nero EEA Grants, gerido pela Comiss\u00e3o para a Cidadania e Igualdade de G\u00e9nero, em parceria com a associa\u00e7\u00e3o patronal APIC, realizou no passado dia 20 de Janeiro de 2023, em Alcanena, um SEMIN\u00c1RIO para Apresenta\u00e7\u00e3o do Estudo <strong>\u201cConstru\u00e7\u00e3o de um Sistema de Avalia\u00e7\u00e3o de Fun\u00e7\u00f5es e Remunera\u00e7\u00f5es para a \u201cIND\u00daSTRIA DE CURTUMES\u201d.<\/strong><strong>\u00a0<\/strong><\/p>\n<p><strong>Esta importante iniciativa contou com a presen\u00e7a de 5<\/strong><strong>3<\/strong><strong> participantes.<\/strong><strong>\u00a0<\/strong><\/p>\n<p>Para al\u00e9m da parceria, do coordenador do projeto, da equipa t\u00e9cnica da FESETE<strong>, e<\/strong>stiveram presentes v\u00e1rias individualidades, com especial destaque<strong> a honrosa presen\u00e7a da Exma Senhora Embaixadora da Noruega em Portugal, Dra. Tove Bruvik Westberg, da Exma Senhora Dra. Carla Tavares, Presidente da CITE, Comiss\u00e3o para a Igualdade no Trabalho e no Emprego, da Exma. Senhora Dra. Susana Ramos Coordenadora da Unidade Nacional de Gest\u00e3o do Mecanismo Financeiro do Espa\u00e7o Econ\u00f3mico Europeu, da coordenadora da FESETE, Isabel Tavares; do Exmo. Senhor Vice-Presidente da C\u00e2mara Municipal de Alcanena, em representa\u00e7\u00e3o do Senhor Presidente Rui Anast\u00e1cio, do Exm\u00ba Senhor Dr. Gon\u00e7alo Santos, Secret\u00e1rio Geral da APIC-Associa\u00e7\u00e3o Portuguesa das Industriais de Curtumes, do Exm\u00ba Senhor Gabriel Feitor,\u00a0 Historiador<\/strong>.<\/p>\n<p>\u00c0 dist\u00e2ncia participaram, a <em><strong>Exma. Senhora Dra. Joana Marteleira e em representa\u00e7\u00e3o da Senhora Presidente da Comiss\u00e3o para a Cidadania e Igualdade de G\u00e9nero (CIG), Dra. Sandra Ribeiro<\/strong><\/em>; <strong>Jorgen Kaurin Fellesforbundet da Federa\u00e7\u00e3o Sindical Norueguesa; Patrizia Pitronaci da IndustriAll, da Federa\u00e7\u00e3o Sindical da Ind\u00fastria Europeia, cujas interven\u00e7\u00f5es e contributos foram de extrema import\u00e2ncia para o debate e atividades futuras. <\/strong><\/p>\n<p><strong>Manifestamos\u00a0 os nossos agradecimentos<\/strong><strong>, <\/strong><strong>aos participantes que estiveram <em>online<\/em>, nomeadamente, t\u00e9cnicos do CTIC- Centro Tecnol\u00f3gico das Ind\u00fastrias do Couro; empres\u00e1rios do setor dos curtumes e representante da Junta de Freguesia de Alcanena.<\/strong><\/p>\n<p><strong>Registamos ainda como positiva a participa\u00e7\u00e3o de dirigentes sindicais deste sector, membros da Direc\u00e7\u00e3o Nacional da FESETE; vereadores da C\u00e2mara Municipal de Alcanena; v\u00e1rios empres\u00e1rios\/as da ind\u00fastria de curtumes, e representantes do CTIC-Centro Tecnol\u00f3gico das Ind\u00fastrias do Couro<\/strong><strong>, a qual desde j\u00e1 agradecemos.<\/strong><\/p>\n<p><strong>Por \u00faltimo, saudamos e agradecemos a<\/strong><strong> todas e a todos a <\/strong><strong>sua <\/strong><strong>presen\u00e7a e contributos neste importante Semin\u00e1rio. <\/strong><\/p>\n<p><strong>Esta avalia\u00e7\u00e3o do Estudo para a \u201cConstru\u00e7\u00e3o de um Sistema de Avalia\u00e7\u00e3o de Fun\u00e7\u00f5es e Remunera\u00e7\u00f5es para a Ind\u00fastria de Curtumes, n\u00e3o termina aqui. Este \u00e9 apenas o come\u00e7o do muito que ainda \u00e0 fazer, pelos parceiros sectoriais do sector no \u00e2mbito da negocia\u00e7\u00e3o sectorial e nas empresas, para expurgar pr\u00e1ticas de discrimina\u00e7\u00e3o de g\u00e9nero.<\/strong><\/p>\n<p><strong>O Coordenador do Projeto<\/strong><\/p>\n<p><strong>Dr. Manuel Freitas<\/strong><\/p>\n<p><strong>\u00a0<\/strong><\/p>\n<\/div><\/div><\/div><style type=\"text\/css\">.fusion-body .fusion-builder-column-8{width:100% !important;margin-top : 20px;margin-bottom : 20px;}.fusion-builder-column-8 > .fusion-column-wrapper {padding-top : 0px !important;padding-right : 0px !important;margin-right : 1.92%;padding-bottom : 0px !important;padding-left : 0px !important;margin-left : 1.92%;}@media only screen and (max-width:1200px) {.fusion-body .fusion-builder-column-8{width:100% !important;order : 0;}.fusion-builder-column-8 > .fusion-column-wrapper {margin-right : 1.92%;margin-left : 1.92%;}}@media only screen and (max-width:640px) {.fusion-body .fusion-builder-column-8{width:100% !important;order : 0;}.fusion-builder-column-8 > .fusion-column-wrapper {margin-right : 1.92%;margin-left : 1.92%;}}<\/style><div class=\"fusion-layout-column fusion_builder_column fusion-builder-column-9 fusion_builder_column_1_5 1_5 fusion-flex-column\"><div class=\"fusion-column-wrapper fusion-flex-justify-content-flex-start fusion-content-layout-column\" style=\"background-position:left top;background-repeat:no-repeat;-webkit-background-size:cover;-moz-background-size:cover;-o-background-size:cover;background-size:cover;padding: 0px 0px 0px 0px;\"><div ><span class=\" fusion-imageframe imageframe-none imageframe-6 hover-type-none\" style=\"border-radius:12px;\"><a class=\"fusion-no-lightbox\" href=\"https:\/\/fesete.pt\/qualidade-emprego-igualdade\/wp-content\/uploads\/2022\/12\/CONVITESEMINARIO-ALCANENA-1.pdf\" target=\"_self\" aria-label=\"CONVITEIMAGEMALCANENA\"><img decoding=\"async\" width=\"180\" height=\"300\" src=\"https:\/\/fesete.pt\/qualidade-emprego-igualdade\/wp-content\/uploads\/2022\/12\/CONVITEIMAGEMALCANENA.png\" data-orig-src=\"https:\/\/fesete.pt\/qualidade-emprego-igualdade\/wp-content\/uploads\/2022\/12\/CONVITEIMAGEMALCANENA-180x300.png\" class=\"lazyload img-responsive wp-image-3599\" srcset=\"data:image\/svg+xml,%3Csvg%20xmlns%3D%27http%3A%2F%2Fwww.w3.org%2F2000%2Fsvg%27%20width%3D%27265%27%20height%3D%27441%27%20viewBox%3D%270%200%20265%20441%27%3E%3Crect%20width%3D%27265%27%20height%3D%273441%27%20fill-opacity%3D%220%22%2F%3E%3C%2Fsvg%3E\" data-srcset=\"https:\/\/fesete.pt\/qualidade-emprego-igualdade\/wp-content\/uploads\/2022\/12\/CONVITEIMAGEMALCANENA-200x333.png 200w, https:\/\/fesete.pt\/qualidade-emprego-igualdade\/wp-content\/uploads\/2022\/12\/CONVITEIMAGEMALCANENA.png 265w\" data-sizes=\"auto\" data-orig-sizes=\"(max-width: 640px) 100vw, 180px\" \/><\/a><\/span><\/div><div class=\"fusion-text fusion-text-9\" style=\"transform:translate3d(0,0,0);\"><h6 style=\"text-align: left;\"><a href=\"https:\/\/fesete.pt\/qualidade-emprego-igualdade\/wp-content\/uploads\/2023\/01\/PROGRAMASEMINARIOALCANENADEFINITIVO.pdf\">CONVITE-PROGRAMA<\/a><\/h6>\n<\/div><div class=\"fusion-text fusion-text-10\" style=\"transform:translate3d(0,0,0);\"><p><a href=\"https:\/\/fesete.pt\/qualidade-emprego-igualdade\/wp-content\/uploads\/2023\/03\/Eng-Invitation-and-Agenda-Seminar-Leather-2023.pdf\">Invitation and Agenda Seminar Leather<\/a><\/p>\n<\/div><\/div><\/div><style type=\"text\/css\">.fusion-body .fusion-builder-column-9{width:20% !important;margin-top : 20px;margin-bottom : 20px;}.fusion-builder-column-9 > .fusion-column-wrapper {padding-top : 0px !important;padding-right : 0px !important;margin-right : 9.6%;padding-bottom : 0px !important;padding-left : 0px !important;margin-left : 9.6%;}@media only screen and (max-width:1200px) {.fusion-body .fusion-builder-column-9{width:20% !important;order : 0;}.fusion-builder-column-9 > .fusion-column-wrapper {margin-right : 9.6%;margin-left : 9.6%;}}@media only screen and (max-width:640px) {.fusion-body .fusion-builder-column-9{width:100% !important;order : 0;}.fusion-builder-column-9 > .fusion-column-wrapper {margin-right : 1.92%;margin-left : 1.92%;}}<\/style><div class=\"fusion-layout-column fusion_builder_column fusion-builder-column-10 fusion_builder_column_1_5 1_5 fusion-flex-column fusion-column-inner-bg-wrapper\"><div class=\"fusion-column-wrapper fusion-flex-justify-content-flex-start fusion-content-layout-column\" style=\"padding: 0px 0px 0px 0px;\"><div ><span class=\" fusion-imageframe imageframe-none imageframe-7 hover-type-none\" style=\"border-radius:12px;\"><img decoding=\"async\" width=\"207\" height=\"300\" alt=\"https:\/\/fesete.pt\/qualidade-emprego-igualdade\/wp-content\/uploads\/2023\/01\/projecto-2-capa-curtumes.png\" title=\"projecto 2 capa curtumes\" src=\"https:\/\/fesete.pt\/qualidade-emprego-igualdade\/wp-content\/uploads\/2023\/01\/projecto-2-capa-curtumes.png\" data-orig-src=\"https:\/\/fesete.pt\/qualidade-emprego-igualdade\/wp-content\/uploads\/2023\/01\/projecto-2-capa-curtumes-207x300.png\" class=\"lazyload img-responsive wp-image-3819\" srcset=\"data:image\/svg+xml,%3Csvg%20xmlns%3D%27http%3A%2F%2Fwww.w3.org%2F2000%2Fsvg%27%20width%3D%27756%27%20height%3D%271096%27%20viewBox%3D%270%200%20756%201096%27%3E%3Crect%20width%3D%27756%27%20height%3D%2731096%27%20fill-opacity%3D%220%22%2F%3E%3C%2Fsvg%3E\" data-srcset=\"https:\/\/fesete.pt\/qualidade-emprego-igualdade\/wp-content\/uploads\/2023\/01\/projecto-2-capa-curtumes-200x290.png 200w, https:\/\/fesete.pt\/qualidade-emprego-igualdade\/wp-content\/uploads\/2023\/01\/projecto-2-capa-curtumes-400x580.png 400w, https:\/\/fesete.pt\/qualidade-emprego-igualdade\/wp-content\/uploads\/2023\/01\/projecto-2-capa-curtumes-600x870.png 600w, https:\/\/fesete.pt\/qualidade-emprego-igualdade\/wp-content\/uploads\/2023\/01\/projecto-2-capa-curtumes.png 756w\" data-sizes=\"auto\" data-orig-sizes=\"(max-width: 640px) 100vw, 400px\" \/><\/span><\/div><div class=\"fusion-text fusion-text-11\" style=\"transform:translate3d(0,0,0);\"><h6 style=\"text-align: left;\"><a href=\"https:\/\/fesete.pt\/qualidade-emprego-igualdade\/wp-content\/uploads\/2023\/01\/ESTUDO-CURTUMES-2023.pdf\"><strong>ESTUDO-CURTUMES<\/strong><\/a><\/h6>\n<\/div><\/div><span class=\"fusion-column-inner-bg hover-type-none\"><a href=\"https:\/\/fesete.pt\/qualidade-emprego-igualdade\/wp-content\/uploads\/2023\/01\/ESTUDO-CURTUMES-2023.pdf\"><span class=\"fusion-column-inner-bg-image\" style=\"background-position:left top;background-repeat:no-repeat;-webkit-background-size:cover;-moz-background-size:cover;-o-background-size:cover;background-size:cover;\"><\/span><\/a><\/span><\/div><style type=\"text\/css\">.fusion-body .fusion-builder-column-10{width:20% !important;margin-top : 20px;margin-bottom : 20px;}.fusion-builder-column-10 > .fusion-column-wrapper {padding-top : 0px !important;padding-right : 0px !important;margin-right : 9.6%;padding-bottom : 0px !important;padding-left : 0px !important;margin-left : 9.6%;}.fusion-flex-container .fusion-row .fusion-builder-column-10 > .fusion-column-inner-bg { margin-right:9.6%;margin-left:9.6%; }@media only screen and (max-width:1200px) {.fusion-body .fusion-builder-column-10{width:20% !important;order : 0;}.fusion-builder-column-10 > .fusion-column-wrapper {margin-right : 9.6%;margin-left : 9.6%;}.fusion-flex-container .fusion-row .fusion-builder-column-10 > .fusion-column-inner-bg { margin-right:9.6%;margin-left:9.6%; }}@media only screen and (max-width:640px) {.fusion-body .fusion-builder-column-10{width:100% !important;order : 0;}.fusion-builder-column-10 > .fusion-column-wrapper {margin-right : 1.92%;margin-left : 1.92%;}.fusion-flex-container .fusion-row .fusion-builder-column-10 > .fusion-column-inner-bg { margin-right:1.92%;margin-left:1.92%; }}<\/style><div class=\"fusion-layout-column fusion_builder_column fusion-builder-column-11 fusion_builder_column_1_5 1_5 fusion-flex-column fusion-column-inner-bg-wrapper\"><div class=\"fusion-column-wrapper fusion-flex-justify-content-flex-start fusion-content-layout-column\" style=\"padding: 0px 0px 0px 0px;\"><div ><span class=\" fusion-imageframe imageframe-none imageframe-8 hover-type-none\" style=\"border-radius:12px;\"><a class=\"fusion-no-lightbox\" href=\"https:\/\/fesete.pt\/qualidade-emprego-igualdade\/wp-content\/uploads\/2023\/03\/EN-STUDY-LEATHER-INDUSTRY.pdf\" target=\"_self\" aria-label=\"EN-STUDY LEATHER\"><img decoding=\"async\" width=\"177\" height=\"300\" src=\"data:image\/svg+xml,%3Csvg%20xmlns%3D%27http%3A%2F%2Fwww.w3.org%2F2000%2Fsvg%27%20width%3D%27118%27%20height%3D%27200%27%20viewBox%3D%270%200%20118%20200%27%3E%3Crect%20width%3D%27118%27%20height%3D%273200%27%20fill-opacity%3D%220%22%2F%3E%3C%2Fsvg%3E\" data-orig-src=\"https:\/\/fesete.pt\/qualidade-emprego-igualdade\/wp-content\/uploads\/2023\/03\/EN-STUDY-LEATHER-1-177x300.png\" class=\"lazyload img-responsive wp-image-3875\"\/><\/a><\/span><\/div><div class=\"fusion-text fusion-text-12\" style=\"transform:translate3d(0,0,0);\"><h6 style=\"text-align: left;\"><a href=\"https:\/\/fesete.pt\/qualidade-emprego-igualdade\/wp-content\/uploads\/2023\/03\/EN-STUDY-LEATHER-INDUSTRY.pdf\">STUDY LEATHER\u00a0<\/a><\/h6>\n<\/div><\/div><span class=\"fusion-column-inner-bg hover-type-none\"><a href=\"https:\/\/fesete.pt\/qualidade-emprego-igualdade\/wp-content\/uploads\/2023\/03\/EN-STUDY-LEATHER-INDUSTRY.pdf\"><span class=\"fusion-column-inner-bg-image\" style=\"background-position:left top;background-repeat:no-repeat;-webkit-background-size:cover;-moz-background-size:cover;-o-background-size:cover;background-size:cover;\"><\/span><\/a><\/span><\/div><style type=\"text\/css\">.fusion-body .fusion-builder-column-11{width:20% !important;margin-top : 20px;margin-bottom : 20px;}.fusion-builder-column-11 > .fusion-column-wrapper {padding-top : 0px !important;padding-right : 0px !important;margin-right : 9.6%;padding-bottom : 0px !important;padding-left : 0px !important;margin-left : 9.6%;}.fusion-flex-container .fusion-row .fusion-builder-column-11 > .fusion-column-inner-bg { margin-right:9.6%;margin-left:9.6%; }@media only screen and (max-width:1200px) {.fusion-body .fusion-builder-column-11{width:20% !important;order : 0;}.fusion-builder-column-11 > .fusion-column-wrapper {margin-right : 9.6%;margin-left : 9.6%;}.fusion-flex-container .fusion-row .fusion-builder-column-11 > .fusion-column-inner-bg { margin-right:9.6%;margin-left:9.6%; }}@media only screen and (max-width:640px) {.fusion-body .fusion-builder-column-11{width:100% !important;order : 0;}.fusion-builder-column-11 > .fusion-column-wrapper {margin-right : 1.92%;margin-left : 1.92%;}.fusion-flex-container .fusion-row .fusion-builder-column-11 > .fusion-column-inner-bg { margin-right:1.92%;margin-left:1.92%; }}<\/style><div class=\"fusion-layout-column fusion_builder_column fusion-builder-column-12 fusion_builder_column_1_5 1_5 fusion-flex-column fusion-column-inner-bg-wrapper\"><div class=\"fusion-column-wrapper fusion-flex-justify-content-flex-start fusion-content-layout-column\" style=\"padding: 0px 0px 0px 0px;\"><div ><span class=\" fusion-imageframe imageframe-none imageframe-9 hover-type-none\" style=\"border-radius:12px;\"><a class=\"fusion-no-lightbox\" href=\"https:\/\/fesete.pt\/qualidade-emprego-igualdade\/wp-content\/uploads\/2023\/03\/SINTESE-CURTUMES.pdf\" target=\"_self\" aria-label=\"PT-SINTESE ESTUDO CURTUMES\"><img decoding=\"async\" width=\"207\" height=\"300\" src=\"https:\/\/fesete.pt\/qualidade-emprego-igualdade\/wp-content\/uploads\/2023\/03\/PT-SINTESE-ESTUDO-CURTUMES.png\" data-orig-src=\"https:\/\/fesete.pt\/qualidade-emprego-igualdade\/wp-content\/uploads\/2023\/03\/PT-SINTESE-ESTUDO-CURTUMES-207x300.png\" class=\"lazyload img-responsive wp-image-3885\" srcset=\"data:image\/svg+xml,%3Csvg%20xmlns%3D%27http%3A%2F%2Fwww.w3.org%2F2000%2Fsvg%27%20width%3D%27216%27%20height%3D%27313%27%20viewBox%3D%270%200%20216%20313%27%3E%3Crect%20width%3D%27216%27%20height%3D%273313%27%20fill-opacity%3D%220%22%2F%3E%3C%2Fsvg%3E\" data-srcset=\"https:\/\/fesete.pt\/qualidade-emprego-igualdade\/wp-content\/uploads\/2023\/03\/PT-SINTESE-ESTUDO-CURTUMES-200x290.png 200w, https:\/\/fesete.pt\/qualidade-emprego-igualdade\/wp-content\/uploads\/2023\/03\/PT-SINTESE-ESTUDO-CURTUMES.png 216w\" data-sizes=\"auto\" data-orig-sizes=\"(max-width: 640px) 100vw, 207px\" \/><\/a><\/span><\/div><div class=\"fusion-text fusion-text-13\" style=\"transform:translate3d(0,0,0);\"><h6><a href=\"https:\/\/fesete.pt\/qualidade-emprego-igualdade\/wp-content\/uploads\/2023\/03\/SINTESE-CURTUMES.pdf\">PT-SINTESE-ESTUDO-CURTUMES<\/a><\/h6>\n<\/div><\/div><span class=\"fusion-column-inner-bg hover-type-none\"><a href=\"https:\/\/fesete.pt\/qualidade-emprego-igualdade\/wp-content\/uploads\/2023\/03\/SINTESE-CURTUMES.pdf\"><span class=\"fusion-column-inner-bg-image\" style=\"background-position:left top;background-repeat:no-repeat;-webkit-background-size:cover;-moz-background-size:cover;-o-background-size:cover;background-size:cover;\"><\/span><\/a><\/span><\/div><style type=\"text\/css\">.fusion-body .fusion-builder-column-12{width:20% !important;margin-top : 20px;margin-bottom : 20px;}.fusion-builder-column-12 > .fusion-column-wrapper {padding-top : 0px !important;padding-right : 0px !important;margin-right : 9.6%;padding-bottom : 0px !important;padding-left : 0px !important;margin-left : 9.6%;}.fusion-flex-container .fusion-row .fusion-builder-column-12 > .fusion-column-inner-bg { margin-right:9.6%;margin-left:9.6%; }@media only screen and (max-width:1200px) {.fusion-body .fusion-builder-column-12{width:20% !important;order : 0;}.fusion-builder-column-12 > .fusion-column-wrapper {margin-right : 9.6%;margin-left : 9.6%;}.fusion-flex-container .fusion-row .fusion-builder-column-12 > .fusion-column-inner-bg { margin-right:9.6%;margin-left:9.6%; }}@media only screen and (max-width:640px) {.fusion-body .fusion-builder-column-12{width:100% !important;order : 0;}.fusion-builder-column-12 > .fusion-column-wrapper {margin-right : 1.92%;margin-left : 1.92%;}.fusion-flex-container .fusion-row .fusion-builder-column-12 > .fusion-column-inner-bg { margin-right:1.92%;margin-left:1.92%; }}<\/style><div class=\"fusion-layout-column fusion_builder_column fusion-builder-column-13 fusion_builder_column_1_5 1_5 fusion-flex-column fusion-column-inner-bg-wrapper\"><div class=\"fusion-column-wrapper fusion-flex-justify-content-flex-start fusion-content-layout-column\" style=\"padding: 0px 0px 0px 0px;\"><div ><span class=\" fusion-imageframe imageframe-none imageframe-10 hover-type-none\" style=\"border-radius:12px;\"><img decoding=\"async\" width=\"203\" height=\"300\" alt=\"https:\/\/fesete.pt\/qualidade-emprego-igualdade\/wp-content\/uploads\/2023\/03\/EN-SYNTHESIS-STUDY-LEATHER-INDUSTRY.pdf\" title=\"PT-SINTESE-ESTUDO CURTUMES\" src=\"https:\/\/fesete.pt\/qualidade-emprego-igualdade\/wp-content\/uploads\/2023\/03\/PT-SINTESE-ESTUDO-CURTUMES-1.png\" data-orig-src=\"https:\/\/fesete.pt\/qualidade-emprego-igualdade\/wp-content\/uploads\/2023\/03\/PT-SINTESE-ESTUDO-CURTUMES-1-203x300.png\" class=\"lazyload img-responsive wp-image-3884\" srcset=\"data:image\/svg+xml,%3Csvg%20xmlns%3D%27http%3A%2F%2Fwww.w3.org%2F2000%2Fsvg%27%20width%3D%27482%27%20height%3D%27713%27%20viewBox%3D%270%200%20482%20713%27%3E%3Crect%20width%3D%27482%27%20height%3D%273713%27%20fill-opacity%3D%220%22%2F%3E%3C%2Fsvg%3E\" data-srcset=\"https:\/\/fesete.pt\/qualidade-emprego-igualdade\/wp-content\/uploads\/2023\/03\/PT-SINTESE-ESTUDO-CURTUMES-1-200x296.png 200w, https:\/\/fesete.pt\/qualidade-emprego-igualdade\/wp-content\/uploads\/2023\/03\/PT-SINTESE-ESTUDO-CURTUMES-1-400x592.png 400w, https:\/\/fesete.pt\/qualidade-emprego-igualdade\/wp-content\/uploads\/2023\/03\/PT-SINTESE-ESTUDO-CURTUMES-1.png 482w\" data-sizes=\"auto\" data-orig-sizes=\"(max-width: 640px) 100vw, 400px\" \/><\/span><\/div><div class=\"fusion-text fusion-text-14\" style=\"transform:translate3d(0,0,0);\"><h6><a href=\"https:\/\/fesete.pt\/qualidade-emprego-igualdade\/wp-content\/uploads\/2023\/03\/EN-SYNTHESIS-STUDY-LEATHER-INDUSTRY.pdf\">EN-SYNTHESIS-STUDY LEATHER INDUSTRY<\/a><\/h6>\n<\/div><\/div><span class=\"fusion-column-inner-bg hover-type-none\"><a href=\"https:\/\/fesete.pt\/qualidade-emprego-igualdade\/wp-content\/uploads\/2023\/03\/ESYNTHESIS-LEATHER.pdf\"><span class=\"fusion-column-inner-bg-image\" style=\"background-position:left top;background-repeat:no-repeat;-webkit-background-size:cover;-moz-background-size:cover;-o-background-size:cover;background-size:cover;\"><\/span><\/a><\/span><\/div><style type=\"text\/css\">.fusion-body .fusion-builder-column-13{width:20% !important;margin-top : 20px;margin-bottom : 20px;}.fusion-builder-column-13 > .fusion-column-wrapper {padding-top : 0px !important;padding-right : 0px !important;margin-right : 9.6%;padding-bottom : 0px !important;padding-left : 0px !important;margin-left : 9.6%;}.fusion-flex-container .fusion-row .fusion-builder-column-13 > .fusion-column-inner-bg { margin-right:9.6%;margin-left:9.6%; }@media only screen and (max-width:1200px) {.fusion-body .fusion-builder-column-13{width:20% !important;order : 0;}.fusion-builder-column-13 > .fusion-column-wrapper {margin-right : 9.6%;margin-left : 9.6%;}.fusion-flex-container .fusion-row .fusion-builder-column-13 > .fusion-column-inner-bg { margin-right:9.6%;margin-left:9.6%; }}@media only screen and (max-width:640px) {.fusion-body .fusion-builder-column-13{width:100% !important;order : 0;}.fusion-builder-column-13 > .fusion-column-wrapper {margin-right : 1.92%;margin-left : 1.92%;}.fusion-flex-container .fusion-row .fusion-builder-column-13 > .fusion-column-inner-bg { margin-right:1.92%;margin-left:1.92%; }}<\/style><div class=\"fusion-layout-column fusion_builder_column fusion-builder-column-14 fusion_builder_column_1_2 1_2 fusion-flex-column\"><div class=\"fusion-column-wrapper fusion-flex-justify-content-flex-start fusion-content-layout-column\" style=\"background-position:left top;background-repeat:no-repeat;-webkit-background-size:cover;-moz-background-size:cover;-o-background-size:cover;background-size:cover;padding: 0px 0px 0px 0px;\"><iframe width=\"560\" height=\"315\" src=\"https:\/\/www.youtube.com\/embed\/STlO4x9EgCU\" title=\"YouTube video player\" frameborder=\"0\" allow=\"accelerometer; autoplay; clipboard-write; encrypted-media; gyroscope; picture-in-picture; web-share\" allowfullscreen><\/iframe><\/div><\/div><style type=\"text\/css\">.fusion-body .fusion-builder-column-14{width:50% !important;margin-top : 20px;margin-bottom : 20px;}.fusion-builder-column-14 > .fusion-column-wrapper {padding-top : 0px !important;padding-right : 0px !important;margin-right : 3.84%;padding-bottom : 0px !important;padding-left : 0px !important;margin-left : 3.84%;}@media only screen and (max-width:1200px) {.fusion-body .fusion-builder-column-14{width:50% !important;order : 0;}.fusion-builder-column-14 > .fusion-column-wrapper {margin-right : 3.84%;margin-left : 3.84%;}}@media only screen and (max-width:640px) {.fusion-body .fusion-builder-column-14{width:100% !important;order : 0;}.fusion-builder-column-14 > .fusion-column-wrapper {margin-right : 1.92%;margin-left : 1.92%;}}<\/style><div class=\"fusion-layout-column fusion_builder_column fusion-builder-column-15 fusion_builder_column_1_2 1_2 fusion-flex-column\"><div class=\"fusion-column-wrapper fusion-flex-justify-content-flex-start fusion-content-layout-column\" style=\"background-position:left top;background-repeat:no-repeat;-webkit-background-size:cover;-moz-background-size:cover;-o-background-size:cover;background-size:cover;padding: 0px 0px 0px 0px;\"><a data-flickr-embed=\"true\" href=\"https:\/\/www.flickr.com\/photos\/197505808@N05\" title=\"\"><img class=\"lazyload\" src=\"data:image\/svg+xml,%3Csvg%20xmlns%3D%27http%3A%2F%2Fwww.w3.org%2F2000%2Fsvg%27%20width%3D%27640%27%20height%3D%27480%27%20viewBox%3D%270%200%20640%20480%27%3E%3Crect%20width%3D%27640%27%20height%3D%273480%27%20fill-opacity%3D%220%22%2F%3E%3C%2Fsvg%3E\" data-orig-src=\"https:\/\/live.staticflickr.com\/65535\/52648433866_18192a7a13_z.jpg\" width=\"640\" height=\"480\" alt=\"\"><\/a><script async src=\"\/\/embedr.flickr.com\/assets\/client-code.js\" charset=\"utf-8\"><\/script><\/div><\/div><style type=\"text\/css\">.fusion-body .fusion-builder-column-15{width:50% !important;margin-top : 20px;margin-bottom : 20px;}.fusion-builder-column-15 > .fusion-column-wrapper {padding-top : 0px !important;padding-right : 0px !important;margin-right : 3.84%;padding-bottom : 0px !important;padding-left : 0px !important;margin-left : 3.84%;}@media only screen and (max-width:1200px) {.fusion-body .fusion-builder-column-15{width:50% !important;order : 0;}.fusion-builder-column-15 > .fusion-column-wrapper {margin-right : 3.84%;margin-left : 3.84%;}}@media only screen and (max-width:640px) {.fusion-body .fusion-builder-column-15{width:100% !important;order : 0;}.fusion-builder-column-15 > .fusion-column-wrapper {margin-right : 1.92%;margin-left : 1.92%;}}<\/style><div class=\"fusion-layout-column fusion_builder_column fusion-builder-column-16 fusion_builder_column_1_4 1_4 fusion-flex-column\"><div class=\"fusion-column-wrapper fusion-flex-justify-content-flex-start fusion-content-layout-column\" style=\"background-position:left top;background-repeat:no-repeat;-webkit-background-size:cover;-moz-background-size:cover;-o-background-size:cover;background-size:cover;padding: 0px 0px 0px 0px;\"><\/div><\/div><style type=\"text\/css\">.fusion-body .fusion-builder-column-16{width:25% !important;margin-top : 20px;margin-bottom : 20px;}.fusion-builder-column-16 > .fusion-column-wrapper {padding-top : 0px !important;padding-right : 0px !important;margin-right : 7.68%;padding-bottom : 0px !important;padding-left : 0px !important;margin-left : 7.68%;}@media only screen and (max-width:1200px) {.fusion-body .fusion-builder-column-16{width:25% !important;order : 0;}.fusion-builder-column-16 > .fusion-column-wrapper {margin-right : 7.68%;margin-left : 7.68%;}}@media only screen and (max-width:640px) {.fusion-body .fusion-builder-column-16{width:100% !important;order : 0;}.fusion-builder-column-16 > .fusion-column-wrapper {margin-right : 1.92%;margin-left : 1.92%;}}<\/style><div class=\"fusion-layout-column fusion_builder_column fusion-builder-column-17 fusion_builder_column_1_4 1_4 fusion-flex-column\"><div class=\"fusion-column-wrapper fusion-flex-justify-content-flex-start fusion-content-layout-column\" style=\"background-position:left top;background-repeat:no-repeat;-webkit-background-size:cover;-moz-background-size:cover;-o-background-size:cover;background-size:cover;padding: 0px 0px 0px 0px;\"><\/div><\/div><style type=\"text\/css\">.fusion-body .fusion-builder-column-17{width:25% !important;margin-top : 20px;margin-bottom : 20px;}.fusion-builder-column-17 > .fusion-column-wrapper {padding-top : 0px !important;padding-right : 0px !important;margin-right : 7.68%;padding-bottom : 0px !important;padding-left : 0px !important;margin-left : 7.68%;}@media only screen and (max-width:1200px) {.fusion-body .fusion-builder-column-17{width:25% !important;order : 0;}.fusion-builder-column-17 > .fusion-column-wrapper {margin-right : 7.68%;margin-left : 7.68%;}}@media only screen and (max-width:640px) {.fusion-body .fusion-builder-column-17{width:100% !important;order : 0;}.fusion-builder-column-17 > .fusion-column-wrapper {margin-right : 1.92%;margin-left : 1.92%;}}<\/style><div class=\"fusion-layout-column fusion_builder_column fusion-builder-column-18 fusion_builder_column_1_4 1_4 fusion-flex-column\"><div class=\"fusion-column-wrapper fusion-flex-justify-content-flex-start fusion-content-layout-column\" style=\"background-position:left top;background-repeat:no-repeat;-webkit-background-size:cover;-moz-background-size:cover;-o-background-size:cover;background-size:cover;padding: 0px 0px 0px 0px;\"><\/div><\/div><style type=\"text\/css\">.fusion-body .fusion-builder-column-18{width:25% !important;margin-top : 20px;margin-bottom : 20px;}.fusion-builder-column-18 > .fusion-column-wrapper {padding-top : 0px !important;padding-right : 0px !important;margin-right : 7.68%;padding-bottom : 0px !important;padding-left : 0px !important;margin-left : 7.68%;}@media only screen and (max-width:1200px) {.fusion-body .fusion-builder-column-18{width:25% !important;order : 0;}.fusion-builder-column-18 > .fusion-column-wrapper {margin-right : 7.68%;margin-left : 7.68%;}}@media only screen and (max-width:640px) {.fusion-body .fusion-builder-column-18{width:100% !important;order : 0;}.fusion-builder-column-18 > .fusion-column-wrapper {margin-right : 1.92%;margin-left : 1.92%;}}<\/style><\/div><style type=\"text\/css\">.fusion-body .fusion-flex-container.fusion-builder-row-1{ padding-top : 0px;margin-top : 0px;padding-right : 0px;padding-bottom : 0px;margin-bottom : 0px;padding-left : 0px;}<\/style><\/div>\n","protected":false},"excerpt":{"rendered":"","protected":false},"author":1,"featured_media":0,"parent":0,"menu_order":0,"comment_status":"closed","ping_status":"closed","template":"100-width.php","meta":[],"_links":{"self":[{"href":"https:\/\/fesete.pt\/qualidade-emprego-igualdade\/wp-json\/wp\/v2\/pages\/1300"}],"collection":[{"href":"https:\/\/fesete.pt\/qualidade-emprego-igualdade\/wp-json\/wp\/v2\/pages"}],"about":[{"href":"https:\/\/fesete.pt\/qualidade-emprego-igualdade\/wp-json\/wp\/v2\/types\/page"}],"author":[{"embeddable":true,"href":"https:\/\/fesete.pt\/qualidade-emprego-igualdade\/wp-json\/wp\/v2\/users\/1"}],"replies":[{"embeddable":true,"href":"https:\/\/fesete.pt\/qualidade-emprego-igualdade\/wp-json\/wp\/v2\/comments?post=1300"}],"version-history":[{"count":196,"href":"https:\/\/fesete.pt\/qualidade-emprego-igualdade\/wp-json\/wp\/v2\/pages\/1300\/revisions"}],"predecessor-version":[{"id":4070,"href":"https:\/\/fesete.pt\/qualidade-emprego-igualdade\/wp-json\/wp\/v2\/pages\/1300\/revisions\/4070"}],"wp:attachment":[{"href":"https:\/\/fesete.pt\/qualidade-emprego-igualdade\/wp-json\/wp\/v2\/media?parent=1300"}],"curies":[{"name":"wp","href":"https:\/\/api.w.org\/{rel}","templated":true}]}}