{"id":3,"date":"2021-01-09T16:10:20","date_gmt":"2021-01-09T16:10:20","guid":{"rendered":"https:\/\/fesete.pt\/qualidade-emprego-igualdade\/?page_id=3"},"modified":"2021-01-23T17:08:47","modified_gmt":"2021-01-23T17:08:47","slug":"privacy-policy","status":"publish","type":"page","link":"https:\/\/fesete.pt\/qualidade-emprego-igualdade\/privacy-policy\/","title":{"rendered":"Privacy Policy"},"content":{"rendered":"<div class=\"fusion-fullwidth fullwidth-box fusion-builder-row-1 fusion-flex-container nonhundred-percent-fullwidth non-hundred-percent-height-scrolling\" style=\"background-color: rgba(255,255,255,0);background-position: center center;background-repeat: no-repeat;border-width: 0px 0px 0px 0px;border-color:#e8ebef;border-style:solid;\" ><div class=\"fusion-builder-row fusion-row fusion-flex-align-items-flex-start\" style=\"max-width:1331.2px;margin-left: calc(-4% \/ 2 );margin-right: calc(-4% \/ 2 );\"><div class=\"fusion-layout-column fusion_builder_column fusion-builder-column-0 fusion_builder_column_1_1 1_1 fusion-flex-column\"><div class=\"fusion-column-wrapper fusion-flex-justify-content-flex-start fusion-content-layout-column\" style=\"background-position:left top;background-repeat:no-repeat;-webkit-background-size:cover;-moz-background-size:cover;-o-background-size:cover;background-size:cover;padding: 0px 0px 0px 0px;\"><div class=\"fusion-text fusion-text-1\" style=\"transform:translate3d(0,0,0);\"><p align=\"justify\">A FESETE respeita e valoriza a privacidade de todos.<\/p>\n<p>Esta Pol\u00edtica de Privacidade e Prote\u00e7\u00e3o de Dados recolhida, estabelece os procedimentos da\u00a0FESETE no que diz respeito \u00e0 recep\u00e7\u00e3o, uso e disponibiliza\u00e7\u00e3o de informa\u00e7\u00f5es que possam ser fornecidas atrav\u00e9s deste website.<\/p>\n<p align=\"justify\">Por favor, leia esta Pol\u00edtica de Privacidade na sua totalidade antes de enviar informa\u00e7\u00f5es \u00e0\u00a0FESETE.<\/p>\n<p>Ao aceder a este website e sempre que enviar informa\u00e7\u00f5es atrav\u00e9s dele, est\u00e1 a concordar com os termos da Pol\u00edtica de Privacidade, e com as Pr\u00e1ticas sobre a Informa\u00e7\u00e3o recolhida a seguir descriminadas:<\/p>\n<p><strong>Recep\u00e7\u00e3o de Dados<\/strong><\/p>\n<p>A FESETE apenas recebe dados pessoais identific\u00e1veis como o nome e endere\u00e7o de correio electr\u00f3nico, quando os mesmos s\u00e3o enviados voluntariamente atrav\u00e9s deste website. Esta informa\u00e7\u00e3o poder\u00e1 ser utilizada pela\u00a0FESETE como forma de contacto para a envio de Newsletters ou informa\u00e7\u00f5es. Os dados n\u00e3o ser\u00e3o fornecidos a terceiros, mas podem ser usados dentro da\u00a0FESETE para fins de processamento ou envio de correio electr\u00f3nico.<\/p>\n<p>A FESETE mant\u00e9m os dados recebidos e enviados voluntariamente.<\/p>\n<p>Apesar da\u00a0FESETE fazer um grande esfor\u00e7o para proteger as informa\u00e7\u00f5es recebidas atrav\u00e9s do seu website, h\u00e1 sempre algum risco ao enviar dados atrav\u00e9s da Internet. N\u00e3o podemos garantir que o nosso website seja 100% seguro contra intrus\u00f5es ilegais ou &#8220;hacking&#8221;. Qualquer dado transmitido pela Internet pode correr o risco de ser interceptado. No entanto, uma vez recebido, ser\u00e3o aplicadas as mesmas protec\u00e7\u00f5es utilizadas pela\u00a0FESETE para proteger as suas pr\u00f3prias informa\u00e7\u00f5es confidenciais.<\/p>\n<p>Mantemos registo do n\u00famero total de visitantes do nosso website, do n\u00famero de visitantes de cada p\u00e1gina do website, e tamb\u00e9m dos nomes de dom\u00ednio dos ISPs dos nossos Utilizadores. Nenhuma informa\u00e7\u00e3o pessoal identific\u00e1vel \u00e9 recebida neste processo.<\/p>\n<p><strong>Actualiza\u00e7\u00e3o das suas informa\u00e7\u00f5es<\/strong><\/p>\n<p>Se a qualquer momento, desejar interromper a recep\u00e7\u00e3o de e-mails ou outras comunica\u00e7\u00f5es, ou se tiver enviado informa\u00e7\u00e3o pessoal identific\u00e1vel atrav\u00e9s do nosso website e gostaria que essa informa\u00e7\u00e3o fosse apagada dos nossos registos, \u00e9 favor notificar-nos. Poder\u00e1 tamb\u00e9m requisitar acesso aos seus dados pessoais mantidos pela\u00a0FESETE, assim como poder\u00e1 tamb\u00e9m requisitar correc\u00e7\u00e3o ou mudan\u00e7as nesses dados, enviando um email para:\u00a0<a href=\"mailto:fesete@fesete.pt\">fesete@fesete.pt<\/a><\/p>\n<p><strong>Liga\u00e7\u00f5es a websites de terceiros<br \/><\/strong><br \/>Se o nosso website contiver liga\u00e7\u00f5es para websites de terceiros (de propriedade de outros que n\u00e3o da\u00a0FESETE), a pol\u00edtica de privacidade aqui apresentada n\u00e3o se aplica a estes websites. Dever\u00e1 verificar directamente nesses websites a sua pol\u00edtica de privacidade, acordos de confidencialidade e procedimentos de recep\u00e7\u00e3o\/distribui\u00e7\u00e3o de dados.<\/p>\n<p><strong>Cookies<\/strong><\/p>\n<p>O nosso website utiliza uma tecnologia chamada &#8220;cookies n\u00e3o persistentes&#8221;, que \u00e9 um pequeno arquivo de dados que um servidor envia para o seu browser . A utiliza\u00e7\u00e3o da tecnologia &#8220;cookies n\u00e3o persistentes&#8221; para contabilizar as visitas \u00e0s p\u00e1ginas, permite-nos analisar a utiliza\u00e7\u00e3o do nosso website de forma mais precisa.<\/p>\n<p><strong>Actualiza\u00e7\u00f5es das Pol\u00edticas de Privacidade<\/strong><\/p>\n<p>Quaisquer mudan\u00e7as realizadas na pol\u00edtica de privacidade da\u00a0FESETE ser\u00e3o descriminadas nesta p\u00e1gina.\u00a0<\/p>\n<p align=\"justify\"><strong>\u00a0<\/strong><\/p>\n<p align=\"justify\"><strong>Autoriza\u00e7\u00e3o para esta Pol\u00edtica de Privacidade<\/strong><\/p>\n<p>Expressa a sua aceita\u00e7\u00e3o desta Pol\u00edtica de Privacidade ao utilizar este website. Se n\u00e3o estiver de acordo com alguma condi\u00e7\u00e3o desta pol\u00edtica, por favor n\u00e3o utilize este site ou n\u00e3o envie informa\u00e7\u00e3o pessoal identific\u00e1vel.<\/p>\n<\/div><\/div><\/div><style type=\"text\/css\">.fusion-body .fusion-builder-column-0{width:100% !important;margin-top : 20px;margin-bottom : 20px;}.fusion-builder-column-0 > .fusion-column-wrapper {padding-top : 0px !important;padding-right : 0px !important;margin-right : 1.92%;padding-bottom : 0px !important;padding-left : 0px !important;margin-left : 1.92%;}@media only screen and (max-width:1200px) {.fusion-body .fusion-builder-column-0{width:100% !important;order : 0;}.fusion-builder-column-0 > .fusion-column-wrapper {margin-right : 1.92%;margin-left : 1.92%;}}@media only screen and (max-width:640px) {.fusion-body .fusion-builder-column-0{width:100% !important;order : 0;}.fusion-builder-column-0 > .fusion-column-wrapper {margin-right : 1.92%;margin-left : 1.92%;}}<\/style><\/div><style type=\"text\/css\">.fusion-body .fusion-flex-container.fusion-builder-row-1{ padding-top : 0px;margin-top : 0px;padding-right : 0px;padding-bottom : 0px;margin-bottom : 0px;padding-left : 0px;}<\/style><\/div>\n","protected":false},"excerpt":{"rendered":"","protected":false},"author":1,"featured_media":0,"parent":0,"menu_order":0,"comment_status":"closed","ping_status":"open","template":"","meta":[],"_links":{"self":[{"href":"https:\/\/fesete.pt\/qualidade-emprego-igualdade\/wp-json\/wp\/v2\/pages\/3"}],"collection":[{"href":"https:\/\/fesete.pt\/qualidade-emprego-igualdade\/wp-json\/wp\/v2\/pages"}],"about":[{"href":"https:\/\/fesete.pt\/qualidade-emprego-igualdade\/wp-json\/wp\/v2\/types\/page"}],"author":[{"embeddable":true,"href":"https:\/\/fesete.pt\/qualidade-emprego-igualdade\/wp-json\/wp\/v2\/users\/1"}],"replies":[{"embeddable":true,"href":"https:\/\/fesete.pt\/qualidade-emprego-igualdade\/wp-json\/wp\/v2\/comments?post=3"}],"version-history":[{"count":1,"href":"https:\/\/fesete.pt\/qualidade-emprego-igualdade\/wp-json\/wp\/v2\/pages\/3\/revisions"}],"predecessor-version":[{"id":2779,"href":"https:\/\/fesete.pt\/qualidade-emprego-igualdade\/wp-json\/wp\/v2\/pages\/3\/revisions\/2779"}],"wp:attachment":[{"href":"https:\/\/fesete.pt\/qualidade-emprego-igualdade\/wp-json\/wp\/v2\/media?parent=3"}],"curies":[{"name":"wp","href":"https:\/\/api.w.org\/{rel}","templated":true}]}}