{"id":4058,"date":"2024-04-02T12:52:58","date_gmt":"2024-04-02T12:52:58","guid":{"rendered":"https:\/\/fesete.pt\/qualidade-emprego-igualdade\/?page_id=4058"},"modified":"2024-04-02T13:42:09","modified_gmt":"2024-04-02T13:42:09","slug":"divulgacao-do-projecto","status":"publish","type":"page","link":"https:\/\/fesete.pt\/qualidade-emprego-igualdade\/divulgacao-do-projecto\/","title":{"rendered":"Divulga\u00e7\u00e3o do Projecto"},"content":{"rendered":"<p><div class=\"fusion-fullwidth fullwidth-box fusion-builder-row-1 fusion-flex-container nonhundred-percent-fullwidth non-hundred-percent-height-scrolling\" style=\"background-color: rgba(255,255,255,0);background-position: center center;background-repeat: no-repeat;border-width: 0px 0px 0px 0px;border-color:#e8ebef;border-style:solid;\" ><div class=\"fusion-builder-row fusion-row fusion-flex-align-items-flex-start\" style=\"max-width:1331.2px;margin-left: calc(-4% \/ 2 );margin-right: calc(-4% \/ 2 );\"><div class=\"fusion-layout-column fusion_builder_column fusion-builder-column-0 fusion_builder_column_1_1 1_1 fusion-flex-column\"><div class=\"fusion-column-wrapper fusion-flex-justify-content-flex-start fusion-content-layout-column\" style=\"background-position:left top;background-repeat:no-repeat;-webkit-background-size:cover;-moz-background-size:cover;-o-background-size:cover;background-size:cover;padding: 0px 0px 0px 0px;\"><style type=\"text\/css\">@media only screen and (max-width:1200px) {.fusion-title.fusion-title-1{margin-top:10px!important;margin-bottom:20px!important;}}@media only screen and (max-width:640px) {.fusion-title.fusion-title-1{margin-top:10px!important;margin-bottom:20px!important;}}<\/style><div class=\"fusion-title title fusion-title-1 fusion-sep-none fusion-title-text fusion-title-size-three\" style=\"margin-top:10px;margin-bottom:20px;\"><h3 class=\"title-heading-left\" style=\"margin:0;\"><h5>Divulga\u00e7\u00e3o do projecto \u201cConstru\u00e7\u00e3o de um Sistema de Avalia\u00e7\u00e3o de Fun\u00e7\u00f5es e Remunera\u00e7\u00f5es nos CCT das Ind\u00fastrias do Vestu\u00e1rio e Curtumes com vista \u00e0 melhoria da Qualidade do Emprego e promo\u00e7\u00e3o da Igualdade\u201d pelas Casas Sindicais dos sindicatos filiados na FESETE<\/h5><\/h3><\/div><\/div><\/div><style type=\"text\/css\">.fusion-body .fusion-builder-column-0{width:100% !important;margin-top : 20px;margin-bottom : 20px;}.fusion-builder-column-0 > .fusion-column-wrapper {padding-top : 0px !important;padding-right : 0px !important;margin-right : 1.92%;padding-bottom : 0px !important;padding-left : 0px !important;margin-left : 1.92%;}@media only screen and (max-width:1200px) {.fusion-body .fusion-builder-column-0{width:100% !important;order : 0;}.fusion-builder-column-0 > .fusion-column-wrapper {margin-right : 1.92%;margin-left : 1.92%;}}@media only screen and (max-width:640px) {.fusion-body .fusion-builder-column-0{width:100% !important;order : 0;}.fusion-builder-column-0 > .fusion-column-wrapper {margin-right : 1.92%;margin-left : 1.92%;}}<\/style><div class=\"fusion-layout-column fusion_builder_column fusion-builder-column-1 fusion_builder_column_1_4 1_4 fusion-flex-column\"><div class=\"fusion-column-wrapper fusion-flex-justify-content-flex-start fusion-content-layout-column\" style=\"background-position:left top;background-repeat:no-repeat;-webkit-background-size:cover;-moz-background-size:cover;-o-background-size:cover;background-size:cover;padding: 0px 0px 0px 0px;\"><div ><div class=\"imageframe-liftup imageframe-1\"><style>.imageframe-liftup.imageframe-1:before{border-radius:12px;}<\/style><span class=\" fusion-imageframe imageframe-dropshadow imageframe-1\" style=\"border-radius:12px;-webkit-box-shadow: 8px 8px 12px rgba(0,0,0,0.3);box-shadow: 8px 8px 12px rgba(0,0,0,0.3);\"><a href=\"https:\/\/fesete.pt\/qualidade-emprego-igualdade\/wp-content\/uploads\/2022\/06\/cartazplacard.png\" class=\"fusion-lightbox\" data-rel=\"iLightbox[20287da0d9b1a768761]\" data-title=\"cartazplacard\" title=\"cartazplacard\"><img decoding=\"async\" width=\"505\" height=\"456\" src=\"https:\/\/fesete.pt\/qualidade-emprego-igualdade\/wp-content\/uploads\/2022\/06\/cartazplacard.png\" data-orig-src=\"https:\/\/fesete.pt\/qualidade-emprego-igualdade\/wp-content\/uploads\/2022\/06\/cartazplacard.png\" class=\"lazyload img-responsive wp-image-3218\" srcset=\"data:image\/svg+xml,%3Csvg%20xmlns%3D%27http%3A%2F%2Fwww.w3.org%2F2000%2Fsvg%27%20width%3D%27505%27%20height%3D%27456%27%20viewBox%3D%270%200%20505%20456%27%3E%3Crect%20width%3D%27505%27%20height%3D%273456%27%20fill-opacity%3D%220%22%2F%3E%3C%2Fsvg%3E\" data-srcset=\"https:\/\/fesete.pt\/qualidade-emprego-igualdade\/wp-content\/uploads\/2022\/06\/cartazplacard-200x181.png 200w, https:\/\/fesete.pt\/qualidade-emprego-igualdade\/wp-content\/uploads\/2022\/06\/cartazplacard-400x361.png 400w, https:\/\/fesete.pt\/qualidade-emprego-igualdade\/wp-content\/uploads\/2022\/06\/cartazplacard.png 505w\" data-sizes=\"auto\" data-orig-sizes=\"(max-width: 640px) 100vw, 400px\" \/><\/a><\/span><\/div><\/div><div class=\"fusion-text fusion-text-1\" style=\"transform:translate3d(0,0,0);\"><p>Divulga\u00e7\u00e3o do Cartaz\u00a0 no Placard\u00a0 &#8211; FESETE e SINTEVECC &#8211; Casa Sindical\u00a0 dos TTVC &#8211; Trabalhadores T\u00eaxteis, Vestu\u00e1rio, Ca\u00e7ado e Curtumes, sita na Avenida da Boavista, no Porto<\/p>\n<\/div><\/div><\/div><style type=\"text\/css\">.fusion-body .fusion-builder-column-1{width:25% !important;margin-top : 20px;margin-bottom : 20px;}.fusion-builder-column-1 > .fusion-column-wrapper {padding-top : 0px !important;padding-right : 0px !important;margin-right : 7.68%;padding-bottom : 0px !important;padding-left : 0px !important;margin-left : 7.68%;}@media only screen and (max-width:1200px) {.fusion-body .fusion-builder-column-1{width:25% !important;order : 0;}.fusion-builder-column-1 > .fusion-column-wrapper {margin-right : 7.68%;margin-left : 7.68%;}}@media only screen and (max-width:640px) {.fusion-body .fusion-builder-column-1{width:100% !important;order : 0;}.fusion-builder-column-1 > .fusion-column-wrapper {margin-right : 1.92%;margin-left : 1.92%;}}<\/style><div class=\"fusion-layout-column fusion_builder_column fusion-builder-column-2 fusion_builder_column_1_4 1_4 fusion-flex-column\"><div class=\"fusion-column-wrapper fusion-flex-justify-content-flex-start fusion-content-layout-column\" style=\"background-position:left top;background-repeat:no-repeat;-webkit-background-size:cover;-moz-background-size:cover;-o-background-size:cover;background-size:cover;padding: 0px 0px 0px 0px;\"><div ><div class=\"imageframe-liftup imageframe-2\"><style>.imageframe-liftup.imageframe-2:before{border-radius:12px;}<\/style><span class=\" fusion-imageframe imageframe-dropshadow imageframe-2\" style=\"border-radius:12px;-webkit-box-shadow: 8px 8px 12px rgba(0,0,0,0.3);box-shadow: 8px 8px 12px rgba(0,0,0,0.3);\"><a href=\"https:\/\/fesete.pt\/qualidade-emprego-igualdade\/wp-content\/uploads\/2022\/06\/cartazinstalacoes.png\" class=\"fusion-lightbox\" data-rel=\"iLightbox[1319313966a7a2f9a10]\" data-title=\"cartazinstala\u00e7oes\" title=\"cartazinstala\u00e7oes\"><img decoding=\"async\" width=\"795\" height=\"626\" src=\"https:\/\/fesete.pt\/qualidade-emprego-igualdade\/wp-content\/uploads\/2022\/06\/cartazinstalacoes.png\" data-orig-src=\"https:\/\/fesete.pt\/qualidade-emprego-igualdade\/wp-content\/uploads\/2022\/06\/cartazinstalacoes.png\" class=\"lazyload img-responsive wp-image-3220\" srcset=\"data:image\/svg+xml,%3Csvg%20xmlns%3D%27http%3A%2F%2Fwww.w3.org%2F2000%2Fsvg%27%20width%3D%27795%27%20height%3D%27626%27%20viewBox%3D%270%200%20795%20626%27%3E%3Crect%20width%3D%27795%27%20height%3D%273626%27%20fill-opacity%3D%220%22%2F%3E%3C%2Fsvg%3E\" data-srcset=\"https:\/\/fesete.pt\/qualidade-emprego-igualdade\/wp-content\/uploads\/2022\/06\/cartazinstalacoes-200x157.png 200w, https:\/\/fesete.pt\/qualidade-emprego-igualdade\/wp-content\/uploads\/2022\/06\/cartazinstalacoes-400x315.png 400w, https:\/\/fesete.pt\/qualidade-emprego-igualdade\/wp-content\/uploads\/2022\/06\/cartazinstalacoes-600x472.png 600w, https:\/\/fesete.pt\/qualidade-emprego-igualdade\/wp-content\/uploads\/2022\/06\/cartazinstalacoes.png 795w\" data-sizes=\"auto\" data-orig-sizes=\"(max-width: 640px) 100vw, 400px\" \/><\/a><\/span><\/div><\/div><div class=\"fusion-text fusion-text-2\" style=\"transform:translate3d(0,0,0);\"><p>Divulga\u00e7\u00e3o do Cartaz\u00a0 nas instala\u00e7\u00f5es da FESETE e SINTEVECC\u00a0 Casa Sindical\u00a0 dos TTVC- Trabalhadores T\u00eaxteis, Vestu\u00e1rio, Ca\u00e7ado e Curtumes, sita na Avenida da Boavista, no Porto<\/p>\n<\/div><\/div><\/div><style type=\"text\/css\">.fusion-body .fusion-builder-column-2{width:25% !important;margin-top : 20px;margin-bottom : 20px;}.fusion-builder-column-2 > .fusion-column-wrapper {padding-top : 0px !important;padding-right : 0px !important;margin-right : 7.68%;padding-bottom : 0px !important;padding-left : 0px !important;margin-left : 7.68%;}@media only screen and (max-width:1200px) {.fusion-body .fusion-builder-column-2{width:25% !important;order : 0;}.fusion-builder-column-2 > .fusion-column-wrapper {margin-right : 7.68%;margin-left : 7.68%;}}@media only screen and (max-width:640px) {.fusion-body .fusion-builder-column-2{width:100% !important;order : 0;}.fusion-builder-column-2 > .fusion-column-wrapper {margin-right : 1.92%;margin-left : 1.92%;}}<\/style><div class=\"fusion-layout-column fusion_builder_column fusion-builder-column-3 fusion_builder_column_1_4 1_4 fusion-flex-column\"><div class=\"fusion-column-wrapper fusion-flex-justify-content-flex-start fusion-content-layout-column\" style=\"background-position:left top;background-repeat:no-repeat;-webkit-background-size:cover;-moz-background-size:cover;-o-background-size:cover;background-size:cover;padding: 0px 0px 0px 0px;\"><div ><div class=\"imageframe-liftup imageframe-3\"><style>.imageframe-liftup.imageframe-3:before{border-radius:12px;}<\/style><span class=\" fusion-imageframe imageframe-dropshadow imageframe-3\" style=\"border-radius:12px;-webkit-box-shadow: 8px 8px 12px rgba(0,0,0,0.3);box-shadow: 8px 8px 12px rgba(0,0,0,0.3);\"><a href=\"https:\/\/fesete.pt\/qualidade-emprego-igualdade\/wp-content\/uploads\/2022\/06\/roll-up-curtumes-e-vestuario-entrada.png\" class=\"fusion-lightbox\" data-rel=\"iLightbox[630909cb4999f72843c]\" data-title=\"roll up curtumes e vestuario entrada\" title=\"roll up curtumes e vestuario entrada\"><img decoding=\"async\" width=\"373\" height=\"668\" src=\"https:\/\/fesete.pt\/qualidade-emprego-igualdade\/wp-content\/uploads\/2022\/06\/roll-up-curtumes-e-vestuario-entrada.png\" data-orig-src=\"https:\/\/fesete.pt\/qualidade-emprego-igualdade\/wp-content\/uploads\/2022\/06\/roll-up-curtumes-e-vestuario-entrada.png\" class=\"lazyload img-responsive wp-image-3225\" srcset=\"data:image\/svg+xml,%3Csvg%20xmlns%3D%27http%3A%2F%2Fwww.w3.org%2F2000%2Fsvg%27%20width%3D%27373%27%20height%3D%27668%27%20viewBox%3D%270%200%20373%20668%27%3E%3Crect%20width%3D%27373%27%20height%3D%273668%27%20fill-opacity%3D%220%22%2F%3E%3C%2Fsvg%3E\" data-srcset=\"https:\/\/fesete.pt\/qualidade-emprego-igualdade\/wp-content\/uploads\/2022\/06\/roll-up-curtumes-e-vestuario-entrada-200x358.png 200w, https:\/\/fesete.pt\/qualidade-emprego-igualdade\/wp-content\/uploads\/2022\/06\/roll-up-curtumes-e-vestuario-entrada.png 373w\" data-sizes=\"auto\" data-orig-sizes=\"(max-width: 640px) 100vw, 373px\" \/><\/a><\/span><\/div><\/div><div class=\"fusion-text fusion-text-3\" style=\"transform:translate3d(0,0,0);\"><p>Divulga\u00e7\u00e3o do Roll-Up\u00a0 do Vestu\u00e1rio e Curtumes nas instala\u00e7\u00f5es da Casa Sindical FESETE e\u00a0 SINTEVECC &#8211; no Porto<\/p>\n<\/div><\/div><\/div><style type=\"text\/css\">.fusion-body .fusion-builder-column-3{width:25% !important;margin-top : 20px;margin-bottom : 20px;}.fusion-builder-column-3 > .fusion-column-wrapper {padding-top : 0px !important;padding-right : 0px !important;margin-right : 7.68%;padding-bottom : 0px !important;padding-left : 0px !important;margin-left : 7.68%;}@media only screen and (max-width:1200px) {.fusion-body .fusion-builder-column-3{width:25% !important;order : 0;}.fusion-builder-column-3 > .fusion-column-wrapper {margin-right : 7.68%;margin-left : 7.68%;}}@media only screen and (max-width:640px) {.fusion-body .fusion-builder-column-3{width:100% !important;order : 0;}.fusion-builder-column-3 > .fusion-column-wrapper {margin-right : 1.92%;margin-left : 1.92%;}}<\/style><div class=\"fusion-layout-column fusion_builder_column fusion-builder-column-4 fusion_builder_column_1_4 1_4 fusion-flex-column\"><div class=\"fusion-column-wrapper fusion-flex-justify-content-flex-start fusion-content-layout-column\" style=\"background-position:left top;background-repeat:no-repeat;-webkit-background-size:cover;-moz-background-size:cover;-o-background-size:cover;background-size:cover;padding: 0px 0px 0px 0px;\"><div ><div class=\"imageframe-liftup imageframe-4\"><style>.imageframe-liftup.imageframe-4:before{border-radius:12px;}<\/style><span class=\" fusion-imageframe imageframe-dropshadow imageframe-4\" style=\"border-radius:12px;-webkit-box-shadow: 8px 8px 12px rgba(0,0,0,0.3);box-shadow: 8px 8px 12px rgba(0,0,0,0.3);\"><a href=\"https:\/\/fesete.pt\/qualidade-emprego-igualdade\/wp-content\/uploads\/2022\/06\/Divulgacao-Cartazes-Casa-Sindical-do-SINTEVECC-em-Santo-Tirso.jpg\" class=\"fusion-lightbox\" data-rel=\"iLightbox[12c184e4990dcd1533e]\" data-title=\"Divulga\u00e7\u00e3o Cartazes Casa Sindical do SINTEVECC em Santo Tirso\" title=\"Divulga\u00e7\u00e3o Cartazes Casa Sindical do SINTEVECC em Santo Tirso\"><img decoding=\"async\" width=\"405\" height=\"332\" src=\"https:\/\/fesete.pt\/qualidade-emprego-igualdade\/wp-content\/uploads\/2022\/06\/Divulgacao-Cartazes-Casa-Sindical-do-SINTEVECC-em-Santo-Tirso.jpg\" data-orig-src=\"https:\/\/fesete.pt\/qualidade-emprego-igualdade\/wp-content\/uploads\/2022\/06\/Divulgacao-Cartazes-Casa-Sindical-do-SINTEVECC-em-Santo-Tirso.jpg\" class=\"lazyload img-responsive wp-image-3368\" srcset=\"data:image\/svg+xml,%3Csvg%20xmlns%3D%27http%3A%2F%2Fwww.w3.org%2F2000%2Fsvg%27%20width%3D%27405%27%20height%3D%27332%27%20viewBox%3D%270%200%20405%20332%27%3E%3Crect%20width%3D%27405%27%20height%3D%273332%27%20fill-opacity%3D%220%22%2F%3E%3C%2Fsvg%3E\" data-srcset=\"https:\/\/fesete.pt\/qualidade-emprego-igualdade\/wp-content\/uploads\/2022\/06\/Divulgacao-Cartazes-Casa-Sindical-do-SINTEVECC-em-Santo-Tirso-200x164.jpg 200w, https:\/\/fesete.pt\/qualidade-emprego-igualdade\/wp-content\/uploads\/2022\/06\/Divulgacao-Cartazes-Casa-Sindical-do-SINTEVECC-em-Santo-Tirso-400x328.jpg 400w, https:\/\/fesete.pt\/qualidade-emprego-igualdade\/wp-content\/uploads\/2022\/06\/Divulgacao-Cartazes-Casa-Sindical-do-SINTEVECC-em-Santo-Tirso.jpg 405w\" data-sizes=\"auto\" data-orig-sizes=\"(max-width: 640px) 100vw, 400px\" \/><\/a><\/span><\/div><\/div><div class=\"fusion-text fusion-text-4\" style=\"transform:translate3d(0,0,0);\"><p>Divulga\u00e7\u00e3o do Cartaz\u00a0 do Vestu\u00e1rio e Curtumes nas instala\u00e7\u00f5es da Casa Sindical do SINTEVECC &#8211; Sindicato dos Trabalhadores dos Sectores T\u00eaxteis, Vestu\u00e1rio, Cal\u00e7ado e Curtumes do Distrito do Porto, em Santo Tirso.<\/p>\n<\/div><\/div><\/div><style type=\"text\/css\">.fusion-body .fusion-builder-column-4{width:25% !important;margin-top : 20px;margin-bottom : 20px;}.fusion-builder-column-4 > .fusion-column-wrapper {padding-top : 0px !important;padding-right : 0px !important;margin-right : 7.68%;padding-bottom : 0px !important;padding-left : 0px !important;margin-left : 7.68%;}@media only screen and (max-width:1200px) {.fusion-body .fusion-builder-column-4{width:25% !important;order : 0;}.fusion-builder-column-4 > .fusion-column-wrapper {margin-right : 7.68%;margin-left : 7.68%;}}@media only screen and (max-width:640px) {.fusion-body .fusion-builder-column-4{width:100% !important;order : 0;}.fusion-builder-column-4 > .fusion-column-wrapper {margin-right : 1.92%;margin-left : 1.92%;}}<\/style><div class=\"fusion-layout-column fusion_builder_column fusion-builder-column-5 fusion_builder_column_1_4 1_4 fusion-flex-column\"><div class=\"fusion-column-wrapper fusion-flex-justify-content-flex-start fusion-content-layout-column\" style=\"background-position:left top;background-repeat:no-repeat;-webkit-background-size:cover;-moz-background-size:cover;-o-background-size:cover;background-size:cover;padding: 0px 0px 0px 0px;\"><div ><div class=\"imageframe-liftup imageframe-5\"><style>.imageframe-liftup.imageframe-5:before{border-radius:12px;}<\/style><span class=\" fusion-imageframe imageframe-dropshadow imageframe-5\" style=\"border-radius:12px;-webkit-box-shadow: 8px 8px 12px rgba(0,0,0,0.3);box-shadow: 8px 8px 12px rgba(0,0,0,0.3);\"><a href=\"https:\/\/fesete.pt\/qualidade-emprego-igualdade\/wp-content\/uploads\/2022\/06\/divulgacao-roll-ups-Casa-Sindical-SINTEVECC-em-Santo-Tirso.jpg\" class=\"fusion-lightbox\" data-rel=\"iLightbox[f9580ab774c381c26ab]\" data-title=\"divulga\u00e7\u00e3o roll ups Casa Sindical SINTEVECC em Santo Tirso\" title=\"divulga\u00e7\u00e3o roll ups Casa Sindical SINTEVECC em Santo Tirso\"><img decoding=\"async\" width=\"540\" height=\"557\" src=\"https:\/\/fesete.pt\/qualidade-emprego-igualdade\/wp-content\/uploads\/2022\/06\/divulgacao-roll-ups-Casa-Sindical-SINTEVECC-em-Santo-Tirso.jpg\" data-orig-src=\"https:\/\/fesete.pt\/qualidade-emprego-igualdade\/wp-content\/uploads\/2022\/06\/divulgacao-roll-ups-Casa-Sindical-SINTEVECC-em-Santo-Tirso.jpg\" class=\"lazyload img-responsive wp-image-3369\" srcset=\"data:image\/svg+xml,%3Csvg%20xmlns%3D%27http%3A%2F%2Fwww.w3.org%2F2000%2Fsvg%27%20width%3D%27540%27%20height%3D%27557%27%20viewBox%3D%270%200%20540%20557%27%3E%3Crect%20width%3D%27540%27%20height%3D%273557%27%20fill-opacity%3D%220%22%2F%3E%3C%2Fsvg%3E\" data-srcset=\"https:\/\/fesete.pt\/qualidade-emprego-igualdade\/wp-content\/uploads\/2022\/06\/divulgacao-roll-ups-Casa-Sindical-SINTEVECC-em-Santo-Tirso-200x206.jpg 200w, https:\/\/fesete.pt\/qualidade-emprego-igualdade\/wp-content\/uploads\/2022\/06\/divulgacao-roll-ups-Casa-Sindical-SINTEVECC-em-Santo-Tirso-400x413.jpg 400w, https:\/\/fesete.pt\/qualidade-emprego-igualdade\/wp-content\/uploads\/2022\/06\/divulgacao-roll-ups-Casa-Sindical-SINTEVECC-em-Santo-Tirso.jpg 540w\" data-sizes=\"auto\" data-orig-sizes=\"(max-width: 640px) 100vw, 400px\" \/><\/a><\/span><\/div><\/div><div class=\"fusion-text fusion-text-5\" style=\"transform:translate3d(0,0,0);\"><p>Divulga\u00e7\u00e3o do Roll-Up\u00a0 do Vestu\u00e1rio e Curtumes nas instala\u00e7\u00f5es da Casa Sindical do SINTEVECC &#8211; Sindicato Sectores T\u00eaxteis, Vestu\u00e1rio, Cal\u00e7ado e Curtumes do Distrito do Porto,\u00a0 em Santo Tirso.<\/p>\n<\/div><\/div><\/div><style type=\"text\/css\">.fusion-body .fusion-builder-column-5{width:25% !important;margin-top : 20px;margin-bottom : 20px;}.fusion-builder-column-5 > .fusion-column-wrapper {padding-top : 0px !important;padding-right : 0px !important;margin-right : 7.68%;padding-bottom : 0px !important;padding-left : 0px !important;margin-left : 7.68%;}@media only screen and (max-width:1200px) {.fusion-body .fusion-builder-column-5{width:25% !important;order : 0;}.fusion-builder-column-5 > .fusion-column-wrapper {margin-right : 7.68%;margin-left : 7.68%;}}@media only screen and (max-width:640px) {.fusion-body .fusion-builder-column-5{width:100% !important;order : 0;}.fusion-builder-column-5 > .fusion-column-wrapper {margin-right : 1.92%;margin-left : 1.92%;}}<\/style><div class=\"fusion-layout-column fusion_builder_column fusion-builder-column-6 fusion_builder_column_1_4 1_4 fusion-flex-column\"><div class=\"fusion-column-wrapper fusion-flex-justify-content-flex-start fusion-content-layout-column\" style=\"background-position:left top;background-repeat:no-repeat;-webkit-background-size:cover;-moz-background-size:cover;-o-background-size:cover;background-size:cover;padding: 0px 0px 0px 0px;\"><div ><div class=\"imageframe-liftup imageframe-6\"><style>.imageframe-liftup.imageframe-6:before{border-radius:12px;}<\/style><span class=\" fusion-imageframe imageframe-dropshadow imageframe-6\" style=\"border-radius:12px;-webkit-box-shadow: 8px 8px 12px rgba(0,0,0,0.3);box-shadow: 8px 8px 12px rgba(0,0,0,0.3);\"><a href=\"https:\/\/fesete.pt\/qualidade-emprego-igualdade\/wp-content\/uploads\/2022\/06\/foto-cartazdivulgacao-SINPICVAT.jpg\" class=\"fusion-lightbox\" data-rel=\"iLightbox[98ec01c2235620fac1b]\" data-title=\"foto cartazdivulga\u00e7\u00e3o SINPICVAT\" title=\"foto cartazdivulga\u00e7\u00e3o SINPICVAT\"><img decoding=\"async\" width=\"266\" height=\"361\" src=\"https:\/\/fesete.pt\/qualidade-emprego-igualdade\/wp-content\/uploads\/2022\/06\/foto-cartazdivulgacao-SINPICVAT.jpg\" data-orig-src=\"https:\/\/fesete.pt\/qualidade-emprego-igualdade\/wp-content\/uploads\/2022\/06\/foto-cartazdivulgacao-SINPICVAT.jpg\" class=\"lazyload img-responsive wp-image-3300\" srcset=\"data:image\/svg+xml,%3Csvg%20xmlns%3D%27http%3A%2F%2Fwww.w3.org%2F2000%2Fsvg%27%20width%3D%27266%27%20height%3D%27361%27%20viewBox%3D%270%200%20266%20361%27%3E%3Crect%20width%3D%27266%27%20height%3D%273361%27%20fill-opacity%3D%220%22%2F%3E%3C%2Fsvg%3E\" data-srcset=\"https:\/\/fesete.pt\/qualidade-emprego-igualdade\/wp-content\/uploads\/2022\/06\/foto-cartazdivulgacao-SINPICVAT-200x271.jpg 200w, https:\/\/fesete.pt\/qualidade-emprego-igualdade\/wp-content\/uploads\/2022\/06\/foto-cartazdivulgacao-SINPICVAT.jpg 266w\" data-sizes=\"auto\" data-orig-sizes=\"(max-width: 640px) 100vw, 266px\" \/><\/a><\/span><\/div><\/div><div class=\"fusion-text fusion-text-6\" style=\"transform:translate3d(0,0,0);\"><p>Divulga\u00e7\u00e3o do Cartaz do Vestu\u00e1rio nas instala\u00e7\u00f5es do SINPICVAT &#8211; Sindicato Nacional dos Profissionais da Ind\u00fastria e Com\u00e9rcio de Vestu\u00e1rio e de Artigos T\u00eaxteis, no Porto<\/p>\n<\/div><\/div><\/div><style type=\"text\/css\">.fusion-body .fusion-builder-column-6{width:25% !important;margin-top : 20px;margin-bottom : 20px;}.fusion-builder-column-6 > .fusion-column-wrapper {padding-top : 0px !important;padding-right : 0px !important;margin-right : 7.68%;padding-bottom : 0px !important;padding-left : 0px !important;margin-left : 7.68%;}@media only screen and (max-width:1200px) {.fusion-body .fusion-builder-column-6{width:25% !important;order : 0;}.fusion-builder-column-6 > .fusion-column-wrapper {margin-right : 7.68%;margin-left : 7.68%;}}@media only screen and (max-width:640px) {.fusion-body .fusion-builder-column-6{width:100% !important;order : 0;}.fusion-builder-column-6 > .fusion-column-wrapper {margin-right : 1.92%;margin-left : 1.92%;}}<\/style><div class=\"fusion-layout-column fusion_builder_column fusion-builder-column-7 fusion_builder_column_1_4 1_4 fusion-flex-column\"><div class=\"fusion-column-wrapper fusion-flex-justify-content-flex-start fusion-content-layout-column\" style=\"background-position:left top;background-repeat:no-repeat;-webkit-background-size:cover;-moz-background-size:cover;-o-background-size:cover;background-size:cover;padding: 0px 0px 0px 0px;\"><div ><div class=\"imageframe-liftup imageframe-7\"><style>.imageframe-liftup.imageframe-7:before{border-radius:12px;}<\/style><span class=\" fusion-imageframe imageframe-dropshadow imageframe-7\" style=\"border-radius:12px;-webkit-box-shadow: 8px 8px 12px rgba(0,0,0,0.3);box-shadow: 8px 8px 12px rgba(0,0,0,0.3);\"><a href=\"https:\/\/fesete.pt\/qualidade-emprego-igualdade\/wp-content\/uploads\/2022\/06\/divulgacao-do-Porjecto-reuniao-de-Direccao-do-SINPICVAT-Porto.jpg\" class=\"fusion-lightbox\" data-rel=\"iLightbox[e433743b6b5359cca26]\" data-title=\"divulga\u00e7\u00e3o do Porjecto &#8211; reuni\u00e3o de Direc\u00e7\u00e3o do SINPICVAT &#8211; Porto\" title=\"divulga\u00e7\u00e3o do Porjecto &#8211; reuni\u00e3o de Direc\u00e7\u00e3o do SINPICVAT &#8211; Porto\"><img decoding=\"async\" width=\"594\" height=\"292\" src=\"https:\/\/fesete.pt\/qualidade-emprego-igualdade\/wp-content\/uploads\/2022\/06\/divulgacao-do-Porjecto-reuniao-de-Direccao-do-SINPICVAT-Porto.jpg\" data-orig-src=\"https:\/\/fesete.pt\/qualidade-emprego-igualdade\/wp-content\/uploads\/2022\/06\/divulgacao-do-Porjecto-reuniao-de-Direccao-do-SINPICVAT-Porto.jpg\" class=\"lazyload img-responsive wp-image-3372\" srcset=\"data:image\/svg+xml,%3Csvg%20xmlns%3D%27http%3A%2F%2Fwww.w3.org%2F2000%2Fsvg%27%20width%3D%27594%27%20height%3D%27292%27%20viewBox%3D%270%200%20594%20292%27%3E%3Crect%20width%3D%27594%27%20height%3D%273292%27%20fill-opacity%3D%220%22%2F%3E%3C%2Fsvg%3E\" data-srcset=\"https:\/\/fesete.pt\/qualidade-emprego-igualdade\/wp-content\/uploads\/2022\/06\/divulgacao-do-Porjecto-reuniao-de-Direccao-do-SINPICVAT-Porto-200x98.jpg 200w, https:\/\/fesete.pt\/qualidade-emprego-igualdade\/wp-content\/uploads\/2022\/06\/divulgacao-do-Porjecto-reuniao-de-Direccao-do-SINPICVAT-Porto-400x197.jpg 400w, https:\/\/fesete.pt\/qualidade-emprego-igualdade\/wp-content\/uploads\/2022\/06\/divulgacao-do-Porjecto-reuniao-de-Direccao-do-SINPICVAT-Porto.jpg 594w\" data-sizes=\"auto\" data-orig-sizes=\"(max-width: 640px) 100vw, 400px\" \/><\/a><\/span><\/div><\/div><div class=\"fusion-text fusion-text-7\" style=\"transform:translate3d(0,0,0);\"><p>Divulga\u00e7\u00e3o do Projecto &#8211; Reuni\u00e3o da Direc\u00e7\u00e3o do SINPICVAT &#8211; Sindicato Nacional dos Profissionais da Ind\u00fastria e Com\u00e9rcio de Vestu\u00e1rio e de Artigos T\u00eaxteis, no Porto<\/p>\n<\/div><\/div><\/div><style type=\"text\/css\">.fusion-body .fusion-builder-column-7{width:25% !important;margin-top : 20px;margin-bottom : 20px;}.fusion-builder-column-7 > .fusion-column-wrapper {padding-top : 0px !important;padding-right : 0px !important;margin-right : 7.68%;padding-bottom : 0px !important;padding-left : 0px !important;margin-left : 7.68%;}@media only screen and (max-width:1200px) {.fusion-body .fusion-builder-column-7{width:25% !important;order : 0;}.fusion-builder-column-7 > .fusion-column-wrapper {margin-right : 7.68%;margin-left : 7.68%;}}@media only screen and (max-width:640px) {.fusion-body .fusion-builder-column-7{width:100% !important;order : 0;}.fusion-builder-column-7 > .fusion-column-wrapper {margin-right : 1.92%;margin-left : 1.92%;}}<\/style><div class=\"fusion-layout-column fusion_builder_column fusion-builder-column-8 fusion_builder_column_1_4 1_4 fusion-flex-column\"><div class=\"fusion-column-wrapper fusion-flex-justify-content-flex-start fusion-content-layout-column\" style=\"background-position:left top;background-repeat:no-repeat;-webkit-background-size:cover;-moz-background-size:cover;-o-background-size:cover;background-size:cover;padding: 0px 0px 0px 0px;\"><div ><div class=\"imageframe-liftup imageframe-8\"><style>.imageframe-liftup.imageframe-8:before{border-radius:12px;}<\/style><span class=\" fusion-imageframe imageframe-dropshadow imageframe-8\" style=\"border-radius:12px;-webkit-box-shadow: 8px 8px 12px rgba(0,0,0,0.3);box-shadow: 8px 8px 12px rgba(0,0,0,0.3);\"><a href=\"https:\/\/fesete.pt\/qualidade-emprego-igualdade\/wp-content\/uploads\/2022\/06\/Foto-roll-up-Curtumes-scaled.jpg\" class=\"fusion-lightbox\" data-rel=\"iLightbox[4d7a3628985029b6432]\" data-title=\"Foto roll up Curtumes\" title=\"Foto roll up Curtumes\"><img decoding=\"async\" width=\"1920\" height=\"2560\" src=\"https:\/\/fesete.pt\/qualidade-emprego-igualdade\/wp-content\/uploads\/2022\/06\/Foto-roll-up-Curtumes-scaled.jpg\" data-orig-src=\"https:\/\/fesete.pt\/qualidade-emprego-igualdade\/wp-content\/uploads\/2022\/06\/Foto-roll-up-Curtumes-scaled.jpg\" class=\"lazyload img-responsive wp-image-3286\" srcset=\"data:image\/svg+xml,%3Csvg%20xmlns%3D%27http%3A%2F%2Fwww.w3.org%2F2000%2Fsvg%27%20width%3D%271920%27%20height%3D%272560%27%20viewBox%3D%270%200%201920%202560%27%3E%3Crect%20width%3D%271920%27%20height%3D%2732560%27%20fill-opacity%3D%220%22%2F%3E%3C%2Fsvg%3E\" data-srcset=\"https:\/\/fesete.pt\/qualidade-emprego-igualdade\/wp-content\/uploads\/2022\/06\/Foto-roll-up-Curtumes-200x267.jpg 200w, https:\/\/fesete.pt\/qualidade-emprego-igualdade\/wp-content\/uploads\/2022\/06\/Foto-roll-up-Curtumes-400x533.jpg 400w, https:\/\/fesete.pt\/qualidade-emprego-igualdade\/wp-content\/uploads\/2022\/06\/Foto-roll-up-Curtumes-600x800.jpg 600w, https:\/\/fesete.pt\/qualidade-emprego-igualdade\/wp-content\/uploads\/2022\/06\/Foto-roll-up-Curtumes-800x1067.jpg 800w, https:\/\/fesete.pt\/qualidade-emprego-igualdade\/wp-content\/uploads\/2022\/06\/Foto-roll-up-Curtumes-1200x1600.jpg 1200w, https:\/\/fesete.pt\/qualidade-emprego-igualdade\/wp-content\/uploads\/2022\/06\/Foto-roll-up-Curtumes-scaled.jpg 1920w\" data-sizes=\"auto\" data-orig-sizes=\"(max-width: 640px) 100vw, 400px\" \/><\/a><\/span><\/div><\/div><div class=\"fusion-text fusion-text-8\" style=\"transform:translate3d(0,0,0);\"><p>Divulga\u00e7\u00e3o do Roll-Up\u00a0 dos Curtumes nas instala\u00e7\u00f5es da Casa Sindical &#8211; SINTEVECC- Sul &#8211; Sindicato T\u00eaxteis, Vestu\u00e1rio, Cal\u00e7ado e Curtumes do Sul-\u00a0 em Alcanena<\/p>\n<\/div><\/div><\/div><style type=\"text\/css\">.fusion-body .fusion-builder-column-8{width:25% !important;margin-top : 20px;margin-bottom : 20px;}.fusion-builder-column-8 > .fusion-column-wrapper {padding-top : 0px !important;padding-right : 0px !important;margin-right : 7.68%;padding-bottom : 0px !important;padding-left : 0px !important;margin-left : 7.68%;}@media only screen and (max-width:1200px) {.fusion-body .fusion-builder-column-8{width:25% !important;order : 0;}.fusion-builder-column-8 > .fusion-column-wrapper {margin-right : 7.68%;margin-left : 7.68%;}}@media only screen and (max-width:640px) {.fusion-body .fusion-builder-column-8{width:100% !important;order : 0;}.fusion-builder-column-8 > .fusion-column-wrapper {margin-right : 1.92%;margin-left : 1.92%;}}<\/style><div class=\"fusion-layout-column fusion_builder_column fusion-builder-column-9 fusion_builder_column_1_4 1_4 fusion-flex-column\"><div class=\"fusion-column-wrapper fusion-flex-justify-content-flex-start fusion-content-layout-column\" style=\"background-position:left top;background-repeat:no-repeat;-webkit-background-size:cover;-moz-background-size:cover;-o-background-size:cover;background-size:cover;padding: 0px 0px 0px 0px;\"><div ><div class=\"imageframe-liftup imageframe-9\"><style>.imageframe-liftup.imageframe-9:before{border-radius:12px;}<\/style><span class=\" fusion-imageframe imageframe-dropshadow imageframe-9\" style=\"border-radius:12px;-webkit-box-shadow: 8px 8px 12px rgba(0,0,0,0.3);box-shadow: 8px 8px 12px rgba(0,0,0,0.3);\"><a href=\"https:\/\/fesete.pt\/qualidade-emprego-igualdade\/wp-content\/uploads\/2022\/06\/foto-roll-up-curtumes-empresa-scaled.jpg\" class=\"fusion-lightbox\" data-rel=\"iLightbox[da6c7248cba4697a067]\" data-title=\"foto roll up curtumes empresa\" title=\"foto roll up curtumes empresa\"><img decoding=\"async\" width=\"1920\" height=\"2560\" src=\"https:\/\/fesete.pt\/qualidade-emprego-igualdade\/wp-content\/uploads\/2022\/06\/foto-roll-up-curtumes-empresa-scaled.jpg\" data-orig-src=\"https:\/\/fesete.pt\/qualidade-emprego-igualdade\/wp-content\/uploads\/2022\/06\/foto-roll-up-curtumes-empresa-scaled.jpg\" class=\"lazyload img-responsive wp-image-3287\" srcset=\"data:image\/svg+xml,%3Csvg%20xmlns%3D%27http%3A%2F%2Fwww.w3.org%2F2000%2Fsvg%27%20width%3D%271920%27%20height%3D%272560%27%20viewBox%3D%270%200%201920%202560%27%3E%3Crect%20width%3D%271920%27%20height%3D%2732560%27%20fill-opacity%3D%220%22%2F%3E%3C%2Fsvg%3E\" data-srcset=\"https:\/\/fesete.pt\/qualidade-emprego-igualdade\/wp-content\/uploads\/2022\/06\/foto-roll-up-curtumes-empresa-200x267.jpg 200w, https:\/\/fesete.pt\/qualidade-emprego-igualdade\/wp-content\/uploads\/2022\/06\/foto-roll-up-curtumes-empresa-400x533.jpg 400w, https:\/\/fesete.pt\/qualidade-emprego-igualdade\/wp-content\/uploads\/2022\/06\/foto-roll-up-curtumes-empresa-600x800.jpg 600w, https:\/\/fesete.pt\/qualidade-emprego-igualdade\/wp-content\/uploads\/2022\/06\/foto-roll-up-curtumes-empresa-800x1067.jpg 800w, https:\/\/fesete.pt\/qualidade-emprego-igualdade\/wp-content\/uploads\/2022\/06\/foto-roll-up-curtumes-empresa-1200x1600.jpg 1200w, https:\/\/fesete.pt\/qualidade-emprego-igualdade\/wp-content\/uploads\/2022\/06\/foto-roll-up-curtumes-empresa-scaled.jpg 1920w\" data-sizes=\"auto\" data-orig-sizes=\"(max-width: 640px) 100vw, 400px\" \/><\/a><\/span><\/div><\/div><div class=\"fusion-text fusion-text-9\" style=\"transform:translate3d(0,0,0);\"><p>Divulga\u00e7\u00e3o do Roll-Up dos Curtumes nas instala\u00e7\u00f5es da empresa Curtumes Boaventura, Lda. em Alcanena<\/p>\n<\/div><\/div><\/div><style type=\"text\/css\">.fusion-body .fusion-builder-column-9{width:25% !important;margin-top : 20px;margin-bottom : 20px;}.fusion-builder-column-9 > .fusion-column-wrapper {padding-top : 0px !important;padding-right : 0px !important;margin-right : 7.68%;padding-bottom : 0px !important;padding-left : 0px !important;margin-left : 7.68%;}@media only screen and (max-width:1200px) {.fusion-body .fusion-builder-column-9{width:25% !important;order : 0;}.fusion-builder-column-9 > .fusion-column-wrapper {margin-right : 7.68%;margin-left : 7.68%;}}@media only screen and (max-width:640px) {.fusion-body .fusion-builder-column-9{width:100% !important;order : 0;}.fusion-builder-column-9 > .fusion-column-wrapper {margin-right : 1.92%;margin-left : 1.92%;}}<\/style><div class=\"fusion-layout-column fusion_builder_column fusion-builder-column-10 fusion_builder_column_1_4 1_4 fusion-flex-column\"><div class=\"fusion-column-wrapper fusion-flex-justify-content-flex-start fusion-content-layout-column\" style=\"background-position:left top;background-repeat:no-repeat;-webkit-background-size:cover;-moz-background-size:cover;-o-background-size:cover;background-size:cover;padding: 0px 0px 0px 0px;\"><div ><div class=\"imageframe-liftup imageframe-10\"><style>.imageframe-liftup.imageframe-10:before{border-radius:12px;}<\/style><span class=\" fusion-imageframe imageframe-dropshadow imageframe-10\" style=\"border-radius:12px;-webkit-box-shadow: 8px 8px 12px rgba(0,0,0,0.3);box-shadow: 8px 8px 12px rgba(0,0,0,0.3);\"><a href=\"https:\/\/fesete.pt\/qualidade-emprego-igualdade\/wp-content\/uploads\/2022\/06\/roll-up-curtumes-sindicato-textil-aveiro.jpg\" class=\"fusion-lightbox\" data-rel=\"iLightbox[b3e08c397e68be2b8ba]\" data-title=\"roll up curtumes sindicato textil aveiro\" title=\"roll up curtumes sindicato textil aveiro\"><img decoding=\"async\" width=\"1439\" height=\"1919\" src=\"https:\/\/fesete.pt\/qualidade-emprego-igualdade\/wp-content\/uploads\/2022\/06\/roll-up-curtumes-sindicato-textil-aveiro.jpg\" data-orig-src=\"https:\/\/fesete.pt\/qualidade-emprego-igualdade\/wp-content\/uploads\/2022\/06\/roll-up-curtumes-sindicato-textil-aveiro.jpg\" class=\"lazyload img-responsive wp-image-3309\" srcset=\"data:image\/svg+xml,%3Csvg%20xmlns%3D%27http%3A%2F%2Fwww.w3.org%2F2000%2Fsvg%27%20width%3D%271439%27%20height%3D%271919%27%20viewBox%3D%270%200%201439%201919%27%3E%3Crect%20width%3D%271439%27%20height%3D%2731919%27%20fill-opacity%3D%220%22%2F%3E%3C%2Fsvg%3E\" data-srcset=\"https:\/\/fesete.pt\/qualidade-emprego-igualdade\/wp-content\/uploads\/2022\/06\/roll-up-curtumes-sindicato-textil-aveiro-200x267.jpg 200w, https:\/\/fesete.pt\/qualidade-emprego-igualdade\/wp-content\/uploads\/2022\/06\/roll-up-curtumes-sindicato-textil-aveiro-400x533.jpg 400w, https:\/\/fesete.pt\/qualidade-emprego-igualdade\/wp-content\/uploads\/2022\/06\/roll-up-curtumes-sindicato-textil-aveiro-600x800.jpg 600w, https:\/\/fesete.pt\/qualidade-emprego-igualdade\/wp-content\/uploads\/2022\/06\/roll-up-curtumes-sindicato-textil-aveiro-800x1067.jpg 800w, https:\/\/fesete.pt\/qualidade-emprego-igualdade\/wp-content\/uploads\/2022\/06\/roll-up-curtumes-sindicato-textil-aveiro-1200x1600.jpg 1200w, https:\/\/fesete.pt\/qualidade-emprego-igualdade\/wp-content\/uploads\/2022\/06\/roll-up-curtumes-sindicato-textil-aveiro.jpg 1439w\" data-sizes=\"auto\" data-orig-sizes=\"(max-width: 640px) 100vw, 400px\" \/><\/a><\/span><\/div><\/div><div class=\"fusion-text fusion-text-10\" style=\"transform:translate3d(0,0,0);\"><p>Divulga\u00e7\u00e3o do Roll-Up dos Curtumes nas instala\u00e7\u00f5es da Casa Sindical do Sindicato dos Trabalhadores do Sector T\u00eaxtil do Distrito de Aveiro, em S. Jo\u00e3o da Madeira<\/p>\n<\/div><\/div><\/div><style type=\"text\/css\">.fusion-body .fusion-builder-column-10{width:25% !important;margin-top : 20px;margin-bottom : 20px;}.fusion-builder-column-10 > .fusion-column-wrapper {padding-top : 0px !important;padding-right : 0px !important;margin-right : 7.68%;padding-bottom : 0px !important;padding-left : 0px !important;margin-left : 7.68%;}@media only screen and (max-width:1200px) {.fusion-body .fusion-builder-column-10{width:25% !important;order : 0;}.fusion-builder-column-10 > .fusion-column-wrapper {margin-right : 7.68%;margin-left : 7.68%;}}@media only screen and (max-width:640px) {.fusion-body .fusion-builder-column-10{width:100% !important;order : 0;}.fusion-builder-column-10 > .fusion-column-wrapper {margin-right : 1.92%;margin-left : 1.92%;}}<\/style><div class=\"fusion-layout-column fusion_builder_column fusion-builder-column-11 fusion_builder_column_1_4 1_4 fusion-flex-column\"><div class=\"fusion-column-wrapper fusion-flex-justify-content-flex-start fusion-content-layout-column\" style=\"background-position:left top;background-repeat:no-repeat;-webkit-background-size:cover;-moz-background-size:cover;-o-background-size:cover;background-size:cover;padding: 0px 0px 0px 0px;\"><div ><div class=\"imageframe-liftup imageframe-11\"><style>.imageframe-liftup.imageframe-11:before{border-radius:12px;}<\/style><span class=\" fusion-imageframe imageframe-dropshadow imageframe-11\" style=\"border-radius:12px;-webkit-box-shadow: 8px 8px 12px rgba(0,0,0,0.3);box-shadow: 8px 8px 12px rgba(0,0,0,0.3);\"><a href=\"https:\/\/fesete.pt\/qualidade-emprego-igualdade\/wp-content\/uploads\/2022\/06\/roll-up-vestuario-sind-textil-aveiro.jpg\" class=\"fusion-lightbox\" data-rel=\"iLightbox[dc30ad086a31716df8f]\" data-title=\"roll up vestuario sind textil aveiro\" title=\"roll up vestuario sind textil aveiro\"><img decoding=\"async\" width=\"1439\" height=\"1919\" src=\"https:\/\/fesete.pt\/qualidade-emprego-igualdade\/wp-content\/uploads\/2022\/06\/roll-up-vestuario-sind-textil-aveiro.jpg\" data-orig-src=\"https:\/\/fesete.pt\/qualidade-emprego-igualdade\/wp-content\/uploads\/2022\/06\/roll-up-vestuario-sind-textil-aveiro.jpg\" class=\"lazyload img-responsive wp-image-3311\" srcset=\"data:image\/svg+xml,%3Csvg%20xmlns%3D%27http%3A%2F%2Fwww.w3.org%2F2000%2Fsvg%27%20width%3D%271439%27%20height%3D%271919%27%20viewBox%3D%270%200%201439%201919%27%3E%3Crect%20width%3D%271439%27%20height%3D%2731919%27%20fill-opacity%3D%220%22%2F%3E%3C%2Fsvg%3E\" data-srcset=\"https:\/\/fesete.pt\/qualidade-emprego-igualdade\/wp-content\/uploads\/2022\/06\/roll-up-vestuario-sind-textil-aveiro-200x267.jpg 200w, https:\/\/fesete.pt\/qualidade-emprego-igualdade\/wp-content\/uploads\/2022\/06\/roll-up-vestuario-sind-textil-aveiro-400x533.jpg 400w, https:\/\/fesete.pt\/qualidade-emprego-igualdade\/wp-content\/uploads\/2022\/06\/roll-up-vestuario-sind-textil-aveiro-600x800.jpg 600w, https:\/\/fesete.pt\/qualidade-emprego-igualdade\/wp-content\/uploads\/2022\/06\/roll-up-vestuario-sind-textil-aveiro-800x1067.jpg 800w, https:\/\/fesete.pt\/qualidade-emprego-igualdade\/wp-content\/uploads\/2022\/06\/roll-up-vestuario-sind-textil-aveiro-1200x1600.jpg 1200w, https:\/\/fesete.pt\/qualidade-emprego-igualdade\/wp-content\/uploads\/2022\/06\/roll-up-vestuario-sind-textil-aveiro.jpg 1439w\" data-sizes=\"auto\" data-orig-sizes=\"(max-width: 640px) 100vw, 400px\" \/><\/a><\/span><\/div><\/div><div class=\"fusion-text fusion-text-11\" style=\"transform:translate3d(0,0,0);\"><p>Divulga\u00e7\u00e3o do Roll-Up do Vestu\u00e1rio nas instala\u00e7\u00f5es da Casa Sindical do Sindicato dos Trabalhadores do Sector T\u00eaxtil do Distrito de Aveiro, em S. Jo\u00e3o da Madeira<\/p>\n<\/div><\/div><\/div><style type=\"text\/css\">.fusion-body .fusion-builder-column-11{width:25% !important;margin-top : 20px;margin-bottom : 20px;}.fusion-builder-column-11 > .fusion-column-wrapper {padding-top : 0px !important;padding-right : 0px !important;margin-right : 7.68%;padding-bottom : 0px !important;padding-left : 0px !important;margin-left : 7.68%;}@media only screen and (max-width:1200px) {.fusion-body .fusion-builder-column-11{width:25% !important;order : 0;}.fusion-builder-column-11 > .fusion-column-wrapper {margin-right : 7.68%;margin-left : 7.68%;}}@media only screen and (max-width:640px) {.fusion-body .fusion-builder-column-11{width:100% !important;order : 0;}.fusion-builder-column-11 > .fusion-column-wrapper {margin-right : 1.92%;margin-left : 1.92%;}}<\/style><div class=\"fusion-layout-column fusion_builder_column fusion-builder-column-12 fusion_builder_column_1_4 1_4 fusion-flex-column\"><div class=\"fusion-column-wrapper fusion-flex-justify-content-flex-start fusion-content-layout-column\" style=\"background-position:left top;background-repeat:no-repeat;-webkit-background-size:cover;-moz-background-size:cover;-o-background-size:cover;background-size:cover;padding: 0px 0px 0px 0px;\"><div ><div class=\"imageframe-liftup imageframe-12\"><style>.imageframe-liftup.imageframe-12:before{border-radius:12px;}<\/style><span class=\" fusion-imageframe imageframe-dropshadow imageframe-12\" style=\"border-radius:12px;-webkit-box-shadow: 8px 8px 12px rgba(0,0,0,0.3);box-shadow: 8px 8px 12px rgba(0,0,0,0.3);\"><a href=\"https:\/\/fesete.pt\/qualidade-emprego-igualdade\/wp-content\/uploads\/2022\/06\/cartazvestuarioecurtumes.jpg\" class=\"fusion-lightbox\" data-rel=\"iLightbox[f771cee2389dd403869]\" data-title=\"cartazvestuarioecurtumes\" title=\"cartazvestuarioecurtumes\"><img decoding=\"async\" width=\"439\" height=\"323\" src=\"https:\/\/fesete.pt\/qualidade-emprego-igualdade\/wp-content\/uploads\/2022\/06\/cartazvestuarioecurtumes.jpg\" data-orig-src=\"https:\/\/fesete.pt\/qualidade-emprego-igualdade\/wp-content\/uploads\/2022\/06\/cartazvestuarioecurtumes.jpg\" class=\"lazyload img-responsive wp-image-3314\" srcset=\"data:image\/svg+xml,%3Csvg%20xmlns%3D%27http%3A%2F%2Fwww.w3.org%2F2000%2Fsvg%27%20width%3D%27439%27%20height%3D%27323%27%20viewBox%3D%270%200%20439%20323%27%3E%3Crect%20width%3D%27439%27%20height%3D%273323%27%20fill-opacity%3D%220%22%2F%3E%3C%2Fsvg%3E\" data-srcset=\"https:\/\/fesete.pt\/qualidade-emprego-igualdade\/wp-content\/uploads\/2022\/06\/cartazvestuarioecurtumes-200x147.jpg 200w, https:\/\/fesete.pt\/qualidade-emprego-igualdade\/wp-content\/uploads\/2022\/06\/cartazvestuarioecurtumes-400x294.jpg 400w, https:\/\/fesete.pt\/qualidade-emprego-igualdade\/wp-content\/uploads\/2022\/06\/cartazvestuarioecurtumes.jpg 439w\" data-sizes=\"auto\" data-orig-sizes=\"(max-width: 640px) 100vw, 400px\" \/><\/a><\/span><\/div><\/div><div class=\"fusion-text fusion-text-12\" style=\"transform:translate3d(0,0,0);\"><p>Divulga\u00e7\u00e3o dos Cartazes do Vestu\u00e1rio e Curtumes afixados nas instala\u00e7\u00f5es da Casa Sindical do Sindicato dos Trabalhadores do Sector T\u00eaxtil do Distrito de Aveiro, em S. Jo\u00e3o da Madeira<\/p>\n<\/div><\/div><\/div><style type=\"text\/css\">.fusion-body .fusion-builder-column-12{width:25% !important;margin-top : 20px;margin-bottom : 20px;}.fusion-builder-column-12 > .fusion-column-wrapper {padding-top : 0px !important;padding-right : 0px !important;margin-right : 7.68%;padding-bottom : 0px !important;padding-left : 0px !important;margin-left : 7.68%;}@media only screen and (max-width:1200px) {.fusion-body .fusion-builder-column-12{width:25% !important;order : 0;}.fusion-builder-column-12 > .fusion-column-wrapper {margin-right : 7.68%;margin-left : 7.68%;}}@media only screen and (max-width:640px) {.fusion-body .fusion-builder-column-12{width:100% !important;order : 0;}.fusion-builder-column-12 > .fusion-column-wrapper {margin-right : 1.92%;margin-left : 1.92%;}}<\/style><div class=\"fusion-layout-column fusion_builder_column fusion-builder-column-13 fusion_builder_column_1_4 1_4 fusion-flex-column\"><div class=\"fusion-column-wrapper fusion-flex-justify-content-flex-start fusion-content-layout-column\" style=\"background-position:left top;background-repeat:no-repeat;-webkit-background-size:cover;-moz-background-size:cover;-o-background-size:cover;background-size:cover;padding: 0px 0px 0px 0px;\"><div ><div class=\"imageframe-liftup imageframe-13\"><style>.imageframe-liftup.imageframe-13:before{border-radius:12px;}<\/style><span class=\" fusion-imageframe imageframe-dropshadow imageframe-13\" style=\"border-radius:12px;-webkit-box-shadow: 8px 8px 12px rgba(0,0,0,0.3);box-shadow: 8px 8px 12px rgba(0,0,0,0.3);\"><a href=\"https:\/\/fesete.pt\/qualidade-emprego-igualdade\/wp-content\/uploads\/2022\/06\/roll-up-e-cartez-afixados-no-sindicato-textil-do-minho-scaled.jpg\" class=\"fusion-lightbox\" data-rel=\"iLightbox[2f79937fc82a3cba446]\" data-title=\"roll up e cartez afixados no sindicato textil do minho\" title=\"roll up e cartez afixados no sindicato textil do minho\"><img decoding=\"async\" width=\"1920\" height=\"2560\" src=\"https:\/\/fesete.pt\/qualidade-emprego-igualdade\/wp-content\/uploads\/2022\/06\/roll-up-e-cartez-afixados-no-sindicato-textil-do-minho-scaled.jpg\" data-orig-src=\"https:\/\/fesete.pt\/qualidade-emprego-igualdade\/wp-content\/uploads\/2022\/06\/roll-up-e-cartez-afixados-no-sindicato-textil-do-minho-scaled.jpg\" class=\"lazyload img-responsive wp-image-3325\" srcset=\"data:image\/svg+xml,%3Csvg%20xmlns%3D%27http%3A%2F%2Fwww.w3.org%2F2000%2Fsvg%27%20width%3D%271920%27%20height%3D%272560%27%20viewBox%3D%270%200%201920%202560%27%3E%3Crect%20width%3D%271920%27%20height%3D%2732560%27%20fill-opacity%3D%220%22%2F%3E%3C%2Fsvg%3E\" data-srcset=\"https:\/\/fesete.pt\/qualidade-emprego-igualdade\/wp-content\/uploads\/2022\/06\/roll-up-e-cartez-afixados-no-sindicato-textil-do-minho-200x267.jpg 200w, https:\/\/fesete.pt\/qualidade-emprego-igualdade\/wp-content\/uploads\/2022\/06\/roll-up-e-cartez-afixados-no-sindicato-textil-do-minho-400x533.jpg 400w, https:\/\/fesete.pt\/qualidade-emprego-igualdade\/wp-content\/uploads\/2022\/06\/roll-up-e-cartez-afixados-no-sindicato-textil-do-minho-600x800.jpg 600w, https:\/\/fesete.pt\/qualidade-emprego-igualdade\/wp-content\/uploads\/2022\/06\/roll-up-e-cartez-afixados-no-sindicato-textil-do-minho-800x1067.jpg 800w, https:\/\/fesete.pt\/qualidade-emprego-igualdade\/wp-content\/uploads\/2022\/06\/roll-up-e-cartez-afixados-no-sindicato-textil-do-minho-1200x1600.jpg 1200w, https:\/\/fesete.pt\/qualidade-emprego-igualdade\/wp-content\/uploads\/2022\/06\/roll-up-e-cartez-afixados-no-sindicato-textil-do-minho-scaled.jpg 1920w\" data-sizes=\"auto\" data-orig-sizes=\"(max-width: 640px) 100vw, 400px\" \/><\/a><\/span><\/div><\/div><div class=\"fusion-text fusion-text-13\" style=\"transform:translate3d(0,0,0);\"><p>Divulga\u00e7\u00e3o do Cartaz do Vestu\u00e1rio e Rool Up afixados nas instala\u00e7\u00f5es do Sindicato T\u00eaxtil do Minho e Tr\u00e1s-Os-Montes, em Guimar\u00e3es.<\/p>\n<\/div><\/div><\/div><style type=\"text\/css\">.fusion-body .fusion-builder-column-13{width:25% !important;margin-top : 20px;margin-bottom : 20px;}.fusion-builder-column-13 > .fusion-column-wrapper {padding-top : 0px !important;padding-right : 0px !important;margin-right : 7.68%;padding-bottom : 0px !important;padding-left : 0px !important;margin-left : 7.68%;}@media only screen and (max-width:1200px) {.fusion-body .fusion-builder-column-13{width:25% !important;order : 0;}.fusion-builder-column-13 > .fusion-column-wrapper {margin-right : 7.68%;margin-left : 7.68%;}}@media only screen and (max-width:640px) {.fusion-body .fusion-builder-column-13{width:100% !important;order : 0;}.fusion-builder-column-13 > .fusion-column-wrapper {margin-right : 1.92%;margin-left : 1.92%;}}<\/style><div class=\"fusion-layout-column fusion_builder_column fusion-builder-column-14 fusion_builder_column_1_4 1_4 fusion-flex-column\"><div class=\"fusion-column-wrapper fusion-flex-justify-content-flex-start fusion-content-layout-column\" style=\"background-position:left top;background-repeat:no-repeat;-webkit-background-size:cover;-moz-background-size:cover;-o-background-size:cover;background-size:cover;padding: 0px 0px 0px 0px;\"><div ><div class=\"imageframe-liftup imageframe-14\"><style>.imageframe-liftup.imageframe-14:before{border-radius:12px;}<\/style><span class=\" fusion-imageframe imageframe-dropshadow imageframe-14\" style=\"border-radius:12px;-webkit-box-shadow: 8px 8px 12px rgba(0,0,0,0.3);box-shadow: 8px 8px 12px rgba(0,0,0,0.3);\"><a href=\"https:\/\/fesete.pt\/qualidade-emprego-igualdade\/wp-content\/uploads\/2022\/06\/divulgacao-cartazvestuario-sind-vest-norte-scaled.jpg\" class=\"fusion-lightbox\" data-rel=\"iLightbox[750f353022648b52e90]\" data-title=\"divulga\u00e7\u00e3o cartazvestuario sind vest norte\" title=\"divulga\u00e7\u00e3o cartazvestuario sind vest norte\"><img decoding=\"async\" width=\"1915\" height=\"2560\" src=\"https:\/\/fesete.pt\/qualidade-emprego-igualdade\/wp-content\/uploads\/2022\/06\/divulgacao-cartazvestuario-sind-vest-norte-scaled.jpg\" data-orig-src=\"https:\/\/fesete.pt\/qualidade-emprego-igualdade\/wp-content\/uploads\/2022\/06\/divulgacao-cartazvestuario-sind-vest-norte-scaled.jpg\" class=\"lazyload img-responsive wp-image-3329\" srcset=\"data:image\/svg+xml,%3Csvg%20xmlns%3D%27http%3A%2F%2Fwww.w3.org%2F2000%2Fsvg%27%20width%3D%271915%27%20height%3D%272560%27%20viewBox%3D%270%200%201915%202560%27%3E%3Crect%20width%3D%271915%27%20height%3D%2732560%27%20fill-opacity%3D%220%22%2F%3E%3C%2Fsvg%3E\" data-srcset=\"https:\/\/fesete.pt\/qualidade-emprego-igualdade\/wp-content\/uploads\/2022\/06\/divulgacao-cartazvestuario-sind-vest-norte-200x267.jpg 200w, https:\/\/fesete.pt\/qualidade-emprego-igualdade\/wp-content\/uploads\/2022\/06\/divulgacao-cartazvestuario-sind-vest-norte-400x535.jpg 400w, https:\/\/fesete.pt\/qualidade-emprego-igualdade\/wp-content\/uploads\/2022\/06\/divulgacao-cartazvestuario-sind-vest-norte-600x802.jpg 600w, https:\/\/fesete.pt\/qualidade-emprego-igualdade\/wp-content\/uploads\/2022\/06\/divulgacao-cartazvestuario-sind-vest-norte-800x1070.jpg 800w, https:\/\/fesete.pt\/qualidade-emprego-igualdade\/wp-content\/uploads\/2022\/06\/divulgacao-cartazvestuario-sind-vest-norte-1200x1604.jpg 1200w, https:\/\/fesete.pt\/qualidade-emprego-igualdade\/wp-content\/uploads\/2022\/06\/divulgacao-cartazvestuario-sind-vest-norte-scaled.jpg 1915w\" data-sizes=\"auto\" data-orig-sizes=\"(max-width: 640px) 100vw, 400px\" \/><\/a><\/span><\/div><\/div><div class=\"fusion-text fusion-text-14\" style=\"transform:translate3d(0,0,0);\"><p>Divulga\u00e7\u00e3o do Cartaz do Vestu\u00e1rio\u00a0 afixado\u00a0 \u00a0Sindicato\u00a0 Vestu\u00e1rio, Confec\u00e7\u00e3o do Norte, em Braga.<\/p>\n<\/div><\/div><\/div><style type=\"text\/css\">.fusion-body .fusion-builder-column-14{width:25% !important;margin-top : 20px;margin-bottom : 20px;}.fusion-builder-column-14 > .fusion-column-wrapper {padding-top : 0px !important;padding-right : 0px !important;margin-right : 7.68%;padding-bottom : 0px !important;padding-left : 0px !important;margin-left : 7.68%;}@media only screen and (max-width:1200px) {.fusion-body .fusion-builder-column-14{width:25% !important;order : 0;}.fusion-builder-column-14 > .fusion-column-wrapper {margin-right : 7.68%;margin-left : 7.68%;}}@media only screen and (max-width:640px) {.fusion-body .fusion-builder-column-14{width:100% !important;order : 0;}.fusion-builder-column-14 > .fusion-column-wrapper {margin-right : 1.92%;margin-left : 1.92%;}}<\/style><div class=\"fusion-layout-column fusion_builder_column fusion-builder-column-15 fusion_builder_column_1_4 1_4 fusion-flex-column\"><div class=\"fusion-column-wrapper fusion-flex-justify-content-flex-start fusion-content-layout-column\" style=\"background-position:left top;background-repeat:no-repeat;-webkit-background-size:cover;-moz-background-size:cover;-o-background-size:cover;background-size:cover;padding: 0px 0px 0px 0px;\"><div ><div class=\"imageframe-liftup imageframe-15\"><style>.imageframe-liftup.imageframe-15:before{border-radius:12px;}<\/style><span class=\" fusion-imageframe imageframe-dropshadow imageframe-15\" style=\"border-radius:12px;-webkit-box-shadow: 8px 8px 12px rgba(0,0,0,0.3);box-shadow: 8px 8px 12px rgba(0,0,0,0.3);\"><a href=\"https:\/\/fesete.pt\/qualidade-emprego-igualdade\/wp-content\/uploads\/2022\/06\/rol-up-vestuario-divulgacao-scaled.jpg\" class=\"fusion-lightbox\" data-rel=\"iLightbox[29211cdbd902c881e61]\" data-title=\"rol up vestuario divulga\u00e7ao\" title=\"rol up vestuario divulga\u00e7ao\"><img decoding=\"async\" width=\"1915\" height=\"2560\" src=\"https:\/\/fesete.pt\/qualidade-emprego-igualdade\/wp-content\/uploads\/2022\/06\/rol-up-vestuario-divulgacao-scaled.jpg\" data-orig-src=\"https:\/\/fesete.pt\/qualidade-emprego-igualdade\/wp-content\/uploads\/2022\/06\/rol-up-vestuario-divulgacao-scaled.jpg\" class=\"lazyload img-responsive wp-image-3330\" srcset=\"data:image\/svg+xml,%3Csvg%20xmlns%3D%27http%3A%2F%2Fwww.w3.org%2F2000%2Fsvg%27%20width%3D%271915%27%20height%3D%272560%27%20viewBox%3D%270%200%201915%202560%27%3E%3Crect%20width%3D%271915%27%20height%3D%2732560%27%20fill-opacity%3D%220%22%2F%3E%3C%2Fsvg%3E\" data-srcset=\"https:\/\/fesete.pt\/qualidade-emprego-igualdade\/wp-content\/uploads\/2022\/06\/rol-up-vestuario-divulgacao-200x267.jpg 200w, https:\/\/fesete.pt\/qualidade-emprego-igualdade\/wp-content\/uploads\/2022\/06\/rol-up-vestuario-divulgacao-400x535.jpg 400w, https:\/\/fesete.pt\/qualidade-emprego-igualdade\/wp-content\/uploads\/2022\/06\/rol-up-vestuario-divulgacao-600x802.jpg 600w, https:\/\/fesete.pt\/qualidade-emprego-igualdade\/wp-content\/uploads\/2022\/06\/rol-up-vestuario-divulgacao-800x1070.jpg 800w, https:\/\/fesete.pt\/qualidade-emprego-igualdade\/wp-content\/uploads\/2022\/06\/rol-up-vestuario-divulgacao-1200x1604.jpg 1200w, https:\/\/fesete.pt\/qualidade-emprego-igualdade\/wp-content\/uploads\/2022\/06\/rol-up-vestuario-divulgacao-scaled.jpg 1915w\" data-sizes=\"auto\" data-orig-sizes=\"(max-width: 640px) 100vw, 400px\" \/><\/a><\/span><\/div><\/div><div class=\"fusion-text fusion-text-15\" style=\"transform:translate3d(0,0,0);\"><p>Divulga\u00e7\u00e3o do Rool Up Vestu\u00e1rio\u00a0 afixados Sindicato dos Trabalhadores do Vestu\u00e1rio, do Norte, em Braga.<\/p>\n<\/div><\/div><\/div><style type=\"text\/css\">.fusion-body .fusion-builder-column-15{width:25% !important;margin-top : 20px;margin-bottom : 20px;}.fusion-builder-column-15 > .fusion-column-wrapper {padding-top : 0px !important;padding-right : 0px !important;margin-right : 7.68%;padding-bottom : 0px !important;padding-left : 0px !important;margin-left : 7.68%;}@media only screen and (max-width:1200px) {.fusion-body .fusion-builder-column-15{width:25% !important;order : 0;}.fusion-builder-column-15 > .fusion-column-wrapper {margin-right : 7.68%;margin-left : 7.68%;}}@media only screen and (max-width:640px) {.fusion-body .fusion-builder-column-15{width:100% !important;order : 0;}.fusion-builder-column-15 > .fusion-column-wrapper {margin-right : 1.92%;margin-left : 1.92%;}}<\/style><div class=\"fusion-layout-column fusion_builder_column fusion-builder-column-16 fusion_builder_column_1_4 1_4 fusion-flex-column\"><div class=\"fusion-column-wrapper fusion-flex-justify-content-flex-start fusion-content-layout-column\" style=\"background-position:left top;background-repeat:no-repeat;-webkit-background-size:cover;-moz-background-size:cover;-o-background-size:cover;background-size:cover;padding: 0px 0px 0px 0px;\"><div ><div class=\"imageframe-liftup imageframe-16\"><style>.imageframe-liftup.imageframe-16:before{border-radius:12px;}<\/style><span class=\" fusion-imageframe imageframe-dropshadow imageframe-16\" style=\"border-radius:12px;-webkit-box-shadow: 8px 8px 12px rgba(0,0,0,0.3);box-shadow: 8px 8px 12px rgba(0,0,0,0.3);\"><a href=\"https:\/\/fesete.pt\/qualidade-emprego-igualdade\/wp-content\/uploads\/2022\/10\/ROOL-UP-CALCADO-MINHO.jpg\" class=\"fusion-lightbox\" data-rel=\"iLightbox[5927f809b03fc25efda]\" data-title=\"ROOL-UP CAL\u00c7ADO MINHO\" title=\"ROOL-UP CAL\u00c7ADO MINHO\"><img decoding=\"async\" width=\"1810\" height=\"2560\" src=\"https:\/\/fesete.pt\/qualidade-emprego-igualdade\/wp-content\/uploads\/2022\/10\/ROOL-UP-CALCADO-MINHO.jpg\" data-orig-src=\"https:\/\/fesete.pt\/qualidade-emprego-igualdade\/wp-content\/uploads\/2022\/10\/ROOL-UP-CALCADO-MINHO.jpg\" class=\"lazyload img-responsive wp-image-3498\" srcset=\"data:image\/svg+xml,%3Csvg%20xmlns%3D%27http%3A%2F%2Fwww.w3.org%2F2000%2Fsvg%27%20width%3D%271810%27%20height%3D%272560%27%20viewBox%3D%270%200%201810%202560%27%3E%3Crect%20width%3D%271810%27%20height%3D%2732560%27%20fill-opacity%3D%220%22%2F%3E%3C%2Fsvg%3E\" data-srcset=\"https:\/\/fesete.pt\/qualidade-emprego-igualdade\/wp-content\/uploads\/2022\/10\/ROOL-UP-CALCADO-MINHO-200x283.jpg 200w, https:\/\/fesete.pt\/qualidade-emprego-igualdade\/wp-content\/uploads\/2022\/10\/ROOL-UP-CALCADO-MINHO-400x566.jpg 400w, https:\/\/fesete.pt\/qualidade-emprego-igualdade\/wp-content\/uploads\/2022\/10\/ROOL-UP-CALCADO-MINHO-600x849.jpg 600w, https:\/\/fesete.pt\/qualidade-emprego-igualdade\/wp-content\/uploads\/2022\/10\/ROOL-UP-CALCADO-MINHO-800x1131.jpg 800w, https:\/\/fesete.pt\/qualidade-emprego-igualdade\/wp-content\/uploads\/2022\/10\/ROOL-UP-CALCADO-MINHO-1200x1697.jpg 1200w, https:\/\/fesete.pt\/qualidade-emprego-igualdade\/wp-content\/uploads\/2022\/10\/ROOL-UP-CALCADO-MINHO.jpg 1810w\" data-sizes=\"auto\" data-orig-sizes=\"(max-width: 640px) 100vw, 400px\" \/><\/a><\/span><\/div><\/div><div class=\"fusion-text fusion-text-16\" style=\"transform:translate3d(0,0,0);\"><p>Divulga\u00e7\u00e3o do Cartaz e Rool Up do Cal\u00e7ado\u00a0 afixado Sindicato\u00a0 do Cal\u00e7ado, Curtumes do Minho, em Guimar\u00e3es<\/p>\n<\/div><\/div><\/div><style type=\"text\/css\">.fusion-body .fusion-builder-column-16{width:25% !important;margin-top : 20px;margin-bottom : 20px;}.fusion-builder-column-16 > .fusion-column-wrapper {padding-top : 0px !important;padding-right : 0px !important;margin-right : 7.68%;padding-bottom : 0px !important;padding-left : 0px !important;margin-left : 7.68%;}@media only screen and (max-width:1200px) {.fusion-body .fusion-builder-column-16{width:25% !important;order : 0;}.fusion-builder-column-16 > .fusion-column-wrapper {margin-right : 7.68%;margin-left : 7.68%;}}@media only screen and (max-width:640px) {.fusion-body .fusion-builder-column-16{width:100% !important;order : 0;}.fusion-builder-column-16 > .fusion-column-wrapper {margin-right : 1.92%;margin-left : 1.92%;}}<\/style><div class=\"fusion-layout-column fusion_builder_column fusion-builder-column-17 fusion_builder_column_1_4 1_4 fusion-flex-column\"><div class=\"fusion-column-wrapper fusion-flex-justify-content-flex-start fusion-content-layout-column\" style=\"background-position:left top;background-repeat:no-repeat;-webkit-background-size:cover;-moz-background-size:cover;-o-background-size:cover;background-size:cover;padding: 0px 0px 0px 0px;\"><\/div><\/div><style type=\"text\/css\">.fusion-body .fusion-builder-column-17{width:25% !important;margin-top : 20px;margin-bottom : 20px;}.fusion-builder-column-17 > .fusion-column-wrapper {padding-top : 0px !important;padding-right : 0px !important;margin-right : 7.68%;padding-bottom : 0px !important;padding-left : 0px !important;margin-left : 7.68%;}@media only screen and (max-width:1200px) {.fusion-body .fusion-builder-column-17{width:25% !important;order : 0;}.fusion-builder-column-17 > .fusion-column-wrapper {margin-right : 7.68%;margin-left : 7.68%;}}@media only screen and (max-width:640px) {.fusion-body .fusion-builder-column-17{width:100% !important;order : 0;}.fusion-builder-column-17 > .fusion-column-wrapper {margin-right : 1.92%;margin-left : 1.92%;}}<\/style><div class=\"fusion-layout-column fusion_builder_column fusion-builder-column-18 fusion_builder_column_1_4 1_4 fusion-flex-column\"><div class=\"fusion-column-wrapper fusion-flex-justify-content-flex-start fusion-content-layout-column\" style=\"background-position:left top;background-repeat:no-repeat;-webkit-background-size:cover;-moz-background-size:cover;-o-background-size:cover;background-size:cover;padding: 0px 0px 0px 0px;\"><div ><div class=\"imageframe-liftup imageframe-17\"><style>.imageframe-liftup.imageframe-17:before{border-radius:12px;}<\/style><span class=\" fusion-imageframe imageframe-dropshadow imageframe-17\" style=\"border-radius:12px;-webkit-box-shadow: 8px 8px 12px rgba(0,0,0,0.3);box-shadow: 8px 8px 12px rgba(0,0,0,0.3);\"><a class=\"fusion-lightbox\" data-rel=\"iLightbox[]\" data-title=\"ROOL-UP CAL\u00c7ADO MINHO\" title=\"ROOL-UP CAL\u00c7ADO MINHO\"><\/a><\/span><\/div><\/div><\/div><\/div><style type=\"text\/css\">.fusion-body .fusion-builder-column-18{width:25% !important;margin-top : 20px;margin-bottom : 20px;}.fusion-builder-column-18 > .fusion-column-wrapper {padding-top : 0px !important;padding-right : 0px !important;margin-right : 7.68%;padding-bottom : 0px !important;padding-left : 0px !important;margin-left : 7.68%;}@media only screen and (max-width:1200px) {.fusion-body .fusion-builder-column-18{width:25% !important;order : 0;}.fusion-builder-column-18 > .fusion-column-wrapper {margin-right : 7.68%;margin-left : 7.68%;}}@media only screen and (max-width:640px) {.fusion-body .fusion-builder-column-18{width:100% !important;order : 0;}.fusion-builder-column-18 > .fusion-column-wrapper {margin-right : 1.92%;margin-left : 1.92%;}}<\/style><div class=\"fusion-layout-column fusion_builder_column fusion-builder-column-19 fusion_builder_column_1_1 1_1 fusion-flex-column\"><div class=\"fusion-column-wrapper fusion-flex-justify-content-flex-start fusion-content-layout-column\" style=\"background-position:left top;background-repeat:no-repeat;-webkit-background-size:cover;-moz-background-size:cover;-o-background-size:cover;background-size:cover;padding: 0px 0px 0px 0px;\"><style type=\"text\/css\">@media only screen and (max-width:1200px) {.fusion-title.fusion-title-2{margin-top:10px!important;margin-bottom:20px!important;}}@media only screen and (max-width:640px) {.fusion-title.fusion-title-2{margin-top:10px!important;margin-bottom:20px!important;}}<\/style><div class=\"fusion-title title fusion-title-2 fusion-sep-none fusion-title-text fusion-title-size-three\" style=\"margin-top:10px;margin-bottom:20px;\"><h3 class=\"title-heading-left\" style=\"margin:0;\">Cartazes e Roll-UpS do Projeto<\/h3><\/div><\/div><\/div><style type=\"text\/css\">.fusion-body .fusion-builder-column-19{width:100% !important;margin-top : 20px;margin-bottom : 20px;}.fusion-builder-column-19 > .fusion-column-wrapper {padding-top : 0px !important;padding-right : 0px !important;margin-right : 1.92%;padding-bottom : 0px !important;padding-left : 0px !important;margin-left : 1.92%;}@media only screen and (max-width:1200px) {.fusion-body .fusion-builder-column-19{width:100% !important;order : 0;}.fusion-builder-column-19 > .fusion-column-wrapper {margin-right : 1.92%;margin-left : 1.92%;}}@media only screen and (max-width:640px) {.fusion-body .fusion-builder-column-19{width:100% !important;order : 0;}.fusion-builder-column-19 > .fusion-column-wrapper {margin-right : 1.92%;margin-left : 1.92%;}}<\/style><\/div><style type=\"text\/css\">.fusion-body .fusion-flex-container.fusion-builder-row-1{ padding-top : 0px;margin-top : 0px;padding-right : 0px;padding-bottom : 0px;margin-bottom : 0px;padding-left : 0px;}<\/style><\/div><div class=\"fusion-fullwidth fullwidth-box fusion-builder-row-2 fusion-flex-container nonhundred-percent-fullwidth non-hundred-percent-height-scrolling\" style=\"background-color: rgba(255,255,255,0);background-position: center center;background-repeat: no-repeat;border-width: 0px 0px 0px 0px;border-color:#e8ebef;border-style:solid;\" ><div class=\"fusion-builder-row fusion-row fusion-flex-align-items-flex-start\" style=\"max-width:1331.2px;margin-left: calc(-4% \/ 2 );margin-right: calc(-4% \/ 2 );\"><div class=\"fusion-layout-column fusion_builder_column fusion-builder-column-20 fusion_builder_column_1_4 1_4 fusion-flex-column\"><div class=\"fusion-column-wrapper fusion-flex-justify-content-flex-start fusion-content-layout-column\" style=\"background-position:left top;background-repeat:no-repeat;-webkit-background-size:cover;-moz-background-size:cover;-o-background-size:cover;background-size:cover;padding: 0px 0px 0px 0px;\"><div ><div class=\"imageframe-liftup imageframe-18\"><style>.imageframe-liftup.imageframe-18:before{border-radius:12px;}<\/style><span class=\" fusion-imageframe imageframe-dropshadow imageframe-18\" style=\"border-radius:12px;-webkit-box-shadow: 8px 8px 12px rgba(0,0,0,0.3);box-shadow: 8px 8px 12px rgba(0,0,0,0.3);\"><a href=\"https:\/\/fesete.pt\/qualidade-emprego-igualdade\/wp-content\/uploads\/2021\/07\/vestuario_2-scaled.jpg\" class=\"fusion-lightbox\" data-rel=\"iLightbox[31455e5f2dadf62439d]\" data-title=\"Cartaz Vestu\u00e1rio\" title=\"Cartaz Vestu\u00e1rio\"><img decoding=\"async\" width=\"1810\" height=\"2560\" src=\"https:\/\/fesete.pt\/qualidade-emprego-igualdade\/wp-content\/uploads\/2021\/07\/vestuario_2-scaled.jpg\" data-orig-src=\"https:\/\/fesete.pt\/qualidade-emprego-igualdade\/wp-content\/uploads\/2021\/07\/vestuario_2-scaled.jpg\" class=\"lazyload img-responsive wp-image-2940\" srcset=\"data:image\/svg+xml,%3Csvg%20xmlns%3D%27http%3A%2F%2Fwww.w3.org%2F2000%2Fsvg%27%20width%3D%271810%27%20height%3D%272560%27%20viewBox%3D%270%200%201810%202560%27%3E%3Crect%20width%3D%271810%27%20height%3D%2732560%27%20fill-opacity%3D%220%22%2F%3E%3C%2Fsvg%3E\" data-srcset=\"https:\/\/fesete.pt\/qualidade-emprego-igualdade\/wp-content\/uploads\/2021\/07\/vestuario_2-200x283.jpg 200w, https:\/\/fesete.pt\/qualidade-emprego-igualdade\/wp-content\/uploads\/2021\/07\/vestuario_2-400x566.jpg 400w, https:\/\/fesete.pt\/qualidade-emprego-igualdade\/wp-content\/uploads\/2021\/07\/vestuario_2-600x849.jpg 600w, https:\/\/fesete.pt\/qualidade-emprego-igualdade\/wp-content\/uploads\/2021\/07\/vestuario_2-800x1131.jpg 800w, https:\/\/fesete.pt\/qualidade-emprego-igualdade\/wp-content\/uploads\/2021\/07\/vestuario_2-1200x1697.jpg 1200w, https:\/\/fesete.pt\/qualidade-emprego-igualdade\/wp-content\/uploads\/2021\/07\/vestuario_2-scaled.jpg 1810w\" data-sizes=\"auto\" data-orig-sizes=\"(max-width: 640px) 100vw, 400px\" \/><\/a><\/span><\/div><\/div><\/div><\/div><style type=\"text\/css\">.fusion-body .fusion-builder-column-20{width:25% !important;margin-top : 20px;margin-bottom : 20px;}.fusion-builder-column-20 > .fusion-column-wrapper {padding-top : 0px !important;padding-right : 0px !important;margin-right : 7.68%;padding-bottom : 0px !important;padding-left : 0px !important;margin-left : 7.68%;}@media only screen and (max-width:1200px) {.fusion-body .fusion-builder-column-20{width:25% !important;order : 0;}.fusion-builder-column-20 > .fusion-column-wrapper {margin-right : 7.68%;margin-left : 7.68%;}}@media only screen and (max-width:640px) {.fusion-body .fusion-builder-column-20{width:100% !important;order : 0;}.fusion-builder-column-20 > .fusion-column-wrapper {margin-right : 1.92%;margin-left : 1.92%;}}<\/style><div class=\"fusion-layout-column fusion_builder_column fusion-builder-column-21 fusion_builder_column_1_4 1_4 fusion-flex-column\"><div class=\"fusion-column-wrapper fusion-flex-justify-content-flex-start fusion-content-layout-column\" style=\"background-position:left top;background-repeat:no-repeat;-webkit-background-size:cover;-moz-background-size:cover;-o-background-size:cover;background-size:cover;padding: 0px 0px 0px 0px;\"><div ><div class=\"imageframe-liftup imageframe-19\"><style>.imageframe-liftup.imageframe-19:before{border-radius:12px;}<\/style><span class=\" fusion-imageframe imageframe-dropshadow imageframe-19\" style=\"border-radius:12px;-webkit-box-shadow: 8px 8px 12px rgba(0,0,0,0.3);box-shadow: 8px 8px 12px rgba(0,0,0,0.3);\"><a href=\"https:\/\/fesete.pt\/qualidade-emprego-igualdade\/wp-content\/uploads\/2021\/07\/curtumes-scaled.jpg\" class=\"fusion-lightbox\" data-rel=\"iLightbox[65dfb0e9e2eab0c8760]\" data-title=\"Cartaz Curtumes\" title=\"Cartaz Curtumes\"><img decoding=\"async\" width=\"1810\" height=\"2560\" src=\"https:\/\/fesete.pt\/qualidade-emprego-igualdade\/wp-content\/uploads\/2021\/07\/curtumes-scaled.jpg\" data-orig-src=\"https:\/\/fesete.pt\/qualidade-emprego-igualdade\/wp-content\/uploads\/2021\/07\/curtumes-scaled.jpg\" class=\"lazyload img-responsive wp-image-2941\" srcset=\"data:image\/svg+xml,%3Csvg%20xmlns%3D%27http%3A%2F%2Fwww.w3.org%2F2000%2Fsvg%27%20width%3D%271810%27%20height%3D%272560%27%20viewBox%3D%270%200%201810%202560%27%3E%3Crect%20width%3D%271810%27%20height%3D%2732560%27%20fill-opacity%3D%220%22%2F%3E%3C%2Fsvg%3E\" data-srcset=\"https:\/\/fesete.pt\/qualidade-emprego-igualdade\/wp-content\/uploads\/2021\/07\/curtumes-200x283.jpg 200w, https:\/\/fesete.pt\/qualidade-emprego-igualdade\/wp-content\/uploads\/2021\/07\/curtumes-400x566.jpg 400w, https:\/\/fesete.pt\/qualidade-emprego-igualdade\/wp-content\/uploads\/2021\/07\/curtumes-600x849.jpg 600w, https:\/\/fesete.pt\/qualidade-emprego-igualdade\/wp-content\/uploads\/2021\/07\/curtumes-800x1131.jpg 800w, https:\/\/fesete.pt\/qualidade-emprego-igualdade\/wp-content\/uploads\/2021\/07\/curtumes-1200x1697.jpg 1200w, https:\/\/fesete.pt\/qualidade-emprego-igualdade\/wp-content\/uploads\/2021\/07\/curtumes-scaled.jpg 1810w\" data-sizes=\"auto\" data-orig-sizes=\"(max-width: 640px) 100vw, 400px\" \/><\/a><\/span><\/div><\/div><\/div><\/div><style type=\"text\/css\">.fusion-body .fusion-builder-column-21{width:25% !important;margin-top : 20px;margin-bottom : 20px;}.fusion-builder-column-21 > .fusion-column-wrapper {padding-top : 0px !important;padding-right : 0px !important;margin-right : 7.68%;padding-bottom : 0px !important;padding-left : 0px !important;margin-left : 7.68%;}@media only screen and (max-width:1200px) {.fusion-body .fusion-builder-column-21{width:25% !important;order : 0;}.fusion-builder-column-21 > .fusion-column-wrapper {margin-right : 7.68%;margin-left : 7.68%;}}@media only screen and (max-width:640px) {.fusion-body .fusion-builder-column-21{width:100% !important;order : 0;}.fusion-builder-column-21 > .fusion-column-wrapper {margin-right : 1.92%;margin-left : 1.92%;}}<\/style><div class=\"fusion-layout-column fusion_builder_column fusion-builder-column-22 fusion_builder_column_1_4 1_4 fusion-flex-column fusion-column-inner-bg-wrapper\"><div class=\"fusion-column-wrapper fusion-flex-justify-content-flex-start fusion-content-layout-column\" style=\"padding: 0px 0px 0px 0px;\"><div ><div class=\"imageframe-liftup imageframe-20\"><style>.imageframe-liftup.imageframe-20:before{border-radius:12px;}<\/style><span class=\" fusion-imageframe imageframe-dropshadow imageframe-20\" style=\"border-radius:12px;-webkit-box-shadow: 26px 26px 30px rgba(0,0,0,0.3);box-shadow: 26px 26px 30px rgba(0,0,0,0.3);\"><a href=\"https:\/\/fesete.pt\/qualidade-emprego-igualdade\/wp-content\/uploads\/2022\/06\/rol-ul-vestuario-pdf.png\" class=\"fusion-lightbox\" data-rel=\"iLightbox[156d99829930f14f02e]\" data-title=\"rol ul vestuario pdf\" title=\"rol ul vestuario pdf\"><img decoding=\"async\" width=\"237\" height=\"571\" src=\"https:\/\/fesete.pt\/qualidade-emprego-igualdade\/wp-content\/uploads\/2022\/06\/rol-ul-vestuario-pdf.png\" data-orig-src=\"https:\/\/fesete.pt\/qualidade-emprego-igualdade\/wp-content\/uploads\/2022\/06\/rol-ul-vestuario-pdf.png\" class=\"lazyload img-responsive wp-image-3318\" srcset=\"data:image\/svg+xml,%3Csvg%20xmlns%3D%27http%3A%2F%2Fwww.w3.org%2F2000%2Fsvg%27%20width%3D%27237%27%20height%3D%27571%27%20viewBox%3D%270%200%20237%20571%27%3E%3Crect%20width%3D%27237%27%20height%3D%273571%27%20fill-opacity%3D%220%22%2F%3E%3C%2Fsvg%3E\" data-srcset=\"https:\/\/fesete.pt\/qualidade-emprego-igualdade\/wp-content\/uploads\/2022\/06\/rol-ul-vestuario-pdf-200x482.png 200w, https:\/\/fesete.pt\/qualidade-emprego-igualdade\/wp-content\/uploads\/2022\/06\/rol-ul-vestuario-pdf.png 237w\" data-sizes=\"auto\" data-orig-sizes=\"(max-width: 640px) 100vw, 237px\" \/><\/a><\/span><\/div><\/div><\/div><span class=\"fusion-column-inner-bg hover-type-none\"><a href=\"https:\/\/fesete.pt\/qualidade-emprego-igualdade\/wp-content\/uploads\/2022\/06\/ROLL-UP-VESTUARIO-85x210-cm.pdf\"><span class=\"fusion-column-inner-bg-image\" style=\"background-position:left top;background-repeat:no-repeat;-webkit-background-size:cover;-moz-background-size:cover;-o-background-size:cover;background-size:cover;\"><\/span><\/a><\/span><\/div><style type=\"text\/css\">.fusion-body .fusion-builder-column-22{width:25% !important;margin-top : 20px;margin-bottom : 20px;}.fusion-builder-column-22 > .fusion-column-wrapper {padding-top : 0px !important;padding-right : 0px !important;margin-right : 7.68%;padding-bottom : 0px !important;padding-left : 0px !important;margin-left : 7.68%;}.fusion-flex-container .fusion-row .fusion-builder-column-22 > .fusion-column-inner-bg { margin-right:7.68%;margin-left:7.68%; }@media only screen and (max-width:1200px) {.fusion-body .fusion-builder-column-22{width:25% !important;order : 0;}.fusion-builder-column-22 > .fusion-column-wrapper {margin-right : 7.68%;margin-left : 7.68%;}.fusion-flex-container .fusion-row .fusion-builder-column-22 > .fusion-column-inner-bg { margin-right:7.68%;margin-left:7.68%; }}@media only screen and (max-width:640px) {.fusion-body .fusion-builder-column-22{width:100% !important;order : 0;}.fusion-builder-column-22 > .fusion-column-wrapper {margin-right : 1.92%;margin-left : 1.92%;}.fusion-flex-container .fusion-row .fusion-builder-column-22 > .fusion-column-inner-bg { margin-right:1.92%;margin-left:1.92%; }}<\/style><div class=\"fusion-layout-column fusion_builder_column fusion-builder-column-23 fusion_builder_column_1_4 1_4 fusion-flex-column fusion-column-inner-bg-wrapper\"><div class=\"fusion-column-wrapper fusion-flex-justify-content-flex-start fusion-content-layout-column\" style=\"padding: 0px 0px 0px 0px;\"><div ><div class=\"imageframe-liftup imageframe-21\"><style>.imageframe-liftup.imageframe-21:before{border-radius:12px;}<\/style><span class=\" fusion-imageframe imageframe-dropshadow imageframe-21\" style=\"border-radius:12px;-webkit-box-shadow: 26px 26px 30px rgba(0,0,0,0.3);box-shadow: 26px 26px 30px rgba(0,0,0,0.3);\"><a href=\"https:\/\/fesete.pt\/qualidade-emprego-igualdade\/wp-content\/uploads\/2022\/06\/roll-up-curtumes-pdf.png\" class=\"fusion-lightbox\" data-rel=\"iLightbox[6201484c93a3686bf31]\" data-title=\"roll up curtumes pdf\" title=\"roll up curtumes pdf\"><img decoding=\"async\" width=\"245\" height=\"571\" src=\"https:\/\/fesete.pt\/qualidade-emprego-igualdade\/wp-content\/uploads\/2022\/06\/roll-up-curtumes-pdf.png\" data-orig-src=\"https:\/\/fesete.pt\/qualidade-emprego-igualdade\/wp-content\/uploads\/2022\/06\/roll-up-curtumes-pdf.png\" class=\"lazyload img-responsive wp-image-3316\" srcset=\"data:image\/svg+xml,%3Csvg%20xmlns%3D%27http%3A%2F%2Fwww.w3.org%2F2000%2Fsvg%27%20width%3D%27245%27%20height%3D%27571%27%20viewBox%3D%270%200%20245%20571%27%3E%3Crect%20width%3D%27245%27%20height%3D%273571%27%20fill-opacity%3D%220%22%2F%3E%3C%2Fsvg%3E\" data-srcset=\"https:\/\/fesete.pt\/qualidade-emprego-igualdade\/wp-content\/uploads\/2022\/06\/roll-up-curtumes-pdf-200x466.png 200w, https:\/\/fesete.pt\/qualidade-emprego-igualdade\/wp-content\/uploads\/2022\/06\/roll-up-curtumes-pdf.png 245w\" data-sizes=\"auto\" data-orig-sizes=\"(max-width: 640px) 100vw, 245px\" \/><\/a><\/span><\/div><\/div><\/div><span class=\"fusion-column-inner-bg hover-type-none\"><a href=\"https:\/\/fesete.pt\/qualidade-emprego-igualdade\/wp-content\/uploads\/2022\/06\/ROLL-UP-CURTUMES-85x210-cm.pdf\"><span class=\"fusion-column-inner-bg-image\" style=\"background-position:left top;background-repeat:no-repeat;-webkit-background-size:cover;-moz-background-size:cover;-o-background-size:cover;background-size:cover;\"><\/span><\/a><\/span><\/div><style type=\"text\/css\">.fusion-body .fusion-builder-column-23{width:25% !important;margin-top : 20px;margin-bottom : 20px;}.fusion-builder-column-23 > .fusion-column-wrapper {padding-top : 0px !important;padding-right : 0px !important;margin-right : 7.68%;padding-bottom : 0px !important;padding-left : 0px !important;margin-left : 7.68%;}.fusion-flex-container .fusion-row .fusion-builder-column-23 > .fusion-column-inner-bg { margin-right:7.68%;margin-left:7.68%; }@media only screen and (max-width:1200px) {.fusion-body .fusion-builder-column-23{width:25% !important;order : 0;}.fusion-builder-column-23 > .fusion-column-wrapper {margin-right : 7.68%;margin-left : 7.68%;}.fusion-flex-container .fusion-row .fusion-builder-column-23 > .fusion-column-inner-bg { margin-right:7.68%;margin-left:7.68%; }}@media only screen and (max-width:640px) {.fusion-body .fusion-builder-column-23{width:100% !important;order : 0;}.fusion-builder-column-23 > .fusion-column-wrapper {margin-right : 1.92%;margin-left : 1.92%;}.fusion-flex-container .fusion-row .fusion-builder-column-23 > .fusion-column-inner-bg { margin-right:1.92%;margin-left:1.92%; }}<\/style><div class=\"fusion-layout-column fusion_builder_column fusion-builder-column-24 fusion_builder_column_1_1 1_1 fusion-flex-column\"><div class=\"fusion-column-wrapper fusion-flex-justify-content-flex-start fusion-content-layout-column\" style=\"background-position:left top;background-repeat:no-repeat;-webkit-background-size:cover;-moz-background-size:cover;-o-background-size:cover;background-size:cover;padding: 0px 0px 0px 0px;\"><div class=\"fusion-text fusion-text-17\" style=\"transform:translate3d(0,0,0);\"><h3><strong>NOTICIAS PROJETO<\/strong><\/h3>\n<\/div><\/div><\/div><style type=\"text\/css\">.fusion-body .fusion-builder-column-24{width:100% !important;margin-top : 20px;margin-bottom : 20px;}.fusion-builder-column-24 > .fusion-column-wrapper {padding-top : 0px !important;padding-right : 0px !important;margin-right : 1.92%;padding-bottom : 0px !important;padding-left : 0px !important;margin-left : 1.92%;}@media only screen and (max-width:1200px) {.fusion-body .fusion-builder-column-24{width:100% !important;order : 0;}.fusion-builder-column-24 > .fusion-column-wrapper {margin-right : 1.92%;margin-left : 1.92%;}}@media only screen and (max-width:640px) {.fusion-body .fusion-builder-column-24{width:100% !important;order : 0;}.fusion-builder-column-24 > .fusion-column-wrapper {margin-right : 1.92%;margin-left : 1.92%;}}<\/style><div class=\"fusion-layout-column fusion_builder_column fusion-builder-column-25 fusion_builder_column_1_4 1_4 fusion-flex-column fusion-column-inner-bg-wrapper\"><div class=\"fusion-column-wrapper fusion-flex-justify-content-flex-start fusion-content-layout-column\" style=\"padding: 0px 0px 0px 0px;\"><div ><div class=\"imageframe-liftup imageframe-22\"><style>.imageframe-liftup.imageframe-22:before{border-radius:12px;}<\/style><span class=\" fusion-imageframe imageframe-dropshadow imageframe-22\" style=\"border-radius:12px;-webkit-box-shadow: 26px 26px 30px rgba(0,0,0,0.3);box-shadow: 26px 26px 30px rgba(0,0,0,0.3);\"><a href=\"https:\/\/fesete.pt\/qualidade-emprego-igualdade\/wp-content\/uploads\/2023\/03\/1INFORM@.png\" class=\"fusion-lightbox\" data-rel=\"iLightbox[9454c1ba34626009e99]\" data-title=\"1INFORM@\" title=\"1INFORM@\"><img decoding=\"async\" width=\"272\" height=\"398\" src=\"https:\/\/fesete.pt\/qualidade-emprego-igualdade\/wp-content\/uploads\/2023\/03\/1INFORM@.png\" data-orig-src=\"https:\/\/fesete.pt\/qualidade-emprego-igualdade\/wp-content\/uploads\/2023\/03\/1INFORM@.png\" class=\"lazyload img-responsive wp-image-3972\" srcset=\"data:image\/svg+xml,%3Csvg%20xmlns%3D%27http%3A%2F%2Fwww.w3.org%2F2000%2Fsvg%27%20width%3D%27272%27%20height%3D%27398%27%20viewBox%3D%270%200%20272%20398%27%3E%3Crect%20width%3D%27272%27%20height%3D%273398%27%20fill-opacity%3D%220%22%2F%3E%3C%2Fsvg%3E\" data-srcset=\"https:\/\/fesete.pt\/qualidade-emprego-igualdade\/wp-content\/uploads\/2023\/03\/1INFORM@-200x293.png 200w, https:\/\/fesete.pt\/qualidade-emprego-igualdade\/wp-content\/uploads\/2023\/03\/1INFORM@.png 272w\" data-sizes=\"auto\" data-orig-sizes=\"(max-width: 640px) 100vw, 272px\" \/><\/a><\/span><\/div><\/div><\/div><span class=\"fusion-column-inner-bg hover-type-none\"><a href=\"https:\/\/fesete.pt\/qualidade-emprego-igualdade\/wp-content\/uploads\/2023\/03\/1INFORM@-PROJECTO-AVALIACAO-DE-FUNCOES-E-REMUNERACOES.pdf\"><span class=\"fusion-column-inner-bg-image\" style=\"background-position:left top;background-repeat:no-repeat;-webkit-background-size:cover;-moz-background-size:cover;-o-background-size:cover;background-size:cover;\"><\/span><\/a><\/span><\/div><style type=\"text\/css\">.fusion-body .fusion-builder-column-25{width:25% !important;margin-top : 20px;margin-bottom : 20px;}.fusion-builder-column-25 > .fusion-column-wrapper {padding-top : 0px !important;padding-right : 0px !important;margin-right : 7.68%;padding-bottom : 0px !important;padding-left : 0px !important;margin-left : 7.68%;}.fusion-flex-container .fusion-row .fusion-builder-column-25 > .fusion-column-inner-bg { margin-right:7.68%;margin-left:7.68%; }@media only screen and (max-width:1200px) {.fusion-body .fusion-builder-column-25{width:25% !important;order : 0;}.fusion-builder-column-25 > .fusion-column-wrapper {margin-right : 7.68%;margin-left : 7.68%;}.fusion-flex-container .fusion-row .fusion-builder-column-25 > .fusion-column-inner-bg { margin-right:7.68%;margin-left:7.68%; }}@media only screen and (max-width:640px) {.fusion-body .fusion-builder-column-25{width:100% !important;order : 0;}.fusion-builder-column-25 > .fusion-column-wrapper {margin-right : 1.92%;margin-left : 1.92%;}.fusion-flex-container .fusion-row .fusion-builder-column-25 > .fusion-column-inner-bg { margin-right:1.92%;margin-left:1.92%; }}<\/style><div class=\"fusion-layout-column fusion_builder_column fusion-builder-column-26 fusion_builder_column_1_4 1_4 fusion-flex-column fusion-column-inner-bg-wrapper\"><div class=\"fusion-column-wrapper fusion-flex-justify-content-flex-start fusion-content-layout-column\" style=\"padding: 0px 0px 0px 0px;\"><div ><div class=\"imageframe-liftup imageframe-23\"><style>.imageframe-liftup.imageframe-23:before{border-radius:12px;}<\/style><span class=\" fusion-imageframe imageframe-dropshadow imageframe-23\" style=\"border-radius:12px;-webkit-box-shadow: 26px 26px 30px rgba(0,0,0,0.3);box-shadow: 26px 26px 30px rgba(0,0,0,0.3);\"><a href=\"https:\/\/fesete.pt\/qualidade-emprego-igualdade\/wp-content\/uploads\/2023\/03\/2INFOM@.png\" class=\"fusion-lightbox\" data-rel=\"iLightbox[ae16befe51213933c3e]\" data-title=\"2INFOM@\" title=\"2INFOM@\"><img decoding=\"async\" width=\"272\" height=\"390\" src=\"https:\/\/fesete.pt\/qualidade-emprego-igualdade\/wp-content\/uploads\/2023\/03\/2INFOM@.png\" data-orig-src=\"https:\/\/fesete.pt\/qualidade-emprego-igualdade\/wp-content\/uploads\/2023\/03\/2INFOM@.png\" class=\"lazyload img-responsive wp-image-3973\" srcset=\"data:image\/svg+xml,%3Csvg%20xmlns%3D%27http%3A%2F%2Fwww.w3.org%2F2000%2Fsvg%27%20width%3D%27272%27%20height%3D%27390%27%20viewBox%3D%270%200%20272%20390%27%3E%3Crect%20width%3D%27272%27%20height%3D%273390%27%20fill-opacity%3D%220%22%2F%3E%3C%2Fsvg%3E\" data-srcset=\"https:\/\/fesete.pt\/qualidade-emprego-igualdade\/wp-content\/uploads\/2023\/03\/2INFOM@-200x287.png 200w, https:\/\/fesete.pt\/qualidade-emprego-igualdade\/wp-content\/uploads\/2023\/03\/2INFOM@.png 272w\" data-sizes=\"auto\" data-orig-sizes=\"(max-width: 640px) 100vw, 272px\" \/><\/a><\/span><\/div><\/div><\/div><span class=\"fusion-column-inner-bg hover-type-none\"><a href=\"https:\/\/fesete.pt\/qualidade-emprego-igualdade\/wp-content\/uploads\/2023\/03\/2INFORMA@PROJECTO-AVALIACAO-DE-FUNCOES-E-REMUNERACOES.pdf\"><span class=\"fusion-column-inner-bg-image\" style=\"background-position:left top;background-repeat:no-repeat;-webkit-background-size:cover;-moz-background-size:cover;-o-background-size:cover;background-size:cover;\"><\/span><\/a><\/span><\/div><style type=\"text\/css\">.fusion-body .fusion-builder-column-26{width:25% !important;margin-top : 20px;margin-bottom : 20px;}.fusion-builder-column-26 > .fusion-column-wrapper {padding-top : 0px !important;padding-right : 0px !important;margin-right : 7.68%;padding-bottom : 0px !important;padding-left : 0px !important;margin-left : 7.68%;}.fusion-flex-container .fusion-row .fusion-builder-column-26 > .fusion-column-inner-bg { margin-right:7.68%;margin-left:7.68%; }@media only screen and (max-width:1200px) {.fusion-body .fusion-builder-column-26{width:25% !important;order : 0;}.fusion-builder-column-26 > .fusion-column-wrapper {margin-right : 7.68%;margin-left : 7.68%;}.fusion-flex-container .fusion-row .fusion-builder-column-26 > .fusion-column-inner-bg { margin-right:7.68%;margin-left:7.68%; }}@media only screen and (max-width:640px) {.fusion-body .fusion-builder-column-26{width:100% !important;order : 0;}.fusion-builder-column-26 > .fusion-column-wrapper {margin-right : 1.92%;margin-left : 1.92%;}.fusion-flex-container .fusion-row .fusion-builder-column-26 > .fusion-column-inner-bg { margin-right:1.92%;margin-left:1.92%; }}<\/style><div class=\"fusion-layout-column fusion_builder_column fusion-builder-column-27 fusion_builder_column_1_4 1_4 fusion-flex-column fusion-column-inner-bg-wrapper\"><div class=\"fusion-column-wrapper fusion-flex-justify-content-flex-start fusion-content-layout-column\" style=\"padding: 0px 0px 0px 0px;\"><div ><div class=\"imageframe-liftup imageframe-24\"><style>.imageframe-liftup.imageframe-24:before{border-radius:12px;}<\/style><span class=\" fusion-imageframe imageframe-dropshadow imageframe-24\" style=\"border-radius:12px;-webkit-box-shadow: 26px 26px 30px rgba(0,0,0,0.3);box-shadow: 26px 26px 30px rgba(0,0,0,0.3);\"><a href=\"https:\/\/fesete.pt\/qualidade-emprego-igualdade\/wp-content\/uploads\/2023\/03\/ENINFORMA.png\" class=\"fusion-lightbox\" data-rel=\"iLightbox[7284f7f2b1e9b206f53]\" data-title=\"ENINFORMA\" title=\"ENINFORMA\"><img decoding=\"async\" width=\"266\" height=\"382\" src=\"https:\/\/fesete.pt\/qualidade-emprego-igualdade\/wp-content\/uploads\/2023\/03\/ENINFORMA.png\" data-orig-src=\"https:\/\/fesete.pt\/qualidade-emprego-igualdade\/wp-content\/uploads\/2023\/03\/ENINFORMA.png\" class=\"lazyload img-responsive wp-image-4032\" srcset=\"data:image\/svg+xml,%3Csvg%20xmlns%3D%27http%3A%2F%2Fwww.w3.org%2F2000%2Fsvg%27%20width%3D%27266%27%20height%3D%27382%27%20viewBox%3D%270%200%20266%20382%27%3E%3Crect%20width%3D%27266%27%20height%3D%273382%27%20fill-opacity%3D%220%22%2F%3E%3C%2Fsvg%3E\" data-srcset=\"https:\/\/fesete.pt\/qualidade-emprego-igualdade\/wp-content\/uploads\/2023\/03\/ENINFORMA-200x287.png 200w, https:\/\/fesete.pt\/qualidade-emprego-igualdade\/wp-content\/uploads\/2023\/03\/ENINFORMA.png 266w\" data-sizes=\"auto\" data-orig-sizes=\"(max-width: 640px) 100vw, 266px\" \/><\/a><\/span><\/div><\/div><\/div><span class=\"fusion-column-inner-bg hover-type-none\"><a href=\"https:\/\/fesete.pt\/qualidade-emprego-igualdade\/wp-content\/uploads\/2023\/03\/EN-INFORMA@PROJECTO.pt_.en-1.pdf\"><span class=\"fusion-column-inner-bg-image\" style=\"background-position:left top;background-repeat:no-repeat;-webkit-background-size:cover;-moz-background-size:cover;-o-background-size:cover;background-size:cover;\"><\/span><\/a><\/span><\/div><style type=\"text\/css\">.fusion-body .fusion-builder-column-27{width:25% !important;margin-top : 20px;margin-bottom : 20px;}.fusion-builder-column-27 > .fusion-column-wrapper {padding-top : 0px !important;padding-right : 0px !important;margin-right : 7.68%;padding-bottom : 0px !important;padding-left : 0px !important;margin-left : 7.68%;}.fusion-flex-container .fusion-row .fusion-builder-column-27 > .fusion-column-inner-bg { margin-right:7.68%;margin-left:7.68%; }@media only screen and (max-width:1200px) {.fusion-body .fusion-builder-column-27{width:25% !important;order : 0;}.fusion-builder-column-27 > .fusion-column-wrapper {margin-right : 7.68%;margin-left : 7.68%;}.fusion-flex-container .fusion-row .fusion-builder-column-27 > .fusion-column-inner-bg { margin-right:7.68%;margin-left:7.68%; }}@media only screen and (max-width:640px) {.fusion-body .fusion-builder-column-27{width:100% !important;order : 0;}.fusion-builder-column-27 > .fusion-column-wrapper {margin-right : 1.92%;margin-left : 1.92%;}.fusion-flex-container .fusion-row .fusion-builder-column-27 > .fusion-column-inner-bg { margin-right:1.92%;margin-left:1.92%; }}<\/style><div class=\"fusion-layout-column fusion_builder_column fusion-builder-column-28 fusion_builder_column_1_4 1_4 fusion-flex-column fusion-column-inner-bg-wrapper\"><div class=\"fusion-column-wrapper fusion-flex-justify-content-flex-start fusion-content-layout-column\" style=\"padding: 0px 0px 0px 0px;\"><div ><div class=\"imageframe-liftup imageframe-25\"><style>.imageframe-liftup.imageframe-25:before{border-radius:12px;}<\/style><span class=\" fusion-imageframe imageframe-dropshadow imageframe-25\" style=\"border-radius:12px;-webkit-box-shadow: 26px 26px 30px rgba(0,0,0,0.3);box-shadow: 26px 26px 30px rgba(0,0,0,0.3);\"><a class=\"fusion-lightbox\" data-rel=\"iLightbox[]\" data-title=\"ENINFORMA\" title=\"ENINFORMA\"><\/a><\/span><\/div><\/div><\/div><span class=\"fusion-column-inner-bg hover-type-none\"><a href=\"https:\/\/fesete.pt\/qualidade-emprego-igualdade\/wp-content\/uploads\/2023\/03\/EN-INFORMA@PROJECTO.pt_.en-1.pdf\"><span class=\"fusion-column-inner-bg-image\" style=\"background-position:left top;background-repeat:no-repeat;-webkit-background-size:cover;-moz-background-size:cover;-o-background-size:cover;background-size:cover;\"><\/span><\/a><\/span><\/div><style type=\"text\/css\">.fusion-body .fusion-builder-column-28{width:25% !important;margin-top : 20px;margin-bottom : 20px;}.fusion-builder-column-28 > .fusion-column-wrapper {padding-top : 0px !important;padding-right : 0px !important;margin-right : 7.68%;padding-bottom : 0px !important;padding-left : 0px !important;margin-left : 7.68%;}.fusion-flex-container .fusion-row .fusion-builder-column-28 > .fusion-column-inner-bg { margin-right:7.68%;margin-left:7.68%; }@media only screen and (max-width:1200px) {.fusion-body .fusion-builder-column-28{width:25% !important;order : 0;}.fusion-builder-column-28 > .fusion-column-wrapper {margin-right : 7.68%;margin-left : 7.68%;}.fusion-flex-container .fusion-row .fusion-builder-column-28 > .fusion-column-inner-bg { margin-right:7.68%;margin-left:7.68%; }}@media only screen and (max-width:640px) {.fusion-body .fusion-builder-column-28{width:100% !important;order : 0;}.fusion-builder-column-28 > .fusion-column-wrapper {margin-right : 1.92%;margin-left : 1.92%;}.fusion-flex-container .fusion-row .fusion-builder-column-28 > .fusion-column-inner-bg { margin-right:1.92%;margin-left:1.92%; }}<\/style><\/div><style type=\"text\/css\">.fusion-body .fusion-flex-container.fusion-builder-row-2{ padding-top : 0px;margin-top : 0px;padding-right : 0px;padding-bottom : 0px;margin-bottom : 0px;padding-left : 0px;}<\/style><\/div><div class=\"fusion-fullwidth fullwidth-box fusion-builder-row-3 fusion-flex-container nonhundred-percent-fullwidth non-hundred-percent-height-scrolling\" style=\"background-color: rgba(255,255,255,0);background-position: center center;background-repeat: no-repeat;border-width: 0px 0px 0px 0px;border-color:#e8ebef;border-style:solid;\" ><div class=\"fusion-builder-row fusion-row fusion-flex-align-items-flex-start\" style=\"max-width:1331.2px;margin-left: calc(-4% \/ 2 );margin-right: calc(-4% \/ 2 );\"><div class=\"fusion-layout-column fusion_builder_column fusion-builder-column-29 fusion_builder_column_1_1 1_1 fusion-flex-column\"><div class=\"fusion-column-wrapper fusion-flex-justify-content-flex-start fusion-content-layout-column\" style=\"background-position:left top;background-repeat:no-repeat;-webkit-background-size:cover;-moz-background-size:cover;-o-background-size:cover;background-size:cover;padding: 0px 0px 0px 0px;\"><style type=\"text\/css\">@media only screen and (max-width:1200px) {.fusion-title.fusion-title-3{margin-top:10px!important;margin-bottom:20px!important;}}@media only screen and (max-width:640px) {.fusion-title.fusion-title-3{margin-top:10px!important;margin-bottom:20px!important;}}<\/style><div class=\"fusion-title title fusion-title-3 fusion-sep-none fusion-title-text fusion-title-size-three\" style=\"margin-top:10px;margin-bottom:20px;\"><h3 class=\"title-heading-left\" style=\"margin:0;\">Newsletter<\/h3><\/div><\/div><\/div><style type=\"text\/css\">.fusion-body .fusion-builder-column-29{width:100% !important;margin-top : 20px;margin-bottom : 20px;}.fusion-builder-column-29 > .fusion-column-wrapper {padding-top : 0px !important;padding-right : 0px !important;margin-right : 1.92%;padding-bottom : 0px !important;padding-left : 0px !important;margin-left : 1.92%;}@media only screen and (max-width:1200px) {.fusion-body .fusion-builder-column-29{width:100% !important;order : 0;}.fusion-builder-column-29 > .fusion-column-wrapper {margin-right : 1.92%;margin-left : 1.92%;}}@media only screen and (max-width:640px) {.fusion-body .fusion-builder-column-29{width:100% !important;order : 0;}.fusion-builder-column-29 > .fusion-column-wrapper {margin-right : 1.92%;margin-left : 1.92%;}}<\/style><\/div><style type=\"text\/css\">.fusion-body .fusion-flex-container.fusion-builder-row-3{ padding-top : 0px;margin-top : 0px;padding-right : 0px;padding-bottom : 0px;margin-bottom : 0px;padding-left : 0px;}<\/style><\/div><div class=\"fusion-fullwidth fullwidth-box fusion-builder-row-4 fusion-flex-container nonhundred-percent-fullwidth non-hundred-percent-height-scrolling\" style=\"background-color: rgba(255,255,255,0);background-position: center center;background-repeat: no-repeat;border-width: 0px 0px 0px 0px;border-color:#e8ebef;border-style:solid;\" ><div class=\"fusion-builder-row fusion-row fusion-flex-align-items-flex-start\" style=\"max-width:1331.2px;margin-left: calc(-4% \/ 2 );margin-right: calc(-4% \/ 2 );\"><div class=\"fusion-layout-column fusion_builder_column fusion-builder-column-30 fusion_builder_column_1_6 1_6 fusion-flex-column fusion-column-inner-bg-wrapper\"><div class=\"fusion-column-wrapper fusion-flex-justify-content-flex-start fusion-content-layout-column\" style=\"padding: 0px 0px 0px 0px;\"><a class=\"fb-icon-element-1 fb-icon-element fontawesome-icon icon-accountant-mail circle-no fusion-link icon-hover-animation-slide\" style=\"font-size:70px;align-self:center;\" href=\"https:\/\/fesete.pt\/qualidade-emprego-igualdade\/newsletter\/newsletter1.html\" aria-label=\"Link to https:\/\/fesete.pt\/qualidade-emprego-igualdade\/newsletter\/newsletter1.html\" target=\"_blank\" rel=\"noopener noreferrer\"><\/a><style>a.fb-icon-element.fontawesome-icon.fb-icon-element-1{ color: #2cbc63;}a.fb-icon-element.fontawesome-icon.fb-icon-element-1:hover { color: #15d16c;}<\/style><style type=\"text\/css\">@media only screen and (max-width:1200px) {.fusion-title.fusion-title-4{margin-top:10px!important;margin-bottom:20px!important;}}@media only screen and (max-width:640px) {.fusion-title.fusion-title-4{margin-top:10px!important;margin-bottom:20px!important;}}<\/style><div class=\"fusion-title title fusion-title-4 fusion-sep-none fusion-title-center fusion-title-text fusion-title-size-six\" style=\"margin-top:10px;margin-bottom:20px;\"><h6 class=\"title-heading-center\" style=\"margin:0;color:#2cbc63;\"><p style=\"text-align: center;\">Newsletter 1 (web)<\/p><\/h6><\/div><\/div><span class=\"fusion-column-inner-bg hover-type-none\"><a href=\"https:\/\/fesete.pt\/qualidade-emprego-igualdade\/newsletter\/newsletter1.html\" rel=\"noopener noreferrer\" target=\"_blank\"><span class=\"fusion-column-inner-bg-image\" style=\"background-position:left top;background-repeat:no-repeat;-webkit-background-size:cover;-moz-background-size:cover;-o-background-size:cover;background-size:cover;\"><\/span><\/a><\/span><\/div><style type=\"text\/css\">.fusion-body .fusion-builder-column-30{width:16.666666666667% !important;margin-top : 20px;margin-bottom : 20px;}.fusion-builder-column-30 > .fusion-column-wrapper {padding-top : 0px !important;padding-right : 0px !important;margin-right : 0%;padding-bottom : 0px !important;padding-left : 0px !important;margin-left : 11.52%;}.fusion-flex-container .fusion-row .fusion-builder-column-30 > .fusion-column-inner-bg { margin-right:0%;margin-left:11.52%; }@media only screen and (max-width:1200px) {.fusion-body .fusion-builder-column-30{width:16.666666666667% !important;order : 0;}.fusion-builder-column-30 > .fusion-column-wrapper {margin-right : 0%;margin-left : 11.52%;}.fusion-flex-container .fusion-row .fusion-builder-column-30 > .fusion-column-inner-bg { margin-right:0%;margin-left:11.52%; }}@media only screen and (max-width:640px) {.fusion-body .fusion-builder-column-30{width:100% !important;order : 0;}.fusion-builder-column-30 > .fusion-column-wrapper {margin-right : 1.92%;margin-left : 1.92%;}.fusion-flex-container .fusion-row .fusion-builder-column-30 > .fusion-column-inner-bg { margin-right:1.92%;margin-left:1.92%; }}<\/style><div class=\"fusion-layout-column fusion_builder_column fusion-builder-column-31 fusion_builder_column_1_6 1_6 fusion-flex-column fusion-column-inner-bg-wrapper\"><div class=\"fusion-column-wrapper fusion-flex-justify-content-flex-start fusion-content-layout-column\" style=\"padding: 0px 0px 0px 0px;\"><a class=\"fb-icon-element-2 fb-icon-element fontawesome-icon icon-accountant-download circle-no fusion-link icon-hover-animation-slide\" style=\"font-size:70px;align-self:center;\" href=\"https:\/\/fesete.pt\/qualidade-emprego-igualdade\/newsletter\/newsletter1.html\" aria-label=\"Link to https:\/\/fesete.pt\/qualidade-emprego-igualdade\/newsletter\/newsletter1.html\" target=\"_blank\" rel=\"noopener noreferrer\"><\/a><style>a.fb-icon-element.fontawesome-icon.fb-icon-element-2{ color: #2cbc63;}a.fb-icon-element.fontawesome-icon.fb-icon-element-2:hover { color: #15d16c;}<\/style><style type=\"text\/css\">@media only screen and (max-width:1200px) {.fusion-title.fusion-title-5{margin-top:10px!important;margin-bottom:20px!important;}}@media only screen and (max-width:640px) {.fusion-title.fusion-title-5{margin-top:10px!important;margin-bottom:20px!important;}}<\/style><div class=\"fusion-title title fusion-title-5 fusion-sep-none fusion-title-center fusion-title-text fusion-title-size-six\" style=\"margin-top:10px;margin-bottom:20px;\"><h6 class=\"title-heading-center\" style=\"margin:0;color:#2cbc63;\"><p style=\"text-align: center;\">Newsletter 1 (PDF)<\/p><\/h6><\/div><\/div><span class=\"fusion-column-inner-bg hover-type-none\"><a href=\"https:\/\/fesete.pt\/qualidade-emprego-igualdade\/wp-content\/uploads\/2022\/06\/fesete_pt_qualidade_emprego_igualdade_newsletter_newsletter1_html.pdf\" rel=\"noopener noreferrer\" target=\"_blank\"><span class=\"fusion-column-inner-bg-image\" style=\"background-position:left top;background-repeat:no-repeat;-webkit-background-size:cover;-moz-background-size:cover;-o-background-size:cover;background-size:cover;\"><\/span><\/a><\/span><\/div><style type=\"text\/css\">.fusion-body .fusion-builder-column-31{width:16.666666666667% !important;margin-top : 20px;margin-bottom : 20px;}.fusion-builder-column-31 > .fusion-column-wrapper {padding-top : 0px !important;padding-right : 0px !important;margin-right : 11.52%;padding-bottom : 0px !important;padding-left : 0px !important;margin-left : 0%;}.fusion-flex-container .fusion-row .fusion-builder-column-31 > .fusion-column-inner-bg { margin-right:11.52%;margin-left:0%; }@media only screen and (max-width:1200px) {.fusion-body .fusion-builder-column-31{width:16.666666666667% !important;order : 0;}.fusion-builder-column-31 > .fusion-column-wrapper {margin-right : 11.52%;margin-left : 0%;}.fusion-flex-container .fusion-row .fusion-builder-column-31 > .fusion-column-inner-bg { margin-right:11.52%;margin-left:0%; }}@media only screen and (max-width:640px) {.fusion-body .fusion-builder-column-31{width:100% !important;order : 0;}.fusion-builder-column-31 > .fusion-column-wrapper {margin-right : 1.92%;margin-left : 1.92%;}.fusion-flex-container .fusion-row .fusion-builder-column-31 > .fusion-column-inner-bg { margin-right:1.92%;margin-left:1.92%; }}<\/style><\/div><style type=\"text\/css\">.fusion-body .fusion-flex-container.fusion-builder-row-4{ padding-top : 0px;margin-top : 0px;padding-right : 0px;padding-bottom : 0px;margin-bottom : 0px;padding-left : 0px;}<\/style><\/div><\/p>\n","protected":false},"excerpt":{"rendered":"","protected":false},"author":1,"featured_media":0,"parent":0,"menu_order":0,"comment_status":"closed","ping_status":"closed","template":"","meta":[],"_links":{"self":[{"href":"https:\/\/fesete.pt\/qualidade-emprego-igualdade\/wp-json\/wp\/v2\/pages\/4058"}],"collection":[{"href":"https:\/\/fesete.pt\/qualidade-emprego-igualdade\/wp-json\/wp\/v2\/pages"}],"about":[{"href":"https:\/\/fesete.pt\/qualidade-emprego-igualdade\/wp-json\/wp\/v2\/types\/page"}],"author":[{"embeddable":true,"href":"https:\/\/fesete.pt\/qualidade-emprego-igualdade\/wp-json\/wp\/v2\/users\/1"}],"replies":[{"embeddable":true,"href":"https:\/\/fesete.pt\/qualidade-emprego-igualdade\/wp-json\/wp\/v2\/comments?post=4058"}],"version-history":[{"count":3,"href":"https:\/\/fesete.pt\/qualidade-emprego-igualdade\/wp-json\/wp\/v2\/pages\/4058\/revisions"}],"predecessor-version":[{"id":4068,"href":"https:\/\/fesete.pt\/qualidade-emprego-igualdade\/wp-json\/wp\/v2\/pages\/4058\/revisions\/4068"}],"wp:attachment":[{"href":"https:\/\/fesete.pt\/qualidade-emprego-igualdade\/wp-json\/wp\/v2\/media?parent=4058"}],"curies":[{"name":"wp","href":"https:\/\/api.w.org\/{rel}","templated":true}]}}