{"id":44,"date":"2020-08-20T17:52:24","date_gmt":"2020-08-20T17:52:24","guid":{"rendered":"https:\/\/fesete.pt\/qualidade-emprego-igualdade\/?page_id=44"},"modified":"2023-03-08T16:11:38","modified_gmt":"2023-03-08T16:11:38","slug":"estudos","status":"publish","type":"page","link":"https:\/\/fesete.pt\/qualidade-emprego-igualdade\/estudos\/","title":{"rendered":"Estudos V\u00e1rios"},"content":{"rendered":"<p><div class=\"fusion-fullwidth fullwidth-box fusion-builder-row-1 fusion-flex-container nonhundred-percent-fullwidth non-hundred-percent-height-scrolling\" style=\"background-color: rgba(255,255,255,0);background-position: center center;background-repeat: no-repeat;border-width: 0px 0px 0px 0px;border-color:#e8ebef;border-style:solid;\" ><div class=\"fusion-builder-row fusion-row fusion-flex-align-items-flex-start\" style=\"max-width:1331.2px;margin-left: calc(-4% \/ 2 );margin-right: calc(-4% \/ 2 );\"><div class=\"fusion-layout-column fusion_builder_column fusion-builder-column-0 fusion_builder_column_1_4 1_4 fusion-flex-column\"><div class=\"fusion-column-wrapper fusion-flex-justify-content-flex-start fusion-content-layout-column\" style=\"background-position:left top;background-repeat:no-repeat;-webkit-background-size:cover;-moz-background-size:cover;-o-background-size:cover;background-size:cover;padding: 0px 0px 0px 0px;\"><div ><span class=\" fusion-imageframe imageframe-none imageframe-1 hover-type-none\" style=\"border-radius:12px;\"><a class=\"fusion-no-lightbox\" href=\"http:\/\/www.gep.mtsss.gov.pt\/trabalho#igualdade+remunerat%c3%b3ria\" target=\"_blank\" aria-label=\"Barometro\" rel=\"noopener noreferrer\"><img decoding=\"async\" width=\"275\" height=\"247\" src=\"https:\/\/fesete.pt\/qualidade-emprego-igualdade\/wp-content\/uploads\/2022\/06\/Barometro.jpg\" data-orig-src=\"https:\/\/fesete.pt\/qualidade-emprego-igualdade\/wp-content\/uploads\/2022\/06\/Barometro.jpg\" class=\"lazyload img-responsive wp-image-3339\" srcset=\"data:image\/svg+xml,%3Csvg%20xmlns%3D%27http%3A%2F%2Fwww.w3.org%2F2000%2Fsvg%27%20width%3D%27275%27%20height%3D%27247%27%20viewBox%3D%270%200%20275%20247%27%3E%3Crect%20width%3D%27275%27%20height%3D%273247%27%20fill-opacity%3D%220%22%2F%3E%3C%2Fsvg%3E\" data-srcset=\"https:\/\/fesete.pt\/qualidade-emprego-igualdade\/wp-content\/uploads\/2022\/06\/Barometro-200x180.jpg 200w, https:\/\/fesete.pt\/qualidade-emprego-igualdade\/wp-content\/uploads\/2022\/06\/Barometro.jpg 275w\" data-sizes=\"auto\" data-orig-sizes=\"(max-width: 640px) 100vw, 275px\" \/><\/a><\/span><\/div><div class=\"fusion-text fusion-text-1\" style=\"transform:translate3d(0,0,0);\"><p><strong>BAR\u00d3METRO DAS DIFEREN\u00c7AS REMUNERAT\u00d3RIAS ENTRE MULHERES E HOMENS\u00a0 <\/strong><strong>2021 (3.\u00aa edi\u00e7\u00e3o)<\/strong><\/p>\n<\/div><\/div><\/div><style type=\"text\/css\">.fusion-body .fusion-builder-column-0{width:25% !important;margin-top : 20px;margin-bottom : 20px;}.fusion-builder-column-0 > .fusion-column-wrapper {padding-top : 0px !important;padding-right : 0px !important;margin-right : 7.68%;padding-bottom : 0px !important;padding-left : 0px !important;margin-left : 7.68%;}@media only screen and (max-width:1200px) {.fusion-body .fusion-builder-column-0{width:25% !important;order : 0;}.fusion-builder-column-0 > .fusion-column-wrapper {margin-right : 7.68%;margin-left : 7.68%;}}@media only screen and (max-width:640px) {.fusion-body .fusion-builder-column-0{width:100% !important;order : 0;}.fusion-builder-column-0 > .fusion-column-wrapper {margin-right : 1.92%;margin-left : 1.92%;}}<\/style><div class=\"fusion-layout-column fusion_builder_column fusion-builder-column-1 fusion_builder_column_1_4 1_4 fusion-flex-column fusion-column-inner-bg-wrapper\"><div class=\"fusion-column-wrapper fusion-flex-justify-content-flex-start fusion-content-layout-column\" style=\"padding: 0px 0px 0px 0px;\"><div ><span class=\" fusion-imageframe imageframe-none imageframe-2 hover-type-none\" style=\"border-radius:12px;\"><img decoding=\"async\" width=\"238\" height=\"346\" title=\"IGUALDADE DE GENEROGERAL\" src=\"https:\/\/fesete.pt\/qualidade-emprego-igualdade\/wp-content\/uploads\/2022\/09\/IGUALDADE-DE-GENEROGERAL.png\" data-orig-src=\"https:\/\/fesete.pt\/qualidade-emprego-igualdade\/wp-content\/uploads\/2022\/09\/IGUALDADE-DE-GENEROGERAL.png\" class=\"lazyload img-responsive wp-image-3445\" srcset=\"data:image\/svg+xml,%3Csvg%20xmlns%3D%27http%3A%2F%2Fwww.w3.org%2F2000%2Fsvg%27%20width%3D%27238%27%20height%3D%27346%27%20viewBox%3D%270%200%20238%20346%27%3E%3Crect%20width%3D%27238%27%20height%3D%273346%27%20fill-opacity%3D%220%22%2F%3E%3C%2Fsvg%3E\" data-srcset=\"https:\/\/fesete.pt\/qualidade-emprego-igualdade\/wp-content\/uploads\/2022\/09\/IGUALDADE-DE-GENEROGERAL-200x291.png 200w, https:\/\/fesete.pt\/qualidade-emprego-igualdade\/wp-content\/uploads\/2022\/09\/IGUALDADE-DE-GENEROGERAL.png 238w\" data-sizes=\"auto\" data-orig-sizes=\"(max-width: 640px) 100vw, 238px\" \/><\/span><\/div><div class=\"fusion-text fusion-text-2\" style=\"transform:translate3d(0,0,0);\"><p>Igualdade de G\u00e9nereo em 2021<\/p>\n<\/div><\/div><span class=\"fusion-column-inner-bg hover-type-none\"><a href=\"https:\/\/fesete.pt\/qualidade-emprego-igualdade\/wp-content\/uploads\/2022\/09\/0_Sumario-executivo.pdf\"><span class=\"fusion-column-inner-bg-image\" style=\"background-position:left top;background-repeat:no-repeat;-webkit-background-size:cover;-moz-background-size:cover;-o-background-size:cover;background-size:cover;\"><\/span><\/a><\/span><\/div><style type=\"text\/css\">.fusion-body .fusion-builder-column-1{width:25% !important;margin-top : 20px;margin-bottom : 20px;}.fusion-builder-column-1 > .fusion-column-wrapper {padding-top : 0px !important;padding-right : 0px !important;margin-right : 7.68%;padding-bottom : 0px !important;padding-left : 0px !important;margin-left : 7.68%;}.fusion-flex-container .fusion-row .fusion-builder-column-1 > .fusion-column-inner-bg { margin-right:7.68%;margin-left:7.68%; }@media only screen and (max-width:1200px) {.fusion-body .fusion-builder-column-1{width:25% !important;order : 0;}.fusion-builder-column-1 > .fusion-column-wrapper {margin-right : 7.68%;margin-left : 7.68%;}.fusion-flex-container .fusion-row .fusion-builder-column-1 > .fusion-column-inner-bg { margin-right:7.68%;margin-left:7.68%; }}@media only screen and (max-width:640px) {.fusion-body .fusion-builder-column-1{width:100% !important;order : 0;}.fusion-builder-column-1 > .fusion-column-wrapper {margin-right : 1.92%;margin-left : 1.92%;}.fusion-flex-container .fusion-row .fusion-builder-column-1 > .fusion-column-inner-bg { margin-right:1.92%;margin-left:1.92%; }}<\/style><div class=\"fusion-layout-column fusion_builder_column fusion-builder-column-2 fusion_builder_column_1_4 1_4 fusion-flex-column fusion-column-inner-bg-wrapper\"><div class=\"fusion-column-wrapper fusion-flex-justify-content-flex-start fusion-content-layout-column\" style=\"padding: 0px 0px 0px 0px;\"><div ><span class=\" fusion-imageframe imageframe-none imageframe-3 hover-type-none\" style=\"border-radius:12px;\"><img decoding=\"async\" width=\"240\" height=\"340\" title=\"concilia\u00e7\u00e3o\" src=\"https:\/\/fesete.pt\/qualidade-emprego-igualdade\/wp-content\/uploads\/2022\/09\/conciliacao.png\" data-orig-src=\"https:\/\/fesete.pt\/qualidade-emprego-igualdade\/wp-content\/uploads\/2022\/09\/conciliacao.png\" class=\"lazyload img-responsive wp-image-3449\" srcset=\"data:image\/svg+xml,%3Csvg%20xmlns%3D%27http%3A%2F%2Fwww.w3.org%2F2000%2Fsvg%27%20width%3D%27240%27%20height%3D%27340%27%20viewBox%3D%270%200%20240%20340%27%3E%3Crect%20width%3D%27240%27%20height%3D%273340%27%20fill-opacity%3D%220%22%2F%3E%3C%2Fsvg%3E\" data-srcset=\"https:\/\/fesete.pt\/qualidade-emprego-igualdade\/wp-content\/uploads\/2022\/09\/conciliacao-200x283.png 200w, https:\/\/fesete.pt\/qualidade-emprego-igualdade\/wp-content\/uploads\/2022\/09\/conciliacao.png 240w\" data-sizes=\"auto\" data-orig-sizes=\"(max-width: 640px) 100vw, 240px\" \/><\/span><\/div><div class=\"fusion-text fusion-text-3\" style=\"transform:translate3d(0,0,0);\"><p>Concilia\u00e7\u00e3p entre a Vida Profissional e Social<\/p>\n<\/div><\/div><span class=\"fusion-column-inner-bg hover-type-none\"><a href=\"https:\/\/fesete.pt\/qualidade-emprego-igualdade\/wp-content\/uploads\/2022\/09\/6_Conciliacao.pdf\"><span class=\"fusion-column-inner-bg-image\" style=\"background-position:left top;background-repeat:no-repeat;-webkit-background-size:cover;-moz-background-size:cover;-o-background-size:cover;background-size:cover;\"><\/span><\/a><\/span><\/div><style type=\"text\/css\">.fusion-body .fusion-builder-column-2{width:25% !important;margin-top : 20px;margin-bottom : 20px;}.fusion-builder-column-2 > .fusion-column-wrapper {padding-top : 0px !important;padding-right : 0px !important;margin-right : 7.68%;padding-bottom : 0px !important;padding-left : 0px !important;margin-left : 7.68%;}.fusion-flex-container .fusion-row .fusion-builder-column-2 > .fusion-column-inner-bg { margin-right:7.68%;margin-left:7.68%; }@media only screen and (max-width:1200px) {.fusion-body .fusion-builder-column-2{width:25% !important;order : 0;}.fusion-builder-column-2 > .fusion-column-wrapper {margin-right : 7.68%;margin-left : 7.68%;}.fusion-flex-container .fusion-row .fusion-builder-column-2 > .fusion-column-inner-bg { margin-right:7.68%;margin-left:7.68%; }}@media only screen and (max-width:640px) {.fusion-body .fusion-builder-column-2{width:100% !important;order : 0;}.fusion-builder-column-2 > .fusion-column-wrapper {margin-right : 1.92%;margin-left : 1.92%;}.fusion-flex-container .fusion-row .fusion-builder-column-2 > .fusion-column-inner-bg { margin-right:1.92%;margin-left:1.92%; }}<\/style><div class=\"fusion-layout-column fusion_builder_column fusion-builder-column-3 fusion_builder_column_1_4 1_4 fusion-flex-column\"><div class=\"fusion-column-wrapper fusion-flex-justify-content-flex-start fusion-content-layout-column\" style=\"background-position:left top;background-repeat:no-repeat;-webkit-background-size:cover;-moz-background-size:cover;-o-background-size:cover;background-size:cover;padding: 0px 0px 0px 0px;\"><div ><span class=\" fusion-imageframe imageframe-none imageframe-4 hover-type-none\" style=\"border-radius:12px;\"><a class=\"fusion-no-lightbox\" href=\"https:\/\/www.ilo.org\/wcmsp5\/groups\/public\/---europe\/---ro-geneva\/---ilo-lisbon\/documents\/publication\/wcms_847091.pdf\" target=\"_blank\" aria-label=\"capa relatotio OIT\" rel=\"noopener noreferrer\"><img decoding=\"async\" width=\"200\" height=\"268\" src=\"data:image\/svg+xml,%3Csvg%20xmlns%3D%27http%3A%2F%2Fwww.w3.org%2F2000%2Fsvg%27%20width%3D%27200%27%20height%3D%27268%27%20viewBox%3D%270%200%20200%20268%27%3E%3Crect%20width%3D%27200%27%20height%3D%273268%27%20fill-opacity%3D%220%22%2F%3E%3C%2Fsvg%3E\" data-orig-src=\"https:\/\/fesete.pt\/qualidade-emprego-igualdade\/wp-content\/uploads\/2022\/06\/capa-relatotio-OIT-e1654773999876.png\" class=\"lazyload img-responsive wp-image-3272\"\/><\/a><\/span><\/div><div class=\"fusion-text fusion-text-4\" style=\"transform:translate3d(0,0,0);\"><p>OIT &#8211; Trabalho digno e a economia social e solid\u00e1ria 110.\u00aa Sess\u00e3o da Confer\u00eancia<br \/>\nInternacional do Trabalho, 2022<\/p>\n<\/div><\/div><\/div><style type=\"text\/css\">.fusion-body .fusion-builder-column-3{width:25% !important;margin-top : 20px;margin-bottom : 20px;}.fusion-builder-column-3 > .fusion-column-wrapper {padding-top : 0px !important;padding-right : 0px !important;margin-right : 7.68%;padding-bottom : 0px !important;padding-left : 0px !important;margin-left : 7.68%;}@media only screen and (max-width:1200px) {.fusion-body .fusion-builder-column-3{width:25% !important;order : 0;}.fusion-builder-column-3 > .fusion-column-wrapper {margin-right : 7.68%;margin-left : 7.68%;}}@media only screen and (max-width:640px) {.fusion-body .fusion-builder-column-3{width:100% !important;order : 0;}.fusion-builder-column-3 > .fusion-column-wrapper {margin-right : 1.92%;margin-left : 1.92%;}}<\/style><div class=\"fusion-layout-column fusion_builder_column fusion-builder-column-4 fusion_builder_column_1_4 1_4 fusion-flex-column fusion-column-inner-bg-wrapper\"><div class=\"fusion-column-wrapper fusion-flex-justify-content-flex-start fusion-content-layout-column\" style=\"padding: 0px 0px 0px 0px;\"><div ><span class=\" fusion-imageframe imageframe-none imageframe-5 hover-type-none\" style=\"border-radius:12px;\"><img decoding=\"async\" width=\"278\" height=\"392\" title=\"reloit\" src=\"https:\/\/fesete.pt\/qualidade-emprego-igualdade\/wp-content\/uploads\/2022\/09\/reloit.png\" data-orig-src=\"https:\/\/fesete.pt\/qualidade-emprego-igualdade\/wp-content\/uploads\/2022\/09\/reloit.png\" class=\"lazyload img-responsive wp-image-3439\" srcset=\"data:image\/svg+xml,%3Csvg%20xmlns%3D%27http%3A%2F%2Fwww.w3.org%2F2000%2Fsvg%27%20width%3D%27278%27%20height%3D%27392%27%20viewBox%3D%270%200%20278%20392%27%3E%3Crect%20width%3D%27278%27%20height%3D%273392%27%20fill-opacity%3D%220%22%2F%3E%3C%2Fsvg%3E\" data-srcset=\"https:\/\/fesete.pt\/qualidade-emprego-igualdade\/wp-content\/uploads\/2022\/09\/reloit-200x282.png 200w, https:\/\/fesete.pt\/qualidade-emprego-igualdade\/wp-content\/uploads\/2022\/09\/reloit.png 278w\" data-sizes=\"auto\" data-orig-sizes=\"(max-width: 640px) 100vw, 278px\" \/><\/span><\/div><\/div><span class=\"fusion-column-inner-bg hover-type-none\"><a href=\"https:\/\/fesete.pt\/qualidade-emprego-igualdade\/wp-content\/uploads\/2022\/09\/wcms_851087.pdf\"><span class=\"fusion-column-inner-bg-image\" style=\"background-position:left top;background-repeat:no-repeat;-webkit-background-size:cover;-moz-background-size:cover;-o-background-size:cover;background-size:cover;\"><\/span><\/a><\/span><\/div><style type=\"text\/css\">.fusion-body .fusion-builder-column-4{width:25% !important;margin-top : 20px;margin-bottom : 20px;}.fusion-builder-column-4 > .fusion-column-wrapper {padding-top : 0px !important;padding-right : 0px !important;margin-right : 7.68%;padding-bottom : 0px !important;padding-left : 0px !important;margin-left : 7.68%;}.fusion-flex-container .fusion-row .fusion-builder-column-4 > .fusion-column-inner-bg { margin-right:7.68%;margin-left:7.68%; }@media only screen and (max-width:1200px) {.fusion-body .fusion-builder-column-4{width:25% !important;order : 0;}.fusion-builder-column-4 > .fusion-column-wrapper {margin-right : 7.68%;margin-left : 7.68%;}.fusion-flex-container .fusion-row .fusion-builder-column-4 > .fusion-column-inner-bg { margin-right:7.68%;margin-left:7.68%; }}@media only screen and (max-width:640px) {.fusion-body .fusion-builder-column-4{width:100% !important;order : 0;}.fusion-builder-column-4 > .fusion-column-wrapper {margin-right : 1.92%;margin-left : 1.92%;}.fusion-flex-container .fusion-row .fusion-builder-column-4 > .fusion-column-inner-bg { margin-right:1.92%;margin-left:1.92%; }}<\/style><div class=\"fusion-layout-column fusion_builder_column fusion-builder-column-5 fusion_builder_column_1_4 1_4 fusion-flex-column fusion-column-inner-bg-wrapper\"><div class=\"fusion-column-wrapper fusion-flex-justify-content-flex-start fusion-content-layout-column\" style=\"padding: 0px 0px 0px 0px;\"><div ><span class=\" fusion-imageframe imageframe-none imageframe-6 hover-type-none\" style=\"border-radius:12px;\"><img decoding=\"async\" width=\"289\" height=\"410\" title=\"manual\" src=\"https:\/\/fesete.pt\/qualidade-emprego-igualdade\/wp-content\/uploads\/2022\/10\/manual-1.png\" data-orig-src=\"https:\/\/fesete.pt\/qualidade-emprego-igualdade\/wp-content\/uploads\/2022\/10\/manual-1.png\" class=\"lazyload img-responsive wp-image-3459\" srcset=\"data:image\/svg+xml,%3Csvg%20xmlns%3D%27http%3A%2F%2Fwww.w3.org%2F2000%2Fsvg%27%20width%3D%27289%27%20height%3D%27410%27%20viewBox%3D%270%200%20289%20410%27%3E%3Crect%20width%3D%27289%27%20height%3D%273410%27%20fill-opacity%3D%220%22%2F%3E%3C%2Fsvg%3E\" data-srcset=\"https:\/\/fesete.pt\/qualidade-emprego-igualdade\/wp-content\/uploads\/2022\/10\/manual-1-200x284.png 200w, https:\/\/fesete.pt\/qualidade-emprego-igualdade\/wp-content\/uploads\/2022\/10\/manual-1.png 289w\" data-sizes=\"auto\" data-orig-sizes=\"(max-width: 640px) 100vw, 289px\" \/><\/span><\/div><\/div><span class=\"fusion-column-inner-bg hover-type-none\"><a href=\"https:\/\/fesete.pt\/qualidade-emprego-igualdade\/wp-content\/uploads\/2022\/10\/nao_discriminacao_POR.pdf\"><span class=\"fusion-column-inner-bg-image\" style=\"background-position:left top;background-repeat:no-repeat;-webkit-background-size:cover;-moz-background-size:cover;-o-background-size:cover;background-size:cover;\"><\/span><\/a><\/span><\/div><style type=\"text\/css\">.fusion-body .fusion-builder-column-5{width:25% !important;margin-top : 20px;margin-bottom : 20px;}.fusion-builder-column-5 > .fusion-column-wrapper {padding-top : 0px !important;padding-right : 0px !important;margin-right : 7.68%;padding-bottom : 0px !important;padding-left : 0px !important;margin-left : 7.68%;}.fusion-flex-container .fusion-row .fusion-builder-column-5 > .fusion-column-inner-bg { margin-right:7.68%;margin-left:7.68%; }@media only screen and (max-width:1200px) {.fusion-body .fusion-builder-column-5{width:25% !important;order : 0;}.fusion-builder-column-5 > .fusion-column-wrapper {margin-right : 7.68%;margin-left : 7.68%;}.fusion-flex-container .fusion-row .fusion-builder-column-5 > .fusion-column-inner-bg { margin-right:7.68%;margin-left:7.68%; }}@media only screen and (max-width:640px) {.fusion-body .fusion-builder-column-5{width:100% !important;order : 0;}.fusion-builder-column-5 > .fusion-column-wrapper {margin-right : 1.92%;margin-left : 1.92%;}.fusion-flex-container .fusion-row .fusion-builder-column-5 > .fusion-column-inner-bg { margin-right:1.92%;margin-left:1.92%; }}<\/style><div class=\"fusion-layout-column fusion_builder_column fusion-builder-column-6 fusion_builder_column_1_4 1_4 fusion-flex-column fusion-column-inner-bg-wrapper\"><div class=\"fusion-column-wrapper fusion-flex-justify-content-flex-start fusion-content-layout-column\" style=\"padding: 0px 0px 0px 0px;\"><div ><span class=\" fusion-imageframe imageframe-none imageframe-7 hover-type-none\" style=\"border-radius:12px;\"><a class=\"fusion-no-lightbox\" href=\"https:\/\/fesete.pt\/qualidade-emprego-igualdade\/wp-content\/uploads\/2022\/06\/CIG-Boletim-Estatistico-Igualdade-de-Genero-em-Portugal-Boletim-Estatistico-2021.pdf\" target=\"_blank\" aria-label=\"industriallingles\" rel=\"noopener noreferrer\"><img decoding=\"async\" width=\"410\" height=\"407\" src=\"https:\/\/fesete.pt\/qualidade-emprego-igualdade\/wp-content\/uploads\/2022\/07\/industriallingles.png\" data-orig-src=\"https:\/\/fesete.pt\/qualidade-emprego-igualdade\/wp-content\/uploads\/2022\/07\/industriallingles.png\" class=\"lazyload img-responsive wp-image-3415\" srcset=\"data:image\/svg+xml,%3Csvg%20xmlns%3D%27http%3A%2F%2Fwww.w3.org%2F2000%2Fsvg%27%20width%3D%27410%27%20height%3D%27407%27%20viewBox%3D%270%200%20410%20407%27%3E%3Crect%20width%3D%27410%27%20height%3D%273407%27%20fill-opacity%3D%220%22%2F%3E%3C%2Fsvg%3E\" data-srcset=\"https:\/\/fesete.pt\/qualidade-emprego-igualdade\/wp-content\/uploads\/2022\/07\/industriallingles-200x199.png 200w, https:\/\/fesete.pt\/qualidade-emprego-igualdade\/wp-content\/uploads\/2022\/07\/industriallingles-400x397.png 400w, https:\/\/fesete.pt\/qualidade-emprego-igualdade\/wp-content\/uploads\/2022\/07\/industriallingles.png 410w\" data-sizes=\"auto\" data-orig-sizes=\"(max-width: 640px) 100vw, 400px\" \/><\/a><\/span><\/div><\/div><span class=\"fusion-column-inner-bg hover-type-none\"><a href=\"https:\/\/fesete.pt\/qualidade-emprego-igualdade\/wp-content\/uploads\/2022\/07\/ProgActionSyndical-TextileServices-EN.pdf\"><span class=\"fusion-column-inner-bg-image\" style=\"background-position:left top;background-repeat:no-repeat;-webkit-background-size:cover;-moz-background-size:cover;-o-background-size:cover;background-size:cover;\"><\/span><\/a><\/span><\/div><style type=\"text\/css\">.fusion-body .fusion-builder-column-6{width:25% !important;margin-top : 20px;margin-bottom : 20px;}.fusion-builder-column-6 > .fusion-column-wrapper {padding-top : 0px !important;padding-right : 0px !important;margin-right : 7.68%;padding-bottom : 0px !important;padding-left : 0px !important;margin-left : 7.68%;}.fusion-flex-container .fusion-row .fusion-builder-column-6 > .fusion-column-inner-bg { margin-right:7.68%;margin-left:7.68%; }@media only screen and (max-width:1200px) {.fusion-body .fusion-builder-column-6{width:25% !important;order : 0;}.fusion-builder-column-6 > .fusion-column-wrapper {margin-right : 7.68%;margin-left : 7.68%;}.fusion-flex-container .fusion-row .fusion-builder-column-6 > .fusion-column-inner-bg { margin-right:7.68%;margin-left:7.68%; }}@media only screen and (max-width:640px) {.fusion-body .fusion-builder-column-6{width:100% !important;order : 0;}.fusion-builder-column-6 > .fusion-column-wrapper {margin-right : 1.92%;margin-left : 1.92%;}.fusion-flex-container .fusion-row .fusion-builder-column-6 > .fusion-column-inner-bg { margin-right:1.92%;margin-left:1.92%; }}<\/style><div class=\"fusion-layout-column fusion_builder_column fusion-builder-column-7 fusion_builder_column_1_4 1_4 fusion-flex-column fusion-column-inner-bg-wrapper\"><div class=\"fusion-column-wrapper fusion-flex-justify-content-flex-start fusion-content-layout-column\" style=\"padding: 0px 0px 0px 0px;\"><div ><span class=\" fusion-imageframe imageframe-none imageframe-8 hover-type-none\" style=\"border-radius:12px;\"><a class=\"fusion-no-lightbox\" href=\"https:\/\/fesete.pt\/qualidade-emprego-igualdade\/wp-content\/uploads\/2022\/06\/CIG-Boletim-Estatistico-Igualdade-de-Genero-em-Portugal-Boletim-Estatistico-2021.pdf\" target=\"_blank\" aria-label=\"industrialpt\" rel=\"noopener noreferrer\"><img decoding=\"async\" width=\"419\" height=\"407\" src=\"https:\/\/fesete.pt\/qualidade-emprego-igualdade\/wp-content\/uploads\/2022\/07\/industrialpt.png\" data-orig-src=\"https:\/\/fesete.pt\/qualidade-emprego-igualdade\/wp-content\/uploads\/2022\/07\/industrialpt.png\" class=\"lazyload img-responsive wp-image-3416\" srcset=\"data:image\/svg+xml,%3Csvg%20xmlns%3D%27http%3A%2F%2Fwww.w3.org%2F2000%2Fsvg%27%20width%3D%27419%27%20height%3D%27407%27%20viewBox%3D%270%200%20419%20407%27%3E%3Crect%20width%3D%27419%27%20height%3D%273407%27%20fill-opacity%3D%220%22%2F%3E%3C%2Fsvg%3E\" data-srcset=\"https:\/\/fesete.pt\/qualidade-emprego-igualdade\/wp-content\/uploads\/2022\/07\/industrialpt-200x194.png 200w, https:\/\/fesete.pt\/qualidade-emprego-igualdade\/wp-content\/uploads\/2022\/07\/industrialpt-400x389.png 400w, https:\/\/fesete.pt\/qualidade-emprego-igualdade\/wp-content\/uploads\/2022\/07\/industrialpt.png 419w\" data-sizes=\"auto\" data-orig-sizes=\"(max-width: 640px) 100vw, 400px\" \/><\/a><\/span><\/div><\/div><span class=\"fusion-column-inner-bg hover-type-none\"><a href=\"https:\/\/fesete.pt\/qualidade-emprego-igualdade\/wp-content\/uploads\/2022\/07\/traducaoProgActionSyndical-TextileServices-EN.en_.pt_.pdf\"><span class=\"fusion-column-inner-bg-image\" style=\"background-position:left top;background-repeat:no-repeat;-webkit-background-size:cover;-moz-background-size:cover;-o-background-size:cover;background-size:cover;\"><\/span><\/a><\/span><\/div><style type=\"text\/css\">.fusion-body .fusion-builder-column-7{width:25% !important;margin-top : 20px;margin-bottom : 20px;}.fusion-builder-column-7 > .fusion-column-wrapper {padding-top : 0px !important;padding-right : 0px !important;margin-right : 7.68%;padding-bottom : 0px !important;padding-left : 0px !important;margin-left : 7.68%;}.fusion-flex-container .fusion-row .fusion-builder-column-7 > .fusion-column-inner-bg { margin-right:7.68%;margin-left:7.68%; }@media only screen and (max-width:1200px) {.fusion-body .fusion-builder-column-7{width:25% !important;order : 0;}.fusion-builder-column-7 > .fusion-column-wrapper {margin-right : 7.68%;margin-left : 7.68%;}.fusion-flex-container .fusion-row .fusion-builder-column-7 > .fusion-column-inner-bg { margin-right:7.68%;margin-left:7.68%; }}@media only screen and (max-width:640px) {.fusion-body .fusion-builder-column-7{width:100% !important;order : 0;}.fusion-builder-column-7 > .fusion-column-wrapper {margin-right : 1.92%;margin-left : 1.92%;}.fusion-flex-container .fusion-row .fusion-builder-column-7 > .fusion-column-inner-bg { margin-right:1.92%;margin-left:1.92%; }}<\/style><div class=\"fusion-layout-column fusion_builder_column fusion-builder-column-8 fusion_builder_column_1_4 1_4 fusion-flex-column\"><div class=\"fusion-column-wrapper fusion-flex-justify-content-flex-start fusion-content-layout-column\" style=\"background-position:left top;background-repeat:no-repeat;-webkit-background-size:cover;-moz-background-size:cover;-o-background-size:cover;background-size:cover;padding: 0px 0px 0px 0px;\"><\/div><\/div><style type=\"text\/css\">.fusion-body .fusion-builder-column-8{width:25% !important;margin-top : 20px;margin-bottom : 20px;}.fusion-builder-column-8 > .fusion-column-wrapper {padding-top : 0px !important;padding-right : 0px !important;margin-right : 7.68%;padding-bottom : 0px !important;padding-left : 0px !important;margin-left : 7.68%;}@media only screen and (max-width:1200px) {.fusion-body .fusion-builder-column-8{width:25% !important;order : 0;}.fusion-builder-column-8 > .fusion-column-wrapper {margin-right : 7.68%;margin-left : 7.68%;}}@media only screen and (max-width:640px) {.fusion-body .fusion-builder-column-8{width:100% !important;order : 0;}.fusion-builder-column-8 > .fusion-column-wrapper {margin-right : 1.92%;margin-left : 1.92%;}}<\/style><div class=\"fusion-layout-column fusion_builder_column fusion-builder-column-9 fusion_builder_column_1_4 1_4 fusion-flex-column\"><div class=\"fusion-column-wrapper fusion-flex-justify-content-flex-start fusion-content-layout-column\" style=\"background-position:left top;background-repeat:no-repeat;-webkit-background-size:cover;-moz-background-size:cover;-o-background-size:cover;background-size:cover;padding: 0px 0px 0px 0px;\"><div ><span class=\" fusion-imageframe imageframe-none imageframe-9 hover-type-none\" style=\"border-radius:12px;\"><a class=\"fusion-no-lightbox\" href=\"https:\/\/fesete.pt\/qualidade-emprego-igualdade\/wp-content\/uploads\/2022\/06\/CIG-Boletim-Estatistico-Igualdade-de-Genero-em-Portugal-Boletim-Estatistico-2021.pdf\" target=\"_blank\" aria-label=\"capa boletim estatitisco-CIG\" rel=\"noopener noreferrer\"><img decoding=\"async\" width=\"200\" height=\"291\" src=\"data:image\/svg+xml,%3Csvg%20xmlns%3D%27http%3A%2F%2Fwww.w3.org%2F2000%2Fsvg%27%20width%3D%27200%27%20height%3D%27291%27%20viewBox%3D%270%200%20200%20291%27%3E%3Crect%20width%3D%27200%27%20height%3D%273291%27%20fill-opacity%3D%220%22%2F%3E%3C%2Fsvg%3E\" data-orig-src=\"https:\/\/fesete.pt\/qualidade-emprego-igualdade\/wp-content\/uploads\/2022\/06\/capa-boletim-estatitisco-CIG-1-e1654773037953.png\" class=\"lazyload img-responsive wp-image-3267\"\/><\/a><\/span><\/div><div class=\"fusion-text fusion-text-5\" style=\"transform:translate3d(0,0,0);\"><p>CIG \u2013 Boletim Estat\u00edstico \u2013 2021 \u2013 Igualdade de G\u00e9nero em Portugal<\/p>\n<\/div><\/div><\/div><style type=\"text\/css\">.fusion-body .fusion-builder-column-9{width:25% !important;margin-top : 20px;margin-bottom : 20px;}.fusion-builder-column-9 > .fusion-column-wrapper {padding-top : 0px !important;padding-right : 0px !important;margin-right : 7.68%;padding-bottom : 0px !important;padding-left : 0px !important;margin-left : 7.68%;}@media only screen and (max-width:1200px) {.fusion-body .fusion-builder-column-9{width:25% !important;order : 0;}.fusion-builder-column-9 > .fusion-column-wrapper {margin-right : 7.68%;margin-left : 7.68%;}}@media only screen and (max-width:640px) {.fusion-body .fusion-builder-column-9{width:100% !important;order : 0;}.fusion-builder-column-9 > .fusion-column-wrapper {margin-right : 1.92%;margin-left : 1.92%;}}<\/style><div class=\"fusion-layout-column fusion_builder_column fusion-builder-column-10 fusion_builder_column_1_4 1_4 fusion-flex-column\"><div class=\"fusion-column-wrapper fusion-flex-justify-content-flex-start fusion-content-layout-column\" style=\"background-position:left top;background-repeat:no-repeat;-webkit-background-size:cover;-moz-background-size:cover;-o-background-size:cover;background-size:cover;padding: 0px 0px 0px 0px;\"><div ><span class=\" fusion-imageframe imageframe-none imageframe-10 hover-type-none\" style=\"border-radius:12px;\"><a class=\"fusion-no-lightbox\" href=\"https:\/\/fesete.pt\/qualidade-emprego-igualdade\/wp-content\/uploads\/2022\/05\/ESTUDO-SOBRE-A-DIFERENCA-SALARIAL-ENTRE-MULHERES-E-HOMENS-DA-OIT-3.pdf\" target=\"_blank\" aria-label=\"estudoOIT\" rel=\"noopener noreferrer\"><img decoding=\"async\" width=\"200\" height=\"275\" src=\"data:image\/svg+xml,%3Csvg%20xmlns%3D%27http%3A%2F%2Fwww.w3.org%2F2000%2Fsvg%27%20width%3D%27200%27%20height%3D%27275%27%20viewBox%3D%270%200%20200%20275%27%3E%3Crect%20width%3D%27200%27%20height%3D%273275%27%20fill-opacity%3D%220%22%2F%3E%3C%2Fsvg%3E\" data-orig-src=\"https:\/\/fesete.pt\/qualidade-emprego-igualdade\/wp-content\/uploads\/2022\/05\/estudoOIT.png\" class=\"lazyload img-responsive wp-image-3070\"\/><\/a><\/span><\/div><div class=\"fusion-text fusion-text-6\" style=\"transform:translate3d(0,0,0);\"><p>Estudo OIT \u2013 Portugal \u2013 Sobre a Diferen\u00e7a Salarial entre Mulheres e Homens em Portugal \u2013 2021<\/p>\n<\/div><\/div><\/div><style type=\"text\/css\">.fusion-body .fusion-builder-column-10{width:25% !important;margin-top : 20px;margin-bottom : 20px;}.fusion-builder-column-10 > .fusion-column-wrapper {padding-top : 0px !important;padding-right : 0px !important;margin-right : 7.68%;padding-bottom : 0px !important;padding-left : 0px !important;margin-left : 7.68%;}@media only screen and (max-width:1200px) {.fusion-body .fusion-builder-column-10{width:25% !important;order : 0;}.fusion-builder-column-10 > .fusion-column-wrapper {margin-right : 7.68%;margin-left : 7.68%;}}@media only screen and (max-width:640px) {.fusion-body .fusion-builder-column-10{width:100% !important;order : 0;}.fusion-builder-column-10 > .fusion-column-wrapper {margin-right : 1.92%;margin-left : 1.92%;}}<\/style><div class=\"fusion-layout-column fusion_builder_column fusion-builder-column-11 fusion_builder_column_1_4 1_4 fusion-flex-column\"><div class=\"fusion-column-wrapper fusion-flex-justify-content-flex-start fusion-content-layout-column\" style=\"background-position:left top;background-repeat:no-repeat;-webkit-background-size:cover;-moz-background-size:cover;-o-background-size:cover;background-size:cover;padding: 0px 0px 0px 0px;\"><div ><span class=\" fusion-imageframe imageframe-none imageframe-11 hover-type-none\" style=\"border-radius:12px;\"><a class=\"fusion-no-lightbox\" href=\"https:\/\/www.ilo.org\/wcmsp5\/groups\/public\/---europe\/---ro-geneva\/---ilo-lisbon\/documents\/publication\/wcms_839968.pdf\" target=\"_blank\" aria-label=\"negocia\u00e7\u00e3o colectiva\" rel=\"noopener noreferrer\"><img decoding=\"async\" width=\"200\" height=\"291\" src=\"data:image\/svg+xml,%3Csvg%20xmlns%3D%27http%3A%2F%2Fwww.w3.org%2F2000%2Fsvg%27%20width%3D%27200%27%20height%3D%27291%27%20viewBox%3D%270%200%20200%20291%27%3E%3Crect%20width%3D%27200%27%20height%3D%273291%27%20fill-opacity%3D%220%22%2F%3E%3C%2Fsvg%3E\" data-orig-src=\"https:\/\/fesete.pt\/qualidade-emprego-igualdade\/wp-content\/uploads\/2022\/06\/negociacao-colectiva-e1654774755506.png\" class=\"lazyload img-responsive wp-image-3279\"\/><\/a><\/span><\/div><div class=\"fusion-text fusion-text-7\" style=\"transform:translate3d(0,0,0);\"><p>Relat\u00f3rio OIT\/ACTRAV \u2013 COVID-19 \u2013 Negocia\u00e7\u00e3o Colectiva e Di\u00e1logo Sectorial \u2013 2021<\/p>\n<\/div><\/div><\/div><style type=\"text\/css\">.fusion-body .fusion-builder-column-11{width:25% !important;margin-top : 20px;margin-bottom : 20px;}.fusion-builder-column-11 > .fusion-column-wrapper {padding-top : 0px !important;padding-right : 0px !important;margin-right : 7.68%;padding-bottom : 0px !important;padding-left : 0px !important;margin-left : 7.68%;}@media only screen and (max-width:1200px) {.fusion-body .fusion-builder-column-11{width:25% !important;order : 0;}.fusion-builder-column-11 > .fusion-column-wrapper {margin-right : 7.68%;margin-left : 7.68%;}}@media only screen and (max-width:640px) {.fusion-body .fusion-builder-column-11{width:100% !important;order : 0;}.fusion-builder-column-11 > .fusion-column-wrapper {margin-right : 1.92%;margin-left : 1.92%;}}<\/style><div class=\"fusion-layout-column fusion_builder_column fusion-builder-column-12 fusion_builder_column_1_4 1_4 fusion-flex-column\"><div class=\"fusion-column-wrapper fusion-flex-justify-content-flex-start fusion-content-layout-column\" style=\"background-position:left top;background-repeat:no-repeat;-webkit-background-size:cover;-moz-background-size:cover;-o-background-size:cover;background-size:cover;padding: 0px 0px 0px 0px;\"><div ><span class=\" fusion-imageframe imageframe-none imageframe-12 hover-type-none\" style=\"border-radius:12px;\"><a class=\"fusion-no-lightbox\" href=\"https:\/\/fesete.pt\/dialogo-social\/wp-content\/uploads\/2020\/10\/A5-Brochura-Promo%C3%A7%C3%A3o-das-Rela%C3%A7%C3%B5es-de-Emprego.pdf\" target=\"_blank\" aria-label=\"d8\" rel=\"noopener noreferrer\"><img decoding=\"async\" width=\"200\" height=\"304\" src=\"data:image\/svg+xml,%3Csvg%20xmlns%3D%27http%3A%2F%2Fwww.w3.org%2F2000%2Fsvg%27%20width%3D%27200%27%20height%3D%27304%27%20viewBox%3D%270%200%20200%20304%27%3E%3Crect%20width%3D%27200%27%20height%3D%273304%27%20fill-opacity%3D%220%22%2F%3E%3C%2Fsvg%3E\" data-orig-src=\"https:\/\/fesete.pt\/qualidade-emprego-igualdade\/wp-content\/uploads\/2021\/02\/d8-e1654609385497.jpg\" class=\"lazyload img-responsive wp-image-2902\"\/><\/a><\/span><\/div><div class=\"fusion-text fusion-text-8\" style=\"transform:translate3d(0,0,0);\"><p>Brochura \u2013 Promo\u00e7\u00e3o das Rela\u00e7\u00f5es de Emprego num contexto de mercado global, concorr\u00eancia s\u00e3 e melhoria dos direitos laborais \u2013 2020<\/p>\n<\/div><\/div><\/div><style type=\"text\/css\">.fusion-body .fusion-builder-column-12{width:25% !important;margin-top : 20px;margin-bottom : 20px;}.fusion-builder-column-12 > .fusion-column-wrapper {padding-top : 0px !important;padding-right : 0px !important;margin-right : 7.68%;padding-bottom : 0px !important;padding-left : 0px !important;margin-left : 7.68%;}@media only screen and (max-width:1200px) {.fusion-body .fusion-builder-column-12{width:25% !important;order : 0;}.fusion-builder-column-12 > .fusion-column-wrapper {margin-right : 7.68%;margin-left : 7.68%;}}@media only screen and (max-width:640px) {.fusion-body .fusion-builder-column-12{width:100% !important;order : 0;}.fusion-builder-column-12 > .fusion-column-wrapper {margin-right : 1.92%;margin-left : 1.92%;}}<\/style><div class=\"fusion-layout-column fusion_builder_column fusion-builder-column-13 fusion_builder_column_1_4 1_4 fusion-flex-column\"><div class=\"fusion-column-wrapper fusion-flex-justify-content-flex-start fusion-content-layout-column\" style=\"background-position:left top;background-repeat:no-repeat;-webkit-background-size:cover;-moz-background-size:cover;-o-background-size:cover;background-size:cover;padding: 0px 0px 0px 0px;\"><div ><span class=\" fusion-imageframe imageframe-none imageframe-13 hover-type-none\" style=\"border-radius:12px;\"><a class=\"fusion-no-lightbox\" href=\"https:\/\/fesete.pt\/dialogo-social\/wp-content\/uploads\/2020\/10\/A5-Documento-de-Recomenda%C3%A7%C3%B5es.pdf\" target=\"_blank\" aria-label=\"dialogo social &#8211; recomenda\u00e7\u00f5es\" rel=\"noopener noreferrer\"><img decoding=\"async\" width=\"207\" height=\"322\" src=\"https:\/\/fesete.pt\/qualidade-emprego-igualdade\/wp-content\/uploads\/2022\/06\/dialogo-social-recomendacoes.png\" data-orig-src=\"https:\/\/fesete.pt\/qualidade-emprego-igualdade\/wp-content\/uploads\/2022\/06\/dialogo-social-recomendacoes.png\" class=\"lazyload img-responsive wp-image-3147\" srcset=\"data:image\/svg+xml,%3Csvg%20xmlns%3D%27http%3A%2F%2Fwww.w3.org%2F2000%2Fsvg%27%20width%3D%27207%27%20height%3D%27322%27%20viewBox%3D%270%200%20207%20322%27%3E%3Crect%20width%3D%27207%27%20height%3D%273322%27%20fill-opacity%3D%220%22%2F%3E%3C%2Fsvg%3E\" data-srcset=\"https:\/\/fesete.pt\/qualidade-emprego-igualdade\/wp-content\/uploads\/2022\/06\/dialogo-social-recomendacoes-200x311.png 200w, https:\/\/fesete.pt\/qualidade-emprego-igualdade\/wp-content\/uploads\/2022\/06\/dialogo-social-recomendacoes.png 207w\" data-sizes=\"auto\" data-orig-sizes=\"(max-width: 640px) 100vw, 207px\" \/><\/a><\/span><\/div><div class=\"fusion-text fusion-text-9\" style=\"transform:translate3d(0,0,0);\"><p>Documento de Recomenda\u00e7\u00f5es \u2013 D\u00e1logo Social Europeu para os Sectores T\u00eaxtil, Vestu\u00e1rio, Cal\u00e7ado e Curtumes \u2013 2020<\/p>\n<\/div><\/div><\/div><style type=\"text\/css\">.fusion-body .fusion-builder-column-13{width:25% !important;margin-top : 20px;margin-bottom : 20px;}.fusion-builder-column-13 > .fusion-column-wrapper {padding-top : 0px !important;padding-right : 0px !important;margin-right : 7.68%;padding-bottom : 0px !important;padding-left : 0px !important;margin-left : 7.68%;}@media only screen and (max-width:1200px) {.fusion-body .fusion-builder-column-13{width:25% !important;order : 0;}.fusion-builder-column-13 > .fusion-column-wrapper {margin-right : 7.68%;margin-left : 7.68%;}}@media only screen and (max-width:640px) {.fusion-body .fusion-builder-column-13{width:100% !important;order : 0;}.fusion-builder-column-13 > .fusion-column-wrapper {margin-right : 1.92%;margin-left : 1.92%;}}<\/style><div class=\"fusion-layout-column fusion_builder_column fusion-builder-column-14 fusion_builder_column_1_4 1_4 fusion-flex-column\"><div class=\"fusion-column-wrapper fusion-flex-justify-content-flex-start fusion-content-layout-column\" style=\"background-position:left top;background-repeat:no-repeat;-webkit-background-size:cover;-moz-background-size:cover;-o-background-size:cover;background-size:cover;padding: 0px 0px 0px 0px;\"><div ><span class=\" fusion-imageframe imageframe-none imageframe-14 hover-type-none\" style=\"border-radius:12px;\"><a class=\"fusion-no-lightbox\" href=\"https:\/\/fesete.pt\/qualidade-emprego-igualdade\/wp-content\/uploads\/2022\/06\/INTERVENCAO-CITE-2-DE-NOVEMBRO-DE-2017.pdf\" target=\"_blank\" aria-label=\"boas praticas na negocia\u00e7\u00e3o colectiva\" rel=\"noopener noreferrer\"><img decoding=\"async\" width=\"200\" height=\"198\" src=\"data:image\/svg+xml,%3Csvg%20xmlns%3D%27http%3A%2F%2Fwww.w3.org%2F2000%2Fsvg%27%20width%3D%27200%27%20height%3D%27198%27%20viewBox%3D%270%200%20200%20198%27%3E%3Crect%20width%3D%27200%27%20height%3D%273198%27%20fill-opacity%3D%220%22%2F%3E%3C%2Fsvg%3E\" data-orig-src=\"https:\/\/fesete.pt\/qualidade-emprego-igualdade\/wp-content\/uploads\/2022\/06\/boas-praticas-na-negociacao-colectiva-e1654614649199.png\" class=\"lazyload img-responsive wp-image-3159\"\/><\/a><\/span><\/div><div class=\"fusion-text fusion-text-10\" style=\"transform:translate3d(0,0,0);\"><p>Apresenta\u00e7\u00e3o de uma boa pr\u00e1tica na negocia\u00e7\u00e3o colectiva sectorial do Cal\u00e7ado no sentido da igualdade profissional e salarial &#8211; 2017<\/p>\n<\/div><\/div><\/div><style type=\"text\/css\">.fusion-body .fusion-builder-column-14{width:25% !important;margin-top : 20px;margin-bottom : 20px;}.fusion-builder-column-14 > .fusion-column-wrapper {padding-top : 0px !important;padding-right : 0px !important;margin-right : 7.68%;padding-bottom : 0px !important;padding-left : 0px !important;margin-left : 7.68%;}@media only screen and (max-width:1200px) {.fusion-body .fusion-builder-column-14{width:25% !important;order : 0;}.fusion-builder-column-14 > .fusion-column-wrapper {margin-right : 7.68%;margin-left : 7.68%;}}@media only screen and (max-width:640px) {.fusion-body .fusion-builder-column-14{width:100% !important;order : 0;}.fusion-builder-column-14 > .fusion-column-wrapper {margin-right : 1.92%;margin-left : 1.92%;}}<\/style><div class=\"fusion-layout-column fusion_builder_column fusion-builder-column-15 fusion_builder_column_1_4 1_4 fusion-flex-column\"><div class=\"fusion-column-wrapper fusion-flex-justify-content-flex-start fusion-content-layout-column\" style=\"background-position:left top;background-repeat:no-repeat;-webkit-background-size:cover;-moz-background-size:cover;-o-background-size:cover;background-size:cover;padding: 0px 0px 0px 0px;\"><div ><span class=\" fusion-imageframe imageframe-none imageframe-15 hover-type-none\" style=\"border-radius:12px;\"><a class=\"fusion-no-lightbox\" href=\"https:\/\/fesete.pt\/qualidade-emprego-igualdade\/wp-content\/uploads\/2022\/06\/DIPLOMA.pdf\" target=\"_blank\" aria-label=\"DIPLOMA\" rel=\"noopener noreferrer\"><img decoding=\"async\" width=\"824\" height=\"1236\" src=\"https:\/\/fesete.pt\/qualidade-emprego-igualdade\/wp-content\/uploads\/2022\/06\/DIPLOMA.jpg\" data-orig-src=\"https:\/\/fesete.pt\/qualidade-emprego-igualdade\/wp-content\/uploads\/2022\/06\/DIPLOMA.jpg\" class=\"lazyload img-responsive wp-image-3334\" srcset=\"data:image\/svg+xml,%3Csvg%20xmlns%3D%27http%3A%2F%2Fwww.w3.org%2F2000%2Fsvg%27%20width%3D%27824%27%20height%3D%271236%27%20viewBox%3D%270%200%20824%201236%27%3E%3Crect%20width%3D%27824%27%20height%3D%2731236%27%20fill-opacity%3D%220%22%2F%3E%3C%2Fsvg%3E\" data-srcset=\"https:\/\/fesete.pt\/qualidade-emprego-igualdade\/wp-content\/uploads\/2022\/06\/DIPLOMA-200x300.jpg 200w, https:\/\/fesete.pt\/qualidade-emprego-igualdade\/wp-content\/uploads\/2022\/06\/DIPLOMA-400x600.jpg 400w, https:\/\/fesete.pt\/qualidade-emprego-igualdade\/wp-content\/uploads\/2022\/06\/DIPLOMA-600x900.jpg 600w, https:\/\/fesete.pt\/qualidade-emprego-igualdade\/wp-content\/uploads\/2022\/06\/DIPLOMA-800x1200.jpg 800w, https:\/\/fesete.pt\/qualidade-emprego-igualdade\/wp-content\/uploads\/2022\/06\/DIPLOMA.jpg 824w\" data-sizes=\"auto\" data-orig-sizes=\"(max-width: 640px) 100vw, 400px\" \/><\/a><\/span><\/div><\/div><\/div><style type=\"text\/css\">.fusion-body .fusion-builder-column-15{width:25% !important;margin-top : 20px;margin-bottom : 20px;}.fusion-builder-column-15 > .fusion-column-wrapper {padding-top : 0px !important;padding-right : 0px !important;margin-right : 7.68%;padding-bottom : 0px !important;padding-left : 0px !important;margin-left : 7.68%;}@media only screen and (max-width:1200px) {.fusion-body .fusion-builder-column-15{width:25% !important;order : 0;}.fusion-builder-column-15 > .fusion-column-wrapper {margin-right : 7.68%;margin-left : 7.68%;}}@media only screen and (max-width:640px) {.fusion-body .fusion-builder-column-15{width:100% !important;order : 0;}.fusion-builder-column-15 > .fusion-column-wrapper {margin-right : 1.92%;margin-left : 1.92%;}}<\/style><div class=\"fusion-layout-column fusion_builder_column fusion-builder-column-16 fusion_builder_column_1_4 1_4 fusion-flex-column\"><div class=\"fusion-column-wrapper fusion-flex-justify-content-flex-start fusion-content-layout-column\" style=\"background-position:left top;background-repeat:no-repeat;-webkit-background-size:cover;-moz-background-size:cover;-o-background-size:cover;background-size:cover;padding: 0px 0px 0px 0px;\"><div class=\"fusion-text fusion-text-11\" style=\"transform:translate3d(0,0,0);\"><p>A FESETE recebeu o Pr\u00e9mio Manuel Lopes,\u00a0 na categoria de Estudos e Trabalhos de Investiga\u00e7\u00e3o, o qual foi atribu\u00eddo ao estudo &#8220;Contributos para a negocia\u00e7\u00e3o colectiva para a melhoria das dimens\u00f5es do emprego e igualdade nas ITVC&#8221; &#8211; 2013<\/p>\n<\/div><\/div><\/div><style type=\"text\/css\">.fusion-body .fusion-builder-column-16{width:25% !important;margin-top : 20px;margin-bottom : 20px;}.fusion-builder-column-16 > .fusion-column-wrapper {padding-top : 0px !important;padding-right : 0px !important;margin-right : 7.68%;padding-bottom : 0px !important;padding-left : 0px !important;margin-left : 7.68%;}@media only screen and (max-width:1200px) {.fusion-body .fusion-builder-column-16{width:25% !important;order : 0;}.fusion-builder-column-16 > .fusion-column-wrapper {margin-right : 7.68%;margin-left : 7.68%;}}@media only screen and (max-width:640px) {.fusion-body .fusion-builder-column-16{width:100% !important;order : 0;}.fusion-builder-column-16 > .fusion-column-wrapper {margin-right : 1.92%;margin-left : 1.92%;}}<\/style><div class=\"fusion-layout-column fusion_builder_column fusion-builder-column-17 fusion_builder_column_1_4 1_4 fusion-flex-column\"><div class=\"fusion-column-wrapper fusion-flex-justify-content-flex-start fusion-content-layout-column\" style=\"background-position:left top;background-repeat:no-repeat;-webkit-background-size:cover;-moz-background-size:cover;-o-background-size:cover;background-size:cover;padding: 0px 0px 0px 0px;\"><div ><span class=\" fusion-imageframe imageframe-none imageframe-16 hover-type-none\" style=\"border-radius:12px;\"><a class=\"fusion-no-lightbox\" href=\"https:\/\/fesete.pt\/portal\/docs\/pdf\/Estudo%20Calcado.pdf\" target=\"_blank\" aria-label=\"estudocalcado\" rel=\"noopener noreferrer\"><img decoding=\"async\" width=\"179\" height=\"261\" src=\"data:image\/svg+xml,%3Csvg%20xmlns%3D%27http%3A%2F%2Fwww.w3.org%2F2000%2Fsvg%27%20width%3D%27179%27%20height%3D%27261%27%20viewBox%3D%270%200%20179%20261%27%3E%3Crect%20width%3D%27179%27%20height%3D%273261%27%20fill-opacity%3D%220%22%2F%3E%3C%2Fsvg%3E\" data-orig-src=\"https:\/\/fesete.pt\/qualidade-emprego-igualdade\/wp-content\/uploads\/2022\/06\/estudocalcado-e1654188190474.jpg\" class=\"lazyload img-responsive wp-image-3136\"\/><\/a><\/span><\/div><div class=\"fusion-text fusion-text-12\" style=\"transform:translate3d(0,0,0);\"><p>Estudo Constru\u00e7\u00e3o de Sistema de Avalia\u00e7\u00e3o de Fun\u00e7\u00f5es e Remunera\u00e7\u00f5es no Cal\u00e7ado &#8211; CCT &#8211; FESETE &#8211; APICCAPS &#8211; 2012<\/p>\n<\/div><\/div><\/div><style type=\"text\/css\">.fusion-body .fusion-builder-column-17{width:25% !important;margin-top : 20px;margin-bottom : 20px;}.fusion-builder-column-17 > .fusion-column-wrapper {padding-top : 0px !important;padding-right : 0px !important;margin-right : 7.68%;padding-bottom : 0px !important;padding-left : 0px !important;margin-left : 7.68%;}@media only screen and (max-width:1200px) {.fusion-body .fusion-builder-column-17{width:25% !important;order : 0;}.fusion-builder-column-17 > .fusion-column-wrapper {margin-right : 7.68%;margin-left : 7.68%;}}@media only screen and (max-width:640px) {.fusion-body .fusion-builder-column-17{width:100% !important;order : 0;}.fusion-builder-column-17 > .fusion-column-wrapper {margin-right : 1.92%;margin-left : 1.92%;}}<\/style><div class=\"fusion-layout-column fusion_builder_column fusion-builder-column-18 fusion_builder_column_1_4 1_4 fusion-flex-column\"><div class=\"fusion-column-wrapper fusion-flex-justify-content-flex-start fusion-content-layout-column\" style=\"background-position:left top;background-repeat:no-repeat;-webkit-background-size:cover;-moz-background-size:cover;-o-background-size:cover;background-size:cover;padding: 0px 0px 0px 0px;\"><div ><span class=\" fusion-imageframe imageframe-none imageframe-17 hover-type-none\" style=\"border-radius:12px;\"><a class=\"fusion-no-lightbox\" href=\"https:\/\/fesete.pt\/portal\/docs\/pdf\/Estudo%20Lanificios.pdf\" target=\"_self\" aria-label=\"d1\"><img decoding=\"async\" width=\"200\" height=\"304\" src=\"data:image\/svg+xml,%3Csvg%20xmlns%3D%27http%3A%2F%2Fwww.w3.org%2F2000%2Fsvg%27%20width%3D%27200%27%20height%3D%27304%27%20viewBox%3D%270%200%20200%20304%27%3E%3Crect%20width%3D%27200%27%20height%3D%273304%27%20fill-opacity%3D%220%22%2F%3E%3C%2Fsvg%3E\" data-orig-src=\"https:\/\/fesete.pt\/qualidade-emprego-igualdade\/wp-content\/uploads\/2021\/02\/d1-e1654187891240.jpg\" class=\"lazyload img-responsive wp-image-2886\"\/><\/a><\/span><\/div><div class=\"fusion-text fusion-text-13\" style=\"transform:translate3d(0,0,0);\"><p>Estudo &#8211; Constru\u00e7\u00e3o de Sistema de Avalia\u00e7\u00e3o de Fun\u00e7\u00f5es e Remunera\u00e7\u00f5es nos Lanificios &#8211; CCT FESETE &#8211; ANIT-LAR e ANIL &#8211; 2012<\/p>\n<\/div><\/div><\/div><style type=\"text\/css\">.fusion-body .fusion-builder-column-18{width:25% !important;margin-top : 20px;margin-bottom : 20px;}.fusion-builder-column-18 > .fusion-column-wrapper {padding-top : 0px !important;padding-right : 0px !important;margin-right : 7.68%;padding-bottom : 0px !important;padding-left : 0px !important;margin-left : 7.68%;}@media only screen and (max-width:1200px) {.fusion-body .fusion-builder-column-18{width:25% !important;order : 0;}.fusion-builder-column-18 > .fusion-column-wrapper {margin-right : 7.68%;margin-left : 7.68%;}}@media only screen and (max-width:640px) {.fusion-body .fusion-builder-column-18{width:100% !important;order : 0;}.fusion-builder-column-18 > .fusion-column-wrapper {margin-right : 1.92%;margin-left : 1.92%;}}<\/style><div class=\"fusion-layout-column fusion_builder_column fusion-builder-column-19 fusion_builder_column_1_4 1_4 fusion-flex-column\"><div class=\"fusion-column-wrapper fusion-flex-justify-content-flex-start fusion-content-layout-column\" style=\"background-position:left top;background-repeat:no-repeat;-webkit-background-size:cover;-moz-background-size:cover;-o-background-size:cover;background-size:cover;padding: 0px 0px 0px 0px;\"><div ><span class=\" fusion-imageframe imageframe-none imageframe-18 hover-type-none\" style=\"border-radius:12px;\"><a class=\"fusion-no-lightbox\" href=\"https:\/\/fesete.pt\/portal\/docs\/pdf\/estudofeseteatp.pdf\" target=\"_self\" aria-label=\"d3\"><img decoding=\"async\" width=\"200\" height=\"304\" src=\"data:image\/svg+xml,%3Csvg%20xmlns%3D%27http%3A%2F%2Fwww.w3.org%2F2000%2Fsvg%27%20width%3D%27200%27%20height%3D%27304%27%20viewBox%3D%270%200%20200%20304%27%3E%3Crect%20width%3D%27200%27%20height%3D%273304%27%20fill-opacity%3D%220%22%2F%3E%3C%2Fsvg%3E\" data-orig-src=\"https:\/\/fesete.pt\/qualidade-emprego-igualdade\/wp-content\/uploads\/2021\/02\/d3-e1654607882492.jpg\" class=\"lazyload img-responsive wp-image-2892\"\/><\/a><\/span><\/div><div class=\"fusion-text fusion-text-14\" style=\"transform:translate3d(0,0,0);\"><p>Estudo: Constru\u00e7\u00e3o de Sistema de Avalia\u00e7\u00e3o de Fun\u00e7\u00f5es e Remunera\u00e7\u00f5es &#8211; CCT-FESETE-ATP &#8211; 2011<\/p>\n<\/div><\/div><\/div><style type=\"text\/css\">.fusion-body .fusion-builder-column-19{width:25% !important;margin-top : 20px;margin-bottom : 20px;}.fusion-builder-column-19 > .fusion-column-wrapper {padding-top : 0px !important;padding-right : 0px !important;margin-right : 7.68%;padding-bottom : 0px !important;padding-left : 0px !important;margin-left : 7.68%;}@media only screen and (max-width:1200px) {.fusion-body .fusion-builder-column-19{width:25% !important;order : 0;}.fusion-builder-column-19 > .fusion-column-wrapper {margin-right : 7.68%;margin-left : 7.68%;}}@media only screen and (max-width:640px) {.fusion-body .fusion-builder-column-19{width:100% !important;order : 0;}.fusion-builder-column-19 > .fusion-column-wrapper {margin-right : 1.92%;margin-left : 1.92%;}}<\/style><div class=\"fusion-layout-column fusion_builder_column fusion-builder-column-20 fusion_builder_column_1_4 1_4 fusion-flex-column\"><div class=\"fusion-column-wrapper fusion-flex-justify-content-flex-start fusion-content-layout-column\" style=\"background-position:left top;background-repeat:no-repeat;-webkit-background-size:cover;-moz-background-size:cover;-o-background-size:cover;background-size:cover;padding: 0px 0px 0px 0px;\"><div ><span class=\" fusion-imageframe imageframe-none imageframe-19 hover-type-none\" style=\"border-radius:12px;\"><a class=\"fusion-no-lightbox\" href=\"https:\/\/fesete.pt\/portal\/docs\/pdf\/DispersaoSalarial.pdf\" target=\"_self\" aria-label=\"d7\"><img decoding=\"async\" width=\"200\" height=\"304\" src=\"data:image\/svg+xml,%3Csvg%20xmlns%3D%27http%3A%2F%2Fwww.w3.org%2F2000%2Fsvg%27%20width%3D%27200%27%20height%3D%27304%27%20viewBox%3D%270%200%20200%20304%27%3E%3Crect%20width%3D%27200%27%20height%3D%273304%27%20fill-opacity%3D%220%22%2F%3E%3C%2Fsvg%3E\" data-orig-src=\"https:\/\/fesete.pt\/qualidade-emprego-igualdade\/wp-content\/uploads\/2021\/02\/d7-e1654608247501.jpg\" class=\"lazyload img-responsive wp-image-2899\"\/><\/a><\/span><\/div><div class=\"fusion-text fusion-text-15\" style=\"transform:translate3d(0,0,0);\"><p>A Dispers\u00e3o Salarial entre as pr\u00e1ticas das empresas e a Negocia\u00e7\u00e3o Colectiva nas ITVC &#8211; 2010<\/p>\n<\/div><\/div><\/div><style type=\"text\/css\">.fusion-body .fusion-builder-column-20{width:25% !important;margin-top : 20px;margin-bottom : 20px;}.fusion-builder-column-20 > .fusion-column-wrapper {padding-top : 0px !important;padding-right : 0px !important;margin-right : 7.68%;padding-bottom : 0px !important;padding-left : 0px !important;margin-left : 7.68%;}@media only screen and (max-width:1200px) {.fusion-body .fusion-builder-column-20{width:25% !important;order : 0;}.fusion-builder-column-20 > .fusion-column-wrapper {margin-right : 7.68%;margin-left : 7.68%;}}@media only screen and (max-width:640px) {.fusion-body .fusion-builder-column-20{width:100% !important;order : 0;}.fusion-builder-column-20 > .fusion-column-wrapper {margin-right : 1.92%;margin-left : 1.92%;}}<\/style><\/div><style type=\"text\/css\">.fusion-body .fusion-flex-container.fusion-builder-row-1{ padding-top : 0px;margin-top : 0px;padding-right : 0px;padding-bottom : 0px;margin-bottom : 0px;padding-left : 0px;}<\/style><\/div><div class=\"fusion-fullwidth fullwidth-box fusion-builder-row-2 fusion-flex-container nonhundred-percent-fullwidth non-hundred-percent-height-scrolling\" style=\"background-color: rgba(255,255,255,0);background-position: center center;background-repeat: no-repeat;border-width: 0px 0px 0px 0px;border-color:#e8ebef;border-style:solid;\" ><div class=\"fusion-builder-row fusion-row fusion-flex-align-items-flex-start\" style=\"max-width:1331.2px;margin-left: calc(-4% \/ 2 );margin-right: calc(-4% \/ 2 );\"><\/div><style type=\"text\/css\">.fusion-body .fusion-flex-container.fusion-builder-row-2{ padding-top : 0px;margin-top : 0px;padding-right : 0px;padding-bottom : 0px;margin-bottom : 0px;padding-left : 0px;}<\/style><\/div><\/p>\n","protected":false},"excerpt":{"rendered":"","protected":false},"author":1,"featured_media":0,"parent":0,"menu_order":0,"comment_status":"closed","ping_status":"closed","template":"100-width.php","meta":[],"_links":{"self":[{"href":"https:\/\/fesete.pt\/qualidade-emprego-igualdade\/wp-json\/wp\/v2\/pages\/44"}],"collection":[{"href":"https:\/\/fesete.pt\/qualidade-emprego-igualdade\/wp-json\/wp\/v2\/pages"}],"about":[{"href":"https:\/\/fesete.pt\/qualidade-emprego-igualdade\/wp-json\/wp\/v2\/types\/page"}],"author":[{"embeddable":true,"href":"https:\/\/fesete.pt\/qualidade-emprego-igualdade\/wp-json\/wp\/v2\/users\/1"}],"replies":[{"embeddable":true,"href":"https:\/\/fesete.pt\/qualidade-emprego-igualdade\/wp-json\/wp\/v2\/comments?post=44"}],"version-history":[{"count":58,"href":"https:\/\/fesete.pt\/qualidade-emprego-igualdade\/wp-json\/wp\/v2\/pages\/44\/revisions"}],"predecessor-version":[{"id":3940,"href":"https:\/\/fesete.pt\/qualidade-emprego-igualdade\/wp-json\/wp\/v2\/pages\/44\/revisions\/3940"}],"wp:attachment":[{"href":"https:\/\/fesete.pt\/qualidade-emprego-igualdade\/wp-json\/wp\/v2\/media?parent=44"}],"curies":[{"name":"wp","href":"https:\/\/api.w.org\/{rel}","templated":true}]}}