{"id":48,"date":"2020-08-20T18:21:25","date_gmt":"2020-08-20T18:21:25","guid":{"rendered":"https:\/\/fesete.pt\/qualidade-emprego-igualdade\/?page_id=48"},"modified":"2022-05-26T15:32:52","modified_gmt":"2022-05-26T15:32:52","slug":"parceria","status":"publish","type":"page","link":"https:\/\/fesete.pt\/qualidade-emprego-igualdade\/parceria\/","title":{"rendered":"Parceria"},"content":{"rendered":"<div class=\"fusion-fullwidth fullwidth-box fusion-builder-row-1 fusion-flex-container nonhundred-percent-fullwidth non-hundred-percent-height-scrolling\" style=\"background-color: rgba(255,255,255,0);background-position: center center;background-repeat: no-repeat;border-width: 0px 0px 0px 0px;border-color:#e8ebef;border-style:solid;\" ><div class=\"fusion-builder-row fusion-row fusion-flex-align-items-flex-start fusion-flex-justify-content-center\" style=\"max-width:1331.2px;margin-left: calc(-4% \/ 2 );margin-right: calc(-4% \/ 2 );\"><div class=\"fusion-layout-column fusion_builder_column fusion-builder-column-0 fusion_builder_column_1_4 1_4 fusion-flex-column fusion-no-small-visibility fusion-no-medium-visibility\"><div class=\"fusion-column-wrapper fusion-flex-justify-content-flex-start fusion-content-layout-column\" style=\"background-position:left top;background-repeat:no-repeat;-webkit-background-size:cover;-moz-background-size:cover;-o-background-size:cover;background-size:cover;padding: 0px 0px 0px 0px;\"><\/div><\/div><style type=\"text\/css\">.fusion-body .fusion-builder-column-0{width:25% !important;margin-top : 20px;margin-bottom : 20px;}.fusion-builder-column-0 > .fusion-column-wrapper {padding-top : 0px !important;padding-right : 0px !important;margin-right : 7.68%;padding-bottom : 0px !important;padding-left : 0px !important;margin-left : 7.68%;}@media only screen and (max-width:1200px) {.fusion-body .fusion-builder-column-0{width:25% !important;order : 0;}.fusion-builder-column-0 > .fusion-column-wrapper {margin-right : 7.68%;margin-left : 7.68%;}}@media only screen and (max-width:640px) {.fusion-body .fusion-builder-column-0{width:100% !important;order : 0;}.fusion-builder-column-0 > .fusion-column-wrapper {margin-right : 1.92%;margin-left : 1.92%;}}<\/style><div class=\"fusion-layout-column fusion_builder_column fusion-builder-column-1 fusion_builder_column_1_2 1_2 fusion-flex-column\"><div class=\"fusion-column-wrapper fusion-flex-justify-content-flex-start fusion-content-layout-column\" style=\"background-position:left top;background-repeat:no-repeat;-webkit-background-size:cover;-moz-background-size:cover;-o-background-size:cover;background-size:cover;padding: 0px 0px 0px 0px;\"><style type=\"text\/css\">@media only screen and (max-width:1200px) {.fusion-title.fusion-title-1{margin-top:10px!important;margin-bottom:20px!important;}}@media only screen and (max-width:640px) {.fusion-title.fusion-title-1{margin-top:10px!important;margin-bottom:20px!important;}}<\/style><div class=\"fusion-title title fusion-title-1 fusion-sep-none fusion-title-center fusion-title-text fusion-title-size-two\" style=\"margin-top:10px;margin-bottom:20px;\"><h2 class=\"title-heading-center\" style=\"margin:0;\">Organiza\u00e7\u00f5es<span style=\"color: #2cbc63;\">:<\/span><\/h2><\/div><\/div><\/div><style type=\"text\/css\">.fusion-body .fusion-builder-column-1{width:50% !important;margin-top : 20px;margin-bottom : 30px;}.fusion-builder-column-1 > .fusion-column-wrapper {padding-top : 0px !important;padding-right : 0px !important;margin-right : 7.68%;padding-bottom : 0px !important;padding-left : 0px !important;margin-left : 7.68%;}@media only screen and (max-width:1200px) {.fusion-body .fusion-builder-column-1{width:100% !important;order : 0;margin-bottom : 20px;}.fusion-builder-column-1 > .fusion-column-wrapper {margin-right : 3.84%;margin-left : 3.84%;}}@media only screen and (max-width:640px) {.fusion-body .fusion-builder-column-1{width:100% !important;order : 0;}.fusion-builder-column-1 > .fusion-column-wrapper {margin-right : 1.92%;margin-left : 1.92%;}}<\/style><div class=\"fusion-layout-column fusion_builder_column fusion-builder-column-2 fusion_builder_column_1_4 1_4 fusion-flex-column fusion-no-small-visibility fusion-no-medium-visibility\"><div class=\"fusion-column-wrapper fusion-flex-justify-content-flex-start fusion-content-layout-column\" style=\"background-position:left top;background-repeat:no-repeat;-webkit-background-size:cover;-moz-background-size:cover;-o-background-size:cover;background-size:cover;padding: 0px 0px 0px 0px;\"><\/div><\/div><style type=\"text\/css\">.fusion-body .fusion-builder-column-2{width:25% !important;margin-top : 20px;margin-bottom : 20px;}.fusion-builder-column-2 > .fusion-column-wrapper {padding-top : 0px !important;padding-right : 0px !important;margin-right : 7.68%;padding-bottom : 0px !important;padding-left : 0px !important;margin-left : 7.68%;}@media only screen and (max-width:1200px) {.fusion-body .fusion-builder-column-2{width:25% !important;order : 0;}.fusion-builder-column-2 > .fusion-column-wrapper {margin-right : 7.68%;margin-left : 7.68%;}}@media only screen and (max-width:640px) {.fusion-body .fusion-builder-column-2{width:100% !important;order : 0;}.fusion-builder-column-2 > .fusion-column-wrapper {margin-right : 1.92%;margin-left : 1.92%;}}<\/style><div class=\"fusion-layout-column fusion_builder_column fusion-builder-column-3 fusion_builder_column_1_1 1_1 fusion-flex-column fusion-flex-align-self-stretch fusion-column-inner-bg-wrapper\"><div class=\"fusion-column-wrapper fusion-column-has-shadow fusion-flex-justify-content-flex-start fusion-content-layout-column\" style=\"border-width: 1px 1px 1px 1px;border-color:rgba(0,0,0,0.05);border-style:solid;border-radius:8px 8px 8px 8px;overflow:hidden;box-shadow:0px 2px 4px -1px rgba(0,0,0,0.05);;padding: 36px 40px 0px 40px;\"><style type=\"text\/css\">@media only screen and (max-width:1200px) {.fusion-title.fusion-title-2{margin-top:10px!important;margin-bottom:20px!important;}}@media only screen and (max-width:640px) {.fusion-title.fusion-title-2{margin-top:10px!important;margin-bottom:20px!important;}}<\/style><div class=\"fusion-title title fusion-title-2 fusion-sep-none fusion-title-text fusion-title-size-three\" style=\"font-size:24px;margin-top:10px;margin-bottom:20px;\"><h3 class=\"title-heading-left\" style=\"margin:0;font-size:1em;line-height:1.42em;\">Promotor:<\/h3><\/div><div style=\"text-align:center;\"><span class=\" fusion-imageframe imageframe-none imageframe-1 hover-type-none\" style=\"border-radius:12px;\"><img decoding=\"async\" width=\"131\" height=\"172\" title=\"logo__fesete\" src=\"data:image\/svg+xml,%3Csvg%20xmlns%3D%27http%3A%2F%2Fwww.w3.org%2F2000%2Fsvg%27%20width%3D%27131%27%20height%3D%27172%27%20viewBox%3D%270%200%20131%20172%27%3E%3Crect%20width%3D%27131%27%20height%3D%273172%27%20fill-opacity%3D%220%22%2F%3E%3C%2Fsvg%3E\" data-orig-src=\"https:\/\/fesete.pt\/qualidade-emprego-igualdade\/wp-content\/uploads\/2021\/01\/logo__fesete.png\" class=\"lazyload img-responsive wp-image-2720\"\/><\/span><\/div><\/div><span class=\"fusion-column-inner-bg hover-type-none\" style=\"overflow:hidden;border-radius:8px 8px 8px 8px;;\"><a href=\"https:\/\/fesete.pt\/portal\/\"><span class=\"fusion-column-inner-bg-image\" style=\"background-position:left top;background-repeat:no-repeat;-webkit-background-size:cover;-moz-background-size:cover;-o-background-size:cover;background-size:cover;border-radius:8px 8px 8px 8px;\"><\/span><\/a><\/span><\/div><style type=\"text\/css\">.fusion-body .fusion-builder-column-3{width:100% !important;margin-top : 20px;margin-bottom : 20px;}.fusion-builder-column-3 > .fusion-column-wrapper {padding-top : 36px !important;padding-right : 40px !important;margin-right : 20px;padding-bottom : 0px !important;padding-left : 40px !important;margin-left : 20px;}.fusion-flex-container .fusion-row .fusion-builder-column-3 > .fusion-column-inner-bg { margin-right:20px;margin-left:20px; }@media only screen and (max-width:1200px) {.fusion-body .fusion-builder-column-3{width:100% !important;order : 0;}.fusion-builder-column-3 > .fusion-column-wrapper {margin-right : 10px;margin-left : 10px;}.fusion-flex-container .fusion-row .fusion-builder-column-3 > .fusion-column-inner-bg { margin-right:10px;margin-left:10px; }}@media only screen and (max-width:640px) {.fusion-body .fusion-builder-column-3{width:100% !important;order : 0;}.fusion-builder-column-3 > .fusion-column-wrapper {margin-right : 1.92%;margin-left : 1.92%;}.fusion-flex-container .fusion-row .fusion-builder-column-3 > .fusion-column-inner-bg { margin-right:1.92%;margin-left:1.92%; }}<\/style><div class=\"fusion-layout-column fusion_builder_column fusion-builder-column-4 fusion_builder_column_1_1 1_1 fusion-flex-column fusion-flex-align-self-stretch\"><div class=\"fusion-column-wrapper fusion-flex-justify-content-flex-start fusion-content-layout-column\" style=\"background-position:left top;background-repeat:no-repeat;-webkit-background-size:cover;-moz-background-size:cover;-o-background-size:cover;background-size:cover;padding: 0px 0px 0px 0px;\"><div class=\"fusion-text fusion-text-1\" style=\"transform:translate3d(0,0,0);\"><p><span style=\"font-weight: 400;\">A FESETE \u00e9 uma organiza\u00e7\u00e3o sindical nacional sem fins lucrativos, que representa a n\u00edvel sectorial os Sindicatos Portugueses da Ind\u00fastria T\u00eaxtil, do Vestu\u00e1rio, do Cal\u00e7ado, Curtumes, Cordoaria e Redes, Lavandaria, Tinturaria, Concertos, Chaves, Chapelaria. A n\u00edvel nacional est\u00e1 filiada na CGTP-IN (Confedera\u00e7\u00e3o Geral dos Trabalhadores Portugueses) e a n\u00edvel europeu \u00e9 filiada na IndustriAll &#8211; European Trade Union &#8211; a organiza\u00e7\u00e3o sectorial da Confedera\u00e7\u00e3o Europeia de Sindicatos (CES).<\/span><\/p>\n<p><span style=\"font-weight: 400;\">O principal objetivo da FESETE \u00e9 apoiar e promover a aplica\u00e7\u00e3o dos direitos fundamentais dos trabalhadores, nomeadamente, o direito ao trabalho e \u00e0 seguran\u00e7a no emprego, o direito a um sal\u00e1rio justo, o direito a uma remunera\u00e7\u00e3o igual por um trabalho de igual valor, o direito \u00e0 sa\u00fade e seguran\u00e7a nos locais de trabalho, o direito \u00e0 liberdade, a atua\u00e7\u00e3o sindical e as comiss\u00f5es de trabalhadores, o direito aos acordos coletivos, os direitos espec\u00edficos da crian\u00e7a, dos jovens e da mulher, o direito \u00e0 forma\u00e7\u00e3o, o direito \u00e0 seguran\u00e7a social e \u00e0 sa\u00fade.<\/span><\/p>\n<p><span style=\"font-weight: 400;\">A FESETE tamb\u00e9m desempenha um papel importante:\u00a0<\/span><\/p>\n<p><span style=\"font-weight: 400;\">Cumprir os acordos coletivos de trabalho e participar na elabora\u00e7\u00e3o dos demais instrumentos de regulamenta\u00e7\u00e3o coletiva do trabalho;<\/span><\/p>\n<p><span style=\"font-weight: 400;\">Intervir e participar na moderniza\u00e7\u00e3o do sector e na reestrutura\u00e7\u00e3o das empresas com o objetivo de proteger os interesses dos trabalhadores;\u00a0<\/span><\/p>\n<p><span style=\"font-weight: 400;\">Participar na elabora\u00e7\u00e3o da legisla\u00e7\u00e3o relativa aos trabalhadores e ao setor, bem como, acompanhar a implementa\u00e7\u00e3o dos planos econ\u00f3micos e sociais;\u00a0<\/span><\/p>\n<p><span style=\"font-weight: 400;\">Desenvolver os contactos e a coopera\u00e7\u00e3o com organiza\u00e7\u00f5es cong\u00e9neres de outros pa\u00edses e consequentemente a solidariedade entre trabalhadores de todo o mundo, em particular do sector;\u00a0<\/span><\/p>\n<p><span style=\"font-weight: 400;\">Promover iniciativas pr\u00f3prias em coopera\u00e7\u00e3o com outras associa\u00e7\u00f5es sindicais e outras entidades p\u00fablicas e privadas.<\/span><\/p>\n<\/div><div class=\"fusion-social-links\" style=\"text-align:center\"><div class=\"fusion-social-networks boxed-icons\"><div class=\"fusion-social-networks-wrapper\"><a class=\"fusion-social-network-icon fusion-tooltip fusion-facebook fusion-icon-facebook\" style=\"color:#023a51;font-size:15px;width: calc(15px + (2 * (8px)) + 2px);background-color:rgba(21,209,108,0.23);border-color:rgba(21,209,108,0.23);border-radius:4px;\" data-placement=\"bottom\" data-title=\"Facebook\" data-toggle=\"tooltip\" title=\"Facebook\" aria-label=\"facebook\" target=\"_blank\" rel=\"noopener noreferrer\" href=\"https:\/\/www.facebook.com\/feseteportugal?ref=tn_tnmn\"><\/a><\/div><\/div><\/div><\/div><\/div><style type=\"text\/css\">.fusion-body .fusion-builder-column-4{width:100% !important;margin-top : 20px;margin-bottom : 20px;}.fusion-builder-column-4 > .fusion-column-wrapper {padding-top : 0px !important;padding-right : 0px !important;margin-right : 20px;padding-bottom : 0px !important;padding-left : 0px !important;margin-left : 20px;}@media only screen and (max-width:1200px) {.fusion-body .fusion-builder-column-4{width:100% !important;order : 0;}.fusion-builder-column-4 > .fusion-column-wrapper {margin-right : 10px;margin-left : 10px;}}@media only screen and (max-width:640px) {.fusion-body .fusion-builder-column-4{width:100% !important;order : 0;}.fusion-builder-column-4 > .fusion-column-wrapper {margin-right : 1.92%;margin-left : 1.92%;}}<\/style><div class=\"fusion-layout-column fusion_builder_column fusion-builder-column-5 fusion_builder_column_1_1 1_1 fusion-flex-column fusion-flex-align-self-stretch fusion-column-inner-bg-wrapper\"><div class=\"fusion-column-wrapper fusion-column-has-shadow fusion-flex-justify-content-flex-start fusion-content-layout-column\" style=\"border-width: 1px 1px 1px 1px;border-color:rgba(0,0,0,0.05);border-style:solid;border-radius:8px 8px 8px 8px;overflow:hidden;box-shadow:0px 2px 4px -1px rgba(0,0,0,0.05);;padding: 36px 40px 0px 40px;\"><style type=\"text\/css\">@media only screen and (max-width:1200px) {.fusion-title.fusion-title-3{margin-top:10px!important;margin-bottom:20px!important;}}@media only screen and (max-width:640px) {.fusion-title.fusion-title-3{margin-top:10px!important;margin-bottom:20px!important;}}<\/style><div class=\"fusion-title title fusion-title-3 fusion-sep-none fusion-title-text fusion-title-size-three\" style=\"font-size:24px;margin-top:10px;margin-bottom:20px;\"><h3 class=\"title-heading-left\" style=\"margin:0;font-size:1em;line-height:1.42em;\">Parceiro:<\/h3><\/div><div style=\"text-align:center;\"><span class=\" fusion-imageframe imageframe-none imageframe-2 hover-type-none\" style=\"border-radius:12px;width:100%;max-width:300px;\"><img decoding=\"async\" width=\"300\" height=\"87\" title=\"apic\" src=\"https:\/\/fesete.pt\/qualidade-emprego-igualdade\/wp-content\/uploads\/2021\/01\/apic.jpg\" data-orig-src=\"https:\/\/fesete.pt\/qualidade-emprego-igualdade\/wp-content\/uploads\/2021\/01\/apic-300x87.jpg\" class=\"lazyload img-responsive wp-image-2722\" srcset=\"data:image\/svg+xml,%3Csvg%20xmlns%3D%27http%3A%2F%2Fwww.w3.org%2F2000%2Fsvg%27%20width%3D%27440%27%20height%3D%27127%27%20viewBox%3D%270%200%20440%20127%27%3E%3Crect%20width%3D%27440%27%20height%3D%273127%27%20fill-opacity%3D%220%22%2F%3E%3C%2Fsvg%3E\" data-srcset=\"https:\/\/fesete.pt\/qualidade-emprego-igualdade\/wp-content\/uploads\/2021\/01\/apic-200x58.jpg 200w, https:\/\/fesete.pt\/qualidade-emprego-igualdade\/wp-content\/uploads\/2021\/01\/apic-400x115.jpg 400w, https:\/\/fesete.pt\/qualidade-emprego-igualdade\/wp-content\/uploads\/2021\/01\/apic.jpg 440w\" data-sizes=\"auto\" data-orig-sizes=\"(max-width: 640px) 100vw, 300px\" \/><\/span><\/div><\/div><span class=\"fusion-column-inner-bg hover-type-none\" style=\"overflow:hidden;border-radius:8px 8px 8px 8px;;\"><a href=\"http:\/\/www.apic.com.pt \"><span class=\"fusion-column-inner-bg-image\" style=\"background-position:left top;background-repeat:no-repeat;-webkit-background-size:cover;-moz-background-size:cover;-o-background-size:cover;background-size:cover;border-radius:8px 8px 8px 8px;\"><\/span><\/a><\/span><\/div><style type=\"text\/css\">.fusion-body .fusion-builder-column-5{width:100% !important;margin-top : 20px;margin-bottom : 20px;}.fusion-builder-column-5 > .fusion-column-wrapper {padding-top : 36px !important;padding-right : 40px !important;margin-right : 20px;padding-bottom : 0px !important;padding-left : 40px !important;margin-left : 20px;}.fusion-flex-container .fusion-row .fusion-builder-column-5 > .fusion-column-inner-bg { margin-right:20px;margin-left:20px; }@media only screen and (max-width:1200px) {.fusion-body .fusion-builder-column-5{width:100% !important;order : 0;}.fusion-builder-column-5 > .fusion-column-wrapper {margin-right : 10px;margin-left : 10px;}.fusion-flex-container .fusion-row .fusion-builder-column-5 > .fusion-column-inner-bg { margin-right:10px;margin-left:10px; }}@media only screen and (max-width:640px) {.fusion-body .fusion-builder-column-5{width:100% !important;order : 0;}.fusion-builder-column-5 > .fusion-column-wrapper {margin-right : 1.92%;margin-left : 1.92%;}.fusion-flex-container .fusion-row .fusion-builder-column-5 > .fusion-column-inner-bg { margin-right:1.92%;margin-left:1.92%; }}<\/style><div class=\"fusion-layout-column fusion_builder_column fusion-builder-column-6 fusion_builder_column_1_1 1_1 fusion-flex-column fusion-flex-align-self-stretch\"><div class=\"fusion-column-wrapper fusion-flex-justify-content-flex-start fusion-content-layout-column\" style=\"background-position:left top;background-repeat:no-repeat;-webkit-background-size:cover;-moz-background-size:cover;-o-background-size:cover;background-size:cover;padding: 0px 0px 0px 0px;\"><div class=\"fusion-text fusion-text-2\" style=\"transform:translate3d(0,0,0);\"><p><span style=\"font-weight: 400;\">A APIC &#8211; Associa\u00e7\u00e3o Portuguesa dos Industriais de Curtumes &#8211; \u00e9 a representante da Associa\u00e7\u00e3o das Ind\u00fastrias de Curtumes e do <\/span><i><span style=\"font-weight: 400;\">Cluster<\/span><\/i><span style=\"font-weight: 400;\"> do Couro em Portugal.<\/span><\/p>\n<p><span style=\"font-weight: 400;\">Com origem na d\u00e9cada de 1950 no \u00e2mbito da Associa\u00e7\u00e3o da Ind\u00fastria Portuguesa &#8211; AIP &#8211; a APIC foi fundada como Associa\u00e7\u00e3o independente em 1958.<\/span><\/p>\n<p><span style=\"font-weight: 400;\">A miss\u00e3o da APIC \u00e9 a defesa dos interesses colectivos da Ind\u00fastria Portuguesa do Couro, a defini\u00e7\u00e3o da estrat\u00e9gia de desenvolvimento global da ind\u00fastria e a execu\u00e7\u00e3o de projectos estruturantes para a ind\u00fastria.<\/span><\/p>\n<p><span style=\"font-weight: 400;\">O APIC faz parte de um Sistema Industrial composto por um Centro Tecnol\u00f3gico do Couro &#8211; CTIC &#8211; Centro Tecnol\u00f3gico das Ind\u00fastrias do Couro &#8211; e por uma Associa\u00e7\u00e3o Ambiental &#8211; AUSTRA &#8211; Associa\u00e7\u00e3o de Utilizadores do Sistema de Tratamento de \u00c1guas Residuais de Alcanena.<\/span><\/p>\n<p><span style=\"font-weight: 400;\">O APIC possui uma pequena estrutura din\u00e2mica composta por apenas tr\u00eas trabalhadores.<\/span><\/p>\n<p><span style=\"font-weight: 400;\">As suas principais atividades s\u00e3o a defesa dos interesses coletivos da Ind\u00fastria, a promo\u00e7\u00e3o da internacionaliza\u00e7\u00e3o e promo\u00e7\u00e3o das exporta\u00e7\u00f5es e o desenvolvimento de projetos.<\/span><\/p>\n<\/div><div class=\"fusion-social-links\" style=\"text-align:center\"><div class=\"fusion-social-networks boxed-icons\"><div class=\"fusion-social-networks-wrapper\"><\/div><\/div><\/div><\/div><\/div><style type=\"text\/css\">.fusion-body .fusion-builder-column-6{width:100% !important;margin-top : 20px;margin-bottom : 20px;}.fusion-builder-column-6 > .fusion-column-wrapper {padding-top : 0px !important;padding-right : 0px !important;margin-right : 20px;padding-bottom : 0px !important;padding-left : 0px !important;margin-left : 20px;}@media only screen and (max-width:1200px) {.fusion-body .fusion-builder-column-6{width:100% !important;order : 0;}.fusion-builder-column-6 > .fusion-column-wrapper {margin-right : 10px;margin-left : 10px;}}@media only screen and (max-width:640px) {.fusion-body .fusion-builder-column-6{width:100% !important;order : 0;}.fusion-builder-column-6 > .fusion-column-wrapper {margin-right : 1.92%;margin-left : 1.92%;}}<\/style><div class=\"fusion-layout-column fusion_builder_column fusion-builder-column-7 fusion_builder_column_1_1 1_1 fusion-flex-column fusion-flex-align-self-stretch fusion-column-inner-bg-wrapper\"><div class=\"fusion-column-wrapper fusion-column-has-shadow fusion-flex-justify-content-flex-start fusion-content-layout-column\" style=\"border-width: 1px 1px 1px 1px;border-color:rgba(0,0,0,0.05);border-style:solid;border-radius:8px 8px 8px 8px;overflow:hidden;box-shadow:0px 2px 4px -1px rgba(0,0,0,0.05);;padding: 36px 40px 0px 40px;\"><style type=\"text\/css\">@media only screen and (max-width:1200px) {.fusion-title.fusion-title-4{margin-top:10px!important;margin-bottom:20px!important;}}@media only screen and (max-width:640px) {.fusion-title.fusion-title-4{margin-top:10px!important;margin-bottom:20px!important;}}<\/style><div class=\"fusion-title title fusion-title-4 fusion-sep-none fusion-title-text fusion-title-size-three\" style=\"font-size:24px;margin-top:10px;margin-bottom:20px;\"><h3 class=\"title-heading-left\" style=\"margin:0;font-size:1em;line-height:1.42em;\">Parceiro:<\/h3><\/div><div style=\"text-align:center;\"><span class=\" fusion-imageframe imageframe-none imageframe-3 hover-type-none\" style=\"border-radius:12px;width:100%;max-width:300px;\"><img decoding=\"async\" width=\"265\" height=\"133\" title=\"anivec\" src=\"https:\/\/fesete.pt\/qualidade-emprego-igualdade\/wp-content\/uploads\/2021\/01\/anivec.jpg\" data-orig-src=\"https:\/\/fesete.pt\/qualidade-emprego-igualdade\/wp-content\/uploads\/2021\/01\/anivec.jpg\" class=\"lazyload img-responsive wp-image-2723\" srcset=\"data:image\/svg+xml,%3Csvg%20xmlns%3D%27http%3A%2F%2Fwww.w3.org%2F2000%2Fsvg%27%20width%3D%27265%27%20height%3D%27133%27%20viewBox%3D%270%200%20265%20133%27%3E%3Crect%20width%3D%27265%27%20height%3D%273133%27%20fill-opacity%3D%220%22%2F%3E%3C%2Fsvg%3E\" data-srcset=\"https:\/\/fesete.pt\/qualidade-emprego-igualdade\/wp-content\/uploads\/2021\/01\/anivec-200x100.jpg 200w, https:\/\/fesete.pt\/qualidade-emprego-igualdade\/wp-content\/uploads\/2021\/01\/anivec.jpg 265w\" data-sizes=\"auto\" data-orig-sizes=\"(max-width: 640px) 100vw, 265px\" \/><\/span><\/div><\/div><span class=\"fusion-column-inner-bg hover-type-none\" style=\"overflow:hidden;border-radius:8px 8px 8px 8px;;\"><a href=\"https:\/\/www.anivec.com\/\"><span class=\"fusion-column-inner-bg-image\" style=\"background-position:left top;background-repeat:no-repeat;-webkit-background-size:cover;-moz-background-size:cover;-o-background-size:cover;background-size:cover;border-radius:8px 8px 8px 8px;\"><\/span><\/a><\/span><\/div><style type=\"text\/css\">.fusion-body .fusion-builder-column-7{width:100% !important;margin-top : 20px;margin-bottom : 20px;}.fusion-builder-column-7 > .fusion-column-wrapper {padding-top : 36px !important;padding-right : 40px !important;margin-right : 20px;padding-bottom : 0px !important;padding-left : 40px !important;margin-left : 20px;}.fusion-flex-container .fusion-row .fusion-builder-column-7 > .fusion-column-inner-bg { margin-right:20px;margin-left:20px; }@media only screen and (max-width:1200px) {.fusion-body .fusion-builder-column-7{width:100% !important;order : 0;}.fusion-builder-column-7 > .fusion-column-wrapper {margin-right : 10px;margin-left : 10px;}.fusion-flex-container .fusion-row .fusion-builder-column-7 > .fusion-column-inner-bg { margin-right:10px;margin-left:10px; }}@media only screen and (max-width:640px) {.fusion-body .fusion-builder-column-7{width:100% !important;order : 0;}.fusion-builder-column-7 > .fusion-column-wrapper {margin-right : 1.92%;margin-left : 1.92%;}.fusion-flex-container .fusion-row .fusion-builder-column-7 > .fusion-column-inner-bg { margin-right:1.92%;margin-left:1.92%; }}<\/style><div class=\"fusion-layout-column fusion_builder_column fusion-builder-column-8 fusion_builder_column_1_1 1_1 fusion-flex-column fusion-flex-align-self-stretch\"><div class=\"fusion-column-wrapper fusion-flex-justify-content-flex-start fusion-content-layout-column\" style=\"background-position:left top;background-repeat:no-repeat;-webkit-background-size:cover;-moz-background-size:cover;-o-background-size:cover;background-size:cover;padding: 0px 0px 0px 0px;\"><div class=\"fusion-text fusion-text-3\" style=\"transform:translate3d(0,0,0);\"><p><span style=\"font-weight: 400;\">A ANIVEC\/APIV \u00e9 uma entidade de \u00e2mbito nacional que representa os interesses globais do sector do Vestu\u00e1rio e da Moda; tem como atribui\u00e7\u00f5es o exerc\u00edcio de todas as atividades que contribuam para o progresso e defesa das empresas associadas e do restante tecido empresarial.\u00a0<\/span><\/p>\n<p><span style=\"font-weight: 400;\">Tem como primordial preocupa\u00e7\u00e3o a<\/span><span style=\"font-weight: 400;\"> Responsabilidade Social Empresarial, assumindo os impactos das suas decis\u00f5es e atividades na sociedade e no meio ambiente, por meio de um comportamento \u00e9tico e transparente.\u00a0<\/span><\/p>\n<p><span style=\"font-weight: 400;\">A ANIVEC\/APIV vela pelas boas pr\u00e1ticas laborais, como a defesa dos direitos humanos, trabalho e forma\u00e7\u00e3o, diversidade, igualdade de g\u00e9nero, sa\u00fade e bem-estar dos empregadores e trabalhadores;\u00a0<\/span><\/p>\n<p><span style=\"font-weight: 400;\">As quest\u00f5es ambientais, como a biodiversidade, altera\u00e7\u00f5es clim\u00e1ticas, utiliza\u00e7\u00e3o eficiente dos recursos e preven\u00e7\u00e3o da polui\u00e7\u00e3o;<\/span><\/p>\n<p><span style=\"font-weight: 400;\">O combate \u00e0 corrup\u00e7\u00e3o;<\/span><\/p>\n<p><span style=\"font-weight: 400;\">O envolvimento e o contributo para o desenvolvimento da comunidade;<\/span><\/p>\n<p><span style=\"font-weight: 400;\">A inclus\u00e3o de pessoas em situa\u00e7\u00e3o de desigualdade.<\/span><\/p>\n<p><span style=\"font-weight: 400;\">S\u00e3o ainda atribui\u00e7\u00f5es da ANIVEC\/APIV:\u00a0<\/span><\/p>\n<ul>\n<li style=\"font-weight: 400;\" aria-level=\"1\"><span style=\"font-weight: 400;\">Representar e defender os interesses espec\u00edficos das empresas associadas, por forma a garantir-lhes adequada prote\u00e7\u00e3o, prestando-lhes apoio direto e colaborando para este efeito, ativamente, com os \u00f3rg\u00e3os estaduais competentes; dotando-as de capacidade de resposta a n\u00edvel de sustentabilidade, a n\u00edvel de digitaliza\u00e7\u00e3o e robotiza\u00e7\u00e3o e a n\u00edvel flexibilidade, produtividade e custos de contexto.<\/span><\/li>\n<\/ul>\n<ul>\n<li style=\"font-weight: 400;\" aria-level=\"1\"><span style=\"font-weight: 400;\">Negociar e celebrar conven\u00e7\u00f5es coletivas nos termos da lei.<\/span><\/li>\n<\/ul>\n<\/div><div class=\"fusion-social-links\" style=\"text-align:center\"><div class=\"fusion-social-networks boxed-icons\"><div class=\"fusion-social-networks-wrapper\"><a class=\"fusion-social-network-icon fusion-tooltip fusion-facebook fusion-icon-facebook\" style=\"color:#023a51;font-size:15px;width: calc(15px + (2 * (8px)) + 2px);background-color:rgba(21,209,108,0.23);border-color:rgba(21,209,108,0.23);border-radius:4px;\" data-placement=\"bottom\" data-title=\"Facebook\" data-toggle=\"tooltip\" title=\"Facebook\" aria-label=\"facebook\" target=\"_blank\" rel=\"noopener noreferrer\" href=\"https:\/\/www.facebook.com\/ANIVEC.APIV\"><\/a><\/div><\/div><\/div><\/div><\/div><style type=\"text\/css\">.fusion-body .fusion-builder-column-8{width:100% !important;margin-top : 20px;margin-bottom : 20px;}.fusion-builder-column-8 > .fusion-column-wrapper {padding-top : 0px !important;padding-right : 0px !important;margin-right : 20px;padding-bottom : 0px !important;padding-left : 0px !important;margin-left : 20px;}@media only screen and (max-width:1200px) {.fusion-body .fusion-builder-column-8{width:100% !important;order : 0;}.fusion-builder-column-8 > .fusion-column-wrapper {margin-right : 10px;margin-left : 10px;}}@media only screen and (max-width:640px) {.fusion-body .fusion-builder-column-8{width:100% !important;order : 0;}.fusion-builder-column-8 > .fusion-column-wrapper {margin-right : 1.92%;margin-left : 1.92%;}}<\/style><div class=\"fusion-layout-column fusion_builder_column fusion-builder-column-9 fusion_builder_column_1_1 1_1 fusion-flex-column fusion-flex-align-self-stretch fusion-column-inner-bg-wrapper\"><div class=\"fusion-column-wrapper fusion-column-has-shadow fusion-flex-justify-content-flex-start fusion-content-layout-column\" style=\"border-width: 1px 1px 1px 1px;border-color:rgba(0,0,0,0.05);border-style:solid;border-radius:8px 8px 8px 8px;overflow:hidden;box-shadow:0px 2px 4px -1px rgba(0,0,0,0.05);;padding: 36px 40px 0px 40px;\"><style type=\"text\/css\">@media only screen and (max-width:1200px) {.fusion-title.fusion-title-5{margin-top:10px!important;margin-bottom:20px!important;}}@media only screen and (max-width:640px) {.fusion-title.fusion-title-5{margin-top:10px!important;margin-bottom:20px!important;}}<\/style><div class=\"fusion-title title fusion-title-5 fusion-sep-none fusion-title-text fusion-title-size-three\" style=\"font-size:24px;margin-top:10px;margin-bottom:20px;\"><h3 class=\"title-heading-left\" style=\"margin:0;font-size:1em;line-height:1.42em;\">Parceiro:<\/h3><\/div><div style=\"text-align:center;\"><span class=\" fusion-imageframe imageframe-none imageframe-4 hover-type-none\" style=\"border-radius:12px;width:100%;max-width:300px;\"><img decoding=\"async\" width=\"265\" height=\"69\" title=\"Fellesforbundet\" src=\"https:\/\/fesete.pt\/qualidade-emprego-igualdade\/wp-content\/uploads\/2021\/01\/Fellesforbundet.jpg\" data-orig-src=\"https:\/\/fesete.pt\/qualidade-emprego-igualdade\/wp-content\/uploads\/2021\/01\/Fellesforbundet.jpg\" class=\"lazyload img-responsive wp-image-2725\" srcset=\"data:image\/svg+xml,%3Csvg%20xmlns%3D%27http%3A%2F%2Fwww.w3.org%2F2000%2Fsvg%27%20width%3D%27265%27%20height%3D%2769%27%20viewBox%3D%270%200%20265%2069%27%3E%3Crect%20width%3D%27265%27%20height%3D%27369%27%20fill-opacity%3D%220%22%2F%3E%3C%2Fsvg%3E\" data-srcset=\"https:\/\/fesete.pt\/qualidade-emprego-igualdade\/wp-content\/uploads\/2021\/01\/Fellesforbundet-200x52.jpg 200w, https:\/\/fesete.pt\/qualidade-emprego-igualdade\/wp-content\/uploads\/2021\/01\/Fellesforbundet.jpg 265w\" data-sizes=\"auto\" data-orig-sizes=\"(max-width: 640px) 100vw, 265px\" \/><\/span><\/div><\/div><span class=\"fusion-column-inner-bg hover-type-none\" style=\"overflow:hidden;border-radius:8px 8px 8px 8px;;\"><a href=\"https:\/\/www.fellesforbundet.no\/\"><span class=\"fusion-column-inner-bg-image\" style=\"background-position:left top;background-repeat:no-repeat;-webkit-background-size:cover;-moz-background-size:cover;-o-background-size:cover;background-size:cover;border-radius:8px 8px 8px 8px;\"><\/span><\/a><\/span><\/div><style type=\"text\/css\">.fusion-body .fusion-builder-column-9{width:100% !important;margin-top : 20px;margin-bottom : 20px;}.fusion-builder-column-9 > .fusion-column-wrapper {padding-top : 36px !important;padding-right : 40px !important;margin-right : 20px;padding-bottom : 0px !important;padding-left : 40px !important;margin-left : 20px;}.fusion-flex-container .fusion-row .fusion-builder-column-9 > .fusion-column-inner-bg { margin-right:20px;margin-left:20px; }@media only screen and (max-width:1200px) {.fusion-body .fusion-builder-column-9{width:100% !important;order : 0;}.fusion-builder-column-9 > .fusion-column-wrapper {margin-right : 10px;margin-left : 10px;}.fusion-flex-container .fusion-row .fusion-builder-column-9 > .fusion-column-inner-bg { margin-right:10px;margin-left:10px; }}@media only screen and (max-width:640px) {.fusion-body .fusion-builder-column-9{width:100% !important;order : 0;}.fusion-builder-column-9 > .fusion-column-wrapper {margin-right : 1.92%;margin-left : 1.92%;}.fusion-flex-container .fusion-row .fusion-builder-column-9 > .fusion-column-inner-bg { margin-right:1.92%;margin-left:1.92%; }}<\/style><div class=\"fusion-layout-column fusion_builder_column fusion-builder-column-10 fusion_builder_column_1_1 1_1 fusion-flex-column fusion-flex-align-self-stretch\"><div class=\"fusion-column-wrapper fusion-flex-justify-content-flex-start fusion-content-layout-column\" style=\"background-position:left top;background-repeat:no-repeat;-webkit-background-size:cover;-moz-background-size:cover;-o-background-size:cover;background-size:cover;padding: 0px 0px 0px 0px;\"><div class=\"fusion-text fusion-text-4\" style=\"transform:translate3d(0,0,0);\"><p><span style=\"font-weight: 400;\">A Fellesforbundet (Federa\u00e7\u00e3o Unida de Sindicatos) \u00e9 o maior sindicato do setor privado na Noruega, com 160.000 membros. Representamos trabalhadores na ind\u00fastria, constru\u00e7\u00e3o, hotelaria e restaura\u00e7\u00e3o, transportes, ind\u00fastria automobil\u00edstica e muitos outros setores.\u00a0<\/span><\/p>\n<p><span style=\"font-weight: 400;\">A n\u00edvel nacional, negociamos acordos coletivos nacionais com as nossas contrapartes nos diferentes setores. A n\u00edvel local os representantes dos trabalhadores em cada empresa representam os trabalhadores perante a direc\u00e7\u00e3o e tamb\u00e9m negoceiam acordos locais ao n\u00edvel dos sal\u00e1rios e condi\u00e7\u00f5es de trabalho. A Fellesforbundet \u00e9 membro da LO, a maior Confedera\u00e7\u00e3o Sindical da Noruega.<\/span><\/p>\n<p><span style=\"font-weight: 400;\">A Fellesforbundet foi fundada em 8 de maio de 1988 como uma fus\u00e3o entre os sindicatos dos metal\u00fargicos, da ind\u00fastria de papel, da silvicultura e da agricultura, da constru\u00e7\u00e3o civil e da ind\u00fastria de constru\u00e7\u00e3o. Mais tarde, o sindicato dos trabalhadores gr\u00e1ficos e os sindicatos dos trabalhadores da hotelaria e restaura\u00e7\u00e3o aderira e mais recentemente a federa\u00e7\u00e3o dos trabalhadores dos transportes.<\/span><\/p>\n<p><span style=\"font-weight: 400;\">A maior autoridade na Fellesforbundet \u00e9 o congresso, que acontece a cada quatro anos, o \u00faltimo em 2019.<\/span><\/p>\n<\/div><div class=\"fusion-social-links\" style=\"text-align:center\"><div class=\"fusion-social-networks boxed-icons\"><div class=\"fusion-social-networks-wrapper\"><a class=\"fusion-social-network-icon fusion-tooltip fusion-facebook fusion-icon-facebook\" style=\"color:#023a51;font-size:15px;width: calc(15px + (2 * (8px)) + 2px);background-color:rgba(21,209,108,0.23);border-color:rgba(21,209,108,0.23);border-radius:4px;\" data-placement=\"bottom\" data-title=\"Facebook\" data-toggle=\"tooltip\" title=\"Facebook\" aria-label=\"facebook\" target=\"_blank\" rel=\"noopener noreferrer\" href=\"https:\/\/www.facebook.com\/Fellesforbundet\"><\/a><a class=\"fusion-social-network-icon fusion-tooltip fusion-instagram fusion-icon-instagram\" style=\"color:#023a51;font-size:15px;width: calc(15px + (2 * (8px)) + 2px);background-color:rgba(21,209,108,0.23);border-color:rgba(21,209,108,0.23);border-radius:4px;\" data-placement=\"bottom\" data-title=\"Instagram\" data-toggle=\"tooltip\" title=\"Instagram\" aria-label=\"instagram\" target=\"_blank\" rel=\"noopener noreferrer\" href=\"https:\/\/www.instagram.com\/fellesforbundet\/\"><\/a><a class=\"fusion-social-network-icon fusion-tooltip fusion-linkedin fusion-icon-linkedin\" style=\"color:#023a51;font-size:15px;width: calc(15px + (2 * (8px)) + 2px);background-color:rgba(21,209,108,0.23);border-color:rgba(21,209,108,0.23);border-radius:4px;\" data-placement=\"bottom\" data-title=\"LinkedIn\" data-toggle=\"tooltip\" title=\"LinkedIn\" aria-label=\"linkedin\" target=\"_blank\" rel=\"noopener noreferrer\" href=\"https:\/\/www.linkedin.com\/company\/fellesforbundet\/\"><\/a><\/div><\/div><\/div><\/div><\/div><style type=\"text\/css\">.fusion-body .fusion-builder-column-10{width:100% !important;margin-top : 20px;margin-bottom : 20px;}.fusion-builder-column-10 > .fusion-column-wrapper {padding-top : 0px !important;padding-right : 0px !important;margin-right : 20px;padding-bottom : 0px !important;padding-left : 0px !important;margin-left : 20px;}@media only screen and (max-width:1200px) {.fusion-body .fusion-builder-column-10{width:100% !important;order : 0;}.fusion-builder-column-10 > .fusion-column-wrapper {margin-right : 10px;margin-left : 10px;}}@media only screen and (max-width:640px) {.fusion-body .fusion-builder-column-10{width:100% !important;order : 0;}.fusion-builder-column-10 > .fusion-column-wrapper {margin-right : 1.92%;margin-left : 1.92%;}}<\/style><div class=\"fusion-layout-column fusion_builder_column fusion-builder-column-11 fusion_builder_column_1_1 1_1 fusion-flex-column fusion-flex-align-self-stretch fusion-column-inner-bg-wrapper\"><div class=\"fusion-column-wrapper fusion-column-has-shadow fusion-flex-justify-content-flex-start fusion-content-layout-column\" style=\"border-width: 1px 1px 1px 1px;border-color:rgba(0,0,0,0.05);border-style:solid;border-radius:8px 8px 8px 8px;overflow:hidden;box-shadow:0px 2px 4px -1px rgba(0,0,0,0.05);;padding: 36px 40px 0px 40px;\"><style type=\"text\/css\">@media only screen and (max-width:1200px) {.fusion-title.fusion-title-6{margin-top:10px!important;margin-bottom:20px!important;}}@media only screen and (max-width:640px) {.fusion-title.fusion-title-6{margin-top:10px!important;margin-bottom:20px!important;}}<\/style><div class=\"fusion-title title fusion-title-6 fusion-sep-none fusion-title-text fusion-title-size-three\" style=\"font-size:24px;margin-top:10px;margin-bottom:20px;\"><h3 class=\"title-heading-left\" style=\"margin:0;font-size:1em;line-height:1.42em;\">Parceiro:<\/h3><\/div><div style=\"text-align:center;\"><span class=\" fusion-imageframe imageframe-none imageframe-5 hover-type-none\" style=\"border-radius:12px;width:100%;max-width:300px;\"><img decoding=\"async\" width=\"300\" height=\"89\" title=\"IndustriALL\" src=\"https:\/\/fesete.pt\/qualidade-emprego-igualdade\/wp-content\/uploads\/2021\/01\/IndustriALL.jpg\" data-orig-src=\"https:\/\/fesete.pt\/qualidade-emprego-igualdade\/wp-content\/uploads\/2021\/01\/IndustriALL-300x89.jpg\" class=\"lazyload img-responsive wp-image-2726\" srcset=\"data:image\/svg+xml,%3Csvg%20xmlns%3D%27http%3A%2F%2Fwww.w3.org%2F2000%2Fsvg%27%20width%3D%27342%27%20height%3D%27101%27%20viewBox%3D%270%200%20342%20101%27%3E%3Crect%20width%3D%27342%27%20height%3D%273101%27%20fill-opacity%3D%220%22%2F%3E%3C%2Fsvg%3E\" data-srcset=\"https:\/\/fesete.pt\/qualidade-emprego-igualdade\/wp-content\/uploads\/2021\/01\/IndustriALL-200x59.jpg 200w, https:\/\/fesete.pt\/qualidade-emprego-igualdade\/wp-content\/uploads\/2021\/01\/IndustriALL.jpg 342w\" data-sizes=\"auto\" data-orig-sizes=\"(max-width: 640px) 100vw, 300px\" \/><\/span><\/div><\/div><span class=\"fusion-column-inner-bg hover-type-none\" style=\"overflow:hidden;border-radius:8px 8px 8px 8px;;\"><a href=\"https:\/\/news.industriall-europe.eu\/\"><span class=\"fusion-column-inner-bg-image\" style=\"background-position:left top;background-repeat:no-repeat;-webkit-background-size:cover;-moz-background-size:cover;-o-background-size:cover;background-size:cover;border-radius:8px 8px 8px 8px;\"><\/span><\/a><\/span><\/div><style type=\"text\/css\">.fusion-body .fusion-builder-column-11{width:100% !important;margin-top : 20px;margin-bottom : 20px;}.fusion-builder-column-11 > .fusion-column-wrapper {padding-top : 36px !important;padding-right : 40px !important;margin-right : 20px;padding-bottom : 0px !important;padding-left : 40px !important;margin-left : 20px;}.fusion-flex-container .fusion-row .fusion-builder-column-11 > .fusion-column-inner-bg { margin-right:20px;margin-left:20px; }@media only screen and (max-width:1200px) {.fusion-body .fusion-builder-column-11{width:100% !important;order : 0;}.fusion-builder-column-11 > .fusion-column-wrapper {margin-right : 10px;margin-left : 10px;}.fusion-flex-container .fusion-row .fusion-builder-column-11 > .fusion-column-inner-bg { margin-right:10px;margin-left:10px; }}@media only screen and (max-width:640px) {.fusion-body .fusion-builder-column-11{width:100% !important;order : 0;}.fusion-builder-column-11 > .fusion-column-wrapper {margin-right : 1.92%;margin-left : 1.92%;}.fusion-flex-container .fusion-row .fusion-builder-column-11 > .fusion-column-inner-bg { margin-right:1.92%;margin-left:1.92%; }}<\/style><div class=\"fusion-layout-column fusion_builder_column fusion-builder-column-12 fusion_builder_column_1_1 1_1 fusion-flex-column fusion-flex-align-self-stretch\"><div class=\"fusion-column-wrapper fusion-flex-justify-content-flex-start fusion-content-layout-column\" style=\"background-position:left top;background-repeat:no-repeat;-webkit-background-size:cover;-moz-background-size:cover;-o-background-size:cover;background-size:cover;padding: 0px 0px 0px 0px;\"><div class=\"fusion-text fusion-text-5\" style=\"transform:translate3d(0,0,0);\"><p><span style=\"font-weight: 400;\">A IndustriAll &#8211;\u00a0 Federa\u00e7\u00e3o da Ind\u00fastria Europeia \u00e9 uma federa\u00e7\u00e3o de sindicatos independentes e democr\u00e1ticos que representam trabalhadores <\/span><span style=\"font-weight: 400;\">manuais e n\u00e3o manuais<\/span><span style=\"font-weight: 400;\"> dos setores, ind\u00fastria e actividades relacionadas da metalurgia, qu\u00edmicos, energia, minera\u00e7\u00e3o, t\u00eaxtil, vestu\u00e1rio e cal\u00e7ado. Falamos por 7 milh\u00f5es de homens e mulheres trabalhadores unidos em 180 sindicatos nacionais filiados em 38 pa\u00edses europeus.<\/span><\/p>\n<p><span style=\"font-weight: 400;\">Al\u00e9m disso, somos membros da Confedera\u00e7\u00e3o Sindical Europeia (CES) e parceiros da IndustriALL Global Union. Atuamos juntos, com o objetivo de combinar e otimizar for\u00e7as e complementaridades para melhor proteger e promover os direitos dos trabalhadores nas nossas ind\u00fastrias e setores.<\/span><\/p>\n<p><span style=\"font-weight: 400;\">A IndustriAll &#8211; Federa\u00e7\u00e3o da Ind\u00fastria Europeia tem como objetivo desenvolver uma vis\u00e3o e posi\u00e7\u00e3o comum com os seus afiliados, com o objectivo de construir estrat\u00e9gias eficazes de defesa dos interesses econ\u00f3micos, sociais e culturais dos trabalhadores destas ind\u00fastrias numa base de solidariedade, respeito m\u00fatuo e princ\u00edpios comuns. IndustriAll Federa\u00e7\u00e3o da Ind\u00fastria Europeia defende reformas sociais profundas, o refor\u00e7o da democracia e a promo\u00e7\u00e3o do progresso econ\u00f3mico e social na Europa. Apoia uma Europa integrada sem fronteiras, com padr\u00f5es sociais comuns, um elevado n\u00edvel de protec\u00e7\u00e3o social e a participa\u00e7\u00e3o dos trabalhadores e representantes sindicais.<\/span><\/p>\n<p><span style=\"font-weight: 400;\">A IndustriAll Federa\u00e7\u00e3o da Ind\u00fastria Europeia foi estabelecida para organizar e promover o poder coletivo dos trabalhadores na Europa, para defender os seus direitos e promover os seus objetivos comuns no que diz respeito \u00e0s empresas e aos Estados. Para tal, a IndustriAll Federa\u00e7\u00e3o Sindical Europeia trabalha no sentido de impulsionar a coordena\u00e7\u00e3o e o desenvolvimento da negocia\u00e7\u00e3o coletiva, das rela\u00e7\u00f5es laborais e das pol\u00edticas sociais. Pretendemos ser um actor-chave na arena pol\u00edtica europeia perante as empresas europeias, as ind\u00fastrias europeias, as associa\u00e7\u00f5es patronais e as institui\u00e7\u00f5es europeias.<\/span><\/p>\n<\/div><div class=\"fusion-social-links\" style=\"text-align:center\"><div class=\"fusion-social-networks boxed-icons\"><div class=\"fusion-social-networks-wrapper\"><a class=\"fusion-social-network-icon fusion-tooltip fusion-facebook fusion-icon-facebook\" style=\"color:#023a51;font-size:15px;width: calc(15px + (2 * (8px)) + 2px);background-color:rgba(21,209,108,0.23);border-color:rgba(21,209,108,0.23);border-radius:4px;\" data-placement=\"bottom\" data-title=\"Facebook\" data-toggle=\"tooltip\" title=\"Facebook\" aria-label=\"facebook\" target=\"_blank\" rel=\"noopener noreferrer\" href=\"https:\/\/www.facebook.com\/industriAllEU\"><\/a><\/div><\/div><\/div><\/div><\/div><style type=\"text\/css\">.fusion-body .fusion-builder-column-12{width:100% !important;margin-top : 20px;margin-bottom : 20px;}.fusion-builder-column-12 > .fusion-column-wrapper {padding-top : 0px !important;padding-right : 0px !important;margin-right : 20px;padding-bottom : 0px !important;padding-left : 0px !important;margin-left : 20px;}@media only screen and (max-width:1200px) {.fusion-body .fusion-builder-column-12{width:100% !important;order : 0;}.fusion-builder-column-12 > .fusion-column-wrapper {margin-right : 10px;margin-left : 10px;}}@media only screen and (max-width:640px) {.fusion-body .fusion-builder-column-12{width:100% !important;order : 0;}.fusion-builder-column-12 > .fusion-column-wrapper {margin-right : 1.92%;margin-left : 1.92%;}}<\/style><\/div><style type=\"text\/css\">.fusion-fullwidth.fusion-builder-row-1 a:not(.fusion-button):not(.fusion-builder-module-control):not(.fusion-social-network-icon):not(.fb-icon-element):not(.fusion-countdown-link):not(.fusion-rollover-link):not(.fusion-rollover-gallery):not(.fusion-button-bar):not(.add_to_cart_button):not(.show_details_button):not(.product_type_external):not(.fusion-view-cart):not(.fusion-quick-view):not(.fusion-rollover-title-link):not(.fusion-breadcrumb-link) , .fusion-fullwidth.fusion-builder-row-1 a:not(.fusion-button):not(.fusion-builder-module-control):not(.fusion-social-network-icon):not(.fb-icon-element):not(.fusion-countdown-link):not(.fusion-rollover-link):not(.fusion-rollover-gallery):not(.fusion-button-bar):not(.add_to_cart_button):not(.show_details_button):not(.product_type_external):not(.fusion-view-cart):not(.fusion-quick-view):not(.fusion-rollover-title-link):not(.fusion-breadcrumb-link):before, .fusion-fullwidth.fusion-builder-row-1 a:not(.fusion-button):not(.fusion-builder-module-control):not(.fusion-social-network-icon):not(.fb-icon-element):not(.fusion-countdown-link):not(.fusion-rollover-link):not(.fusion-rollover-gallery):not(.fusion-button-bar):not(.add_to_cart_button):not(.show_details_button):not(.product_type_external):not(.fusion-view-cart):not(.fusion-quick-view):not(.fusion-rollover-title-link):not(.fusion-breadcrumb-link):after {color: #2cbc63;}.fusion-fullwidth.fusion-builder-row-1 a:not(.fusion-button):not(.fusion-builder-module-control):not(.fusion-social-network-icon):not(.fb-icon-element):not(.fusion-countdown-link):not(.fusion-rollover-link):not(.fusion-rollover-gallery):not(.fusion-button-bar):not(.add_to_cart_button):not(.show_details_button):not(.product_type_external):not(.fusion-view-cart):not(.fusion-quick-view):not(.fusion-rollover-title-link):not(.fusion-breadcrumb-link):hover, .fusion-fullwidth.fusion-builder-row-1 a:not(.fusion-button):not(.fusion-builder-module-control):not(.fusion-social-network-icon):not(.fb-icon-element):not(.fusion-countdown-link):not(.fusion-rollover-link):not(.fusion-rollover-gallery):not(.fusion-button-bar):not(.add_to_cart_button):not(.show_details_button):not(.product_type_external):not(.fusion-view-cart):not(.fusion-quick-view):not(.fusion-rollover-title-link):not(.fusion-breadcrumb-link):hover:before, .fusion-fullwidth.fusion-builder-row-1 a:not(.fusion-button):not(.fusion-builder-module-control):not(.fusion-social-network-icon):not(.fb-icon-element):not(.fusion-countdown-link):not(.fusion-rollover-link):not(.fusion-rollover-gallery):not(.fusion-button-bar):not(.add_to_cart_button):not(.show_details_button):not(.product_type_external):not(.fusion-view-cart):not(.fusion-quick-view):not(.fusion-rollover-title-link):not(.fusion-breadcrumb-link):hover:after {color: #15d16c;}.fusion-fullwidth.fusion-builder-row-1 .pagination a.inactive:hover, .fusion-fullwidth.fusion-builder-row-1 .fusion-filters .fusion-filter.fusion-active a {border-color: #15d16c;}.fusion-fullwidth.fusion-builder-row-1 .pagination .current {border-color: #15d16c; background-color: #15d16c;}.fusion-fullwidth.fusion-builder-row-1 .fusion-filters .fusion-filter.fusion-active a, .fusion-fullwidth.fusion-builder-row-1 .fusion-date-and-formats .fusion-format-box, .fusion-fullwidth.fusion-builder-row-1 .fusion-popover, .fusion-fullwidth.fusion-builder-row-1 .tooltip-shortcode {color: #15d16c;}#wrapper .fusion-fullwidth.fusion-builder-row-1 .fusion-widget-area .fusion-vertical-menu-widget .menu li.current_page_ancestor > a, #wrapper .fusion-fullwidth.fusion-builder-row-1 .fusion-widget-area .fusion-vertical-menu-widget .menu li.current_page_ancestor > a:before, #wrapper .fusion-fullwidth.fusion-builder-row-1 .fusion-widget-area .fusion-vertical-menu-widget .current-menu-item > a, #wrapper .fusion-fullwidth.fusion-builder-row-1 .fusion-widget-area .fusion-vertical-menu-widget .current-menu-item > a:before, #wrapper .fusion-fullwidth.fusion-builder-row-1 .fusion-widget-area .fusion-vertical-menu-widget .current_page_item > a, #wrapper .fusion-fullwidth.fusion-builder-row-1 .fusion-widget-area .fusion-vertical-menu-widget .current_page_item > a:before {color: #15d16c;}#wrapper .fusion-fullwidth.fusion-builder-row-1 .fusion-widget-area .widget_nav_menu .menu li.current_page_ancestor > a, #wrapper .fusion-fullwidth.fusion-builder-row-1 .fusion-widget-area .widget_nav_menu .menu li.current_page_ancestor > a:before, #wrapper .fusion-fullwidth.fusion-builder-row-1 .fusion-widget-area .widget_nav_menu .current-menu-item > a, #wrapper .fusion-fullwidth.fusion-builder-row-1 .fusion-widget-area .widget_nav_menu .current-menu-item > a:before, #wrapper .fusion-fullwidth.fusion-builder-row-1 .fusion-widget-area .widget_nav_menu .current_page_item > a, #wrapper .fusion-fullwidth.fusion-builder-row-1 .fusion-widget-area .widget_nav_menu .current_page_item > a:before {color: #15d16c;}#wrapper .fusion-fullwidth.fusion-builder-row-1 .fusion-vertical-menu-widget .menu li.current_page_item > a { border-right-color:#15d16c;border-left-color:#15d16c;}#wrapper .fusion-fullwidth.fusion-builder-row-1 .fusion-widget-area .tagcloud a:hover { color: #fff; background-color: #15d16c;border-color: #15d16c;}#main .fusion-fullwidth.fusion-builder-row-1 .post .blog-shortcode-post-title a:hover {color: #15d16c;}.fusion-body .fusion-flex-container.fusion-builder-row-1{ padding-top : 0px;margin-top : 0px;padding-right : 0px;padding-bottom : 0px;margin-bottom : 0px;padding-left : 0px;}@media only screen and (max-width:1200px) {.fusion-body .fusion-flex-container.fusion-builder-row-1{ padding-top : 80px;}}<\/style><\/div>\n","protected":false},"excerpt":{"rendered":"","protected":false},"author":1,"featured_media":0,"parent":0,"menu_order":0,"comment_status":"closed","ping_status":"closed","template":"100-width.php","meta":[],"_links":{"self":[{"href":"https:\/\/fesete.pt\/qualidade-emprego-igualdade\/wp-json\/wp\/v2\/pages\/48"}],"collection":[{"href":"https:\/\/fesete.pt\/qualidade-emprego-igualdade\/wp-json\/wp\/v2\/pages"}],"about":[{"href":"https:\/\/fesete.pt\/qualidade-emprego-igualdade\/wp-json\/wp\/v2\/types\/page"}],"author":[{"embeddable":true,"href":"https:\/\/fesete.pt\/qualidade-emprego-igualdade\/wp-json\/wp\/v2\/users\/1"}],"replies":[{"embeddable":true,"href":"https:\/\/fesete.pt\/qualidade-emprego-igualdade\/wp-json\/wp\/v2\/comments?post=48"}],"version-history":[{"count":30,"href":"https:\/\/fesete.pt\/qualidade-emprego-igualdade\/wp-json\/wp\/v2\/pages\/48\/revisions"}],"predecessor-version":[{"id":3057,"href":"https:\/\/fesete.pt\/qualidade-emprego-igualdade\/wp-json\/wp\/v2\/pages\/48\/revisions\/3057"}],"wp:attachment":[{"href":"https:\/\/fesete.pt\/qualidade-emprego-igualdade\/wp-json\/wp\/v2\/media?parent=48"}],"curies":[{"name":"wp","href":"https:\/\/api.w.org\/{rel}","templated":true}]}}